{"version":"1.0","provider_name":"Av. Deniz Can K\u0131z\u0131l","provider_url":"https:\/\/denizcankizil.tr\/en","author_name":"admin","author_url":"https:\/\/denizcankizil.tr\/en\/author\/admin\/","title":"DEVLET, TER\u00d6R VE MASA","type":"rich","width":600,"height":338,"html":"<blockquote class=\"wp-embedded-content\" data-secret=\"rTYrpqr7ZJ\"><a href=\"https:\/\/denizcankizil.tr\/en\/haberler\/gundem\/devlet-teror-ve-masa\/\">DEVLET, TER\u00d6R VE MASA<\/a><\/blockquote><iframe sandbox=\"allow-scripts\" security=\"restricted\" src=\"https:\/\/denizcankizil.tr\/en\/haberler\/gundem\/devlet-teror-ve-masa\/embed\/#?secret=rTYrpqr7ZJ\" width=\"600\" height=\"338\" title=\"&#8220;DEVLET, TER\u00d6R VE MASA&#8221; &#8212; Av. Deniz Can K\u0131z\u0131l\" data-secret=\"rTYrpqr7ZJ\" frameborder=\"0\" marginwidth=\"0\" marginheight=\"0\" scrolling=\"no\" class=\"wp-embedded-content\"><\/iframe><script>\n\/*! This file is auto-generated *\/\n!function(d,l){\"use strict\";l.querySelector&&d.addEventListener&&\"undefined\"!=typeof URL&&(d.wp=d.wp||{},d.wp.receiveEmbedMessage||(d.wp.receiveEmbedMessage=function(e){var t=e.data;if((t||t.secret||t.message||t.value)&&!\/[^a-zA-Z0-9]\/.test(t.secret)){for(var s,r,n,a=l.querySelectorAll('iframe[data-secret=\"'+t.secret+'\"]'),o=l.querySelectorAll('blockquote[data-secret=\"'+t.secret+'\"]'),c=new RegExp(\"^https?:$\",\"i\"),i=0;i<o.length;i++)o[i].style.display=\"none\";for(i=0;i<a.length;i++)s=a[i],e.source===s.contentWindow&&(s.removeAttribute(\"style\"),\"height\"===t.message?(1e3<(r=parseInt(t.value,10))?r=1e3:~~r<200&&(r=200),s.height=r):\"link\"===t.message&&(r=new URL(s.getAttribute(\"src\")),n=new URL(t.value),c.test(n.protocol))&&n.host===r.host&&l.activeElement===s&&(d.top.location.href=t.value))}},d.addEventListener(\"message\",d.wp.receiveEmbedMessage,!1),l.addEventListener(\"DOMContentLoaded\",function(){for(var e,t,s=l.querySelectorAll(\"iframe.wp-embedded-content\"),r=0;r<s.length;r++)(t=(e=s[r]).getAttribute(\"data-secret\"))||(t=Math.random().toString(36).substring(2,12),e.src+=\"#?secret=\"+t,e.setAttribute(\"data-secret\",t)),e.contentWindow.postMessage({message:\"ready\",secret:t},\"*\")},!1)))}(window,document);\n\/\/# sourceURL=https:\/\/denizcankizil.tr\/wp-includes\/js\/wp-embed.min.js\n<\/script>","description":"\u00a0\u00a0\u00a0\u00a0\u00a0\u00a0 40 y\u0131l \u00f6nce ba\u015flad\u0131 her \u015fey. 15 A\u011fustos 1984 y\u0131l\u0131nda, Eruh ve \u015eemdinli\u2019de askerlere yap\u0131lan sald\u0131r\u0131larla PKK varl\u0131\u011f\u0131n\u0131 g\u00f6stermeye ba\u015flam\u0131\u015ft\u0131. \u00a0\u00a0\u00a0\u00a0\u00a0\u00a0\u00a0 Aradan yakla\u015f\u0131k 14.600 g\u00fcn ge\u00e7mi\u015f. Bu s\u00fcrede 15.000 den fazla g\u00fcvenlik g\u00f6revlisi ve sivil, PKK taraf\u0131ndan \u015fehit edilmi\u015f, binlerce insan\u0131n yaralanmas\u0131na, uzuvlar\u0131n\u0131 kaybetmesine, yerle\u015fim yerlerinin bo\u015falt\u0131lmas\u0131na, T\u00fcrkiye Cumhuriyeti\u2019nin ekonomik olarak korkun\u00e7 gerilemesine sebep olmu\u015f. \u00a0\u00a0\u00a0\u00a0\u00a0\u00a0 Peki, bu 40 y\u0131ll\u0131k s\u00fcre\u00e7te T.C. Ba\u015fbakanlar\u0131 en \u00e7ok hangi kelimeleri s\u00f6ylemi\u015f? S\u0131ras\u0131yla, Turgut \u00d6ZAL: Devlet ter\u00f6ristlerle masaya oturmaz! Y\u0131ld\u0131r\u0131m AKBULUT: Devlet ter\u00f6ristlerle masaya oturmaz! Mesut YILMAZ: Devlet ter\u00f6ristlerle masaya oturmaz! S\u00fcleyman DEM\u0130REL: Devlet ter\u00f6ristlerle masaya oturmaz! Tansu \u00c7\u0130LLER: Devlet ter\u00f6ristlerle masaya oturmaz! Necmettin ERBAKAN: Devlet ter\u00f6ristlerle masaya oturmaz! B\u00fclent ECEV\u0130T: Devlet ter\u00f6ristlerle masaya oturmaz! Abdullah G\u00dcL: Devlet ter\u00f6ristlerle masaya oturmaz! Recep Tayyip ERDO\u011eAN: Devlet ter\u00f6ristlerle masaya oturmaz! Ahmet DAVUTO\u011eLU: Devlet ter\u00f6ristlerle masaya oturmaz! Binali YILDIRIM: Devlet ter\u00f6ristlerle masaya oturmaz! \u00a0\u00a0\u00a0\u00a0\u00a0 Bir de bu d\u00f6nemin \u0130\u00e7i\u015fleri Bakanlar\u0131 var. Hele baz\u0131lar\u0131 tam bir \u015fahin. Yine s\u0131ras\u0131yla; Y\u0131ld\u0131r\u0131m AKBULUT: Devlet ter\u00f6ristlerle masaya oturmaz! Ahmet SEL\u00c7UK: Devlet ter\u00f6ristlerle masaya oturmaz! Mustafa KALEML\u0130: Devlet ter\u00f6ristlerle masaya oturmaz! Abd\u00fclkadir AKSU: Devlet ter\u00f6ristlerle masaya oturmaz! \u0130smet SEZG\u0130N: Devlet ter\u00f6ristlerle masaya oturmaz! Beytullah Mehmet GAZ\u0130O\u011eLU: Devlet ter\u00f6ristlerle masaya oturmaz! Nahit MENTE\u015eE: Devlet ter\u00f6ristlerle masaya oturmaz! \u00dclk\u00fc G\u00d6KALP G\u00dcNEY: Devlet ter\u00f6ristlerle &hellip;"}