{"version":"1.0","provider_name":"Av. Deniz Can K\u0131z\u0131l","provider_url":"https:\/\/denizcankizil.tr\/en","author_name":"admin","author_url":"https:\/\/denizcankizil.tr\/en\/author\/admin\/","title":"Demiryolunun yeni nesil ara\u00e7lar\u0131 hizmete haz\u0131r","type":"rich","width":600,"height":338,"html":"<blockquote class=\"wp-embedded-content\" data-secret=\"m0w96rhas9\"><a href=\"https:\/\/denizcankizil.tr\/en\/haberler\/gundem\/demiryolunun-yeni-nesil-araclari-hizmete-hazir\/\">Demiryolunun yeni nesil ara\u00e7lar\u0131 hizmete haz\u0131r<\/a><\/blockquote><iframe sandbox=\"allow-scripts\" security=\"restricted\" src=\"https:\/\/denizcankizil.tr\/en\/haberler\/gundem\/demiryolunun-yeni-nesil-araclari-hizmete-hazir\/embed\/#?secret=m0w96rhas9\" width=\"600\" height=\"338\" title=\"&#8220;Demiryolunun yeni nesil ara\u00e7lar\u0131 hizmete haz\u0131r&#8221; &#8212; Av. Deniz Can K\u0131z\u0131l\" data-secret=\"m0w96rhas9\" frameborder=\"0\" marginwidth=\"0\" marginheight=\"0\" scrolling=\"no\" class=\"wp-embedded-content\"><\/iframe><script>\n\/*! This file is auto-generated *\/\n!function(d,l){\"use strict\";l.querySelector&&d.addEventListener&&\"undefined\"!=typeof URL&&(d.wp=d.wp||{},d.wp.receiveEmbedMessage||(d.wp.receiveEmbedMessage=function(e){var t=e.data;if((t||t.secret||t.message||t.value)&&!\/[^a-zA-Z0-9]\/.test(t.secret)){for(var s,r,n,a=l.querySelectorAll('iframe[data-secret=\"'+t.secret+'\"]'),o=l.querySelectorAll('blockquote[data-secret=\"'+t.secret+'\"]'),c=new RegExp(\"^https?:$\",\"i\"),i=0;i<o.length;i++)o[i].style.display=\"none\";for(i=0;i<a.length;i++)s=a[i],e.source===s.contentWindow&&(s.removeAttribute(\"style\"),\"height\"===t.message?(1e3<(r=parseInt(t.value,10))?r=1e3:~~r<200&&(r=200),s.height=r):\"link\"===t.message&&(r=new URL(s.getAttribute(\"src\")),n=new URL(t.value),c.test(n.protocol))&&n.host===r.host&&l.activeElement===s&&(d.top.location.href=t.value))}},d.addEventListener(\"message\",d.wp.receiveEmbedMessage,!1),l.addEventListener(\"DOMContentLoaded\",function(){for(var e,t,s=l.querySelectorAll(\"iframe.wp-embedded-content\"),r=0;r<s.length;r++)(t=(e=s[r]).getAttribute(\"data-secret\"))||(t=Math.random().toString(36).substring(2,12),e.src+=\"#?secret=\"+t,e.setAttribute(\"data-secret\",t)),e.contentWindow.postMessage({message:\"ready\",secret:t},\"*\")},!1)))}(window,document);\n\/\/# sourceURL=https:\/\/denizcankizil.tr\/wp-includes\/js\/wp-embed.min.js\n<\/script>","description":"Ula\u015ft\u0131rma ve Altyap\u0131 Bakan\u0131 Abdulkadir Uralo\u011flu, T\u00dcRASA\u015e ve TCDD Ta\u015f\u0131mac\u0131l\u0131k\u2019\u0131n yerli \u00fcretim elektrikli lokomotif, tren setleri, y\u00fck ve yang\u0131n s\u00f6nd\u00fcrme vagonlar\u0131n\u0131n teslim t\u00f6reninde konu\u015ftu. \u201cYapamazs\u0131n\u0131z denilen ne varsa bir bir hayata ge\u00e7iriyoruz,\u201d diyen Bakan Uralo\u011flu, T\u00fcrkiye\u2019nin demiryolu sanayisinde k\u00fcresel bir g\u00fc\u00e7 haline geldi\u011fini vurgulad\u0131.ANKARA (\u0130GFA) &#8211; T\u00fcrkiye, Orta Koridor\u2019da stratejik bir demiryolu merkezi olma yolunda ilerliyor. Ula\u015ft\u0131rma ve Altyap\u0131 Bakan\u0131 Abdulkadir Uralo\u011flu, T\u00dcRASA\u015e\u2019\u0131n Eski\u015fehir, Sakarya ve Sivas tesislerinde \u00fcretilen yeni nesil demiryolu ara\u00e7lar\u0131n\u0131n teslim t\u00f6reninde yerli ve milli \u00fcretimin \u00f6nemine dikkat \u00e7ekti. T\u00f6rende, elektrikli lokomotifler, tren setleri, ak\u00fcl\u00fc manevra ara\u00e7lar\u0131 ve yang\u0131n s\u00f6nd\u00fcrme vagonlar\u0131 TCDD Ta\u015f\u0131mac\u0131l\u0131k\u2019a teslim edildi. Bakan Uralo\u011flu, \u201cT\u00fcrkiye Y\u00fczy\u0131l\u0131\u2019nda yerli ve milli \u00fcretimle \u00fclkemizi k\u00fcresel bir g\u00fc\u00e7 haline getiriyoruz. Ula\u015f\u0131m, savunma sanayi, otomotiv ve demiryollar\u0131nda \u2018yapamazs\u0131n\u0131z\u2019 denilen her \u015feyi hayata ge\u00e7iriyoruz,\u201d dedi. T\u00dcRKSAT 6A uydusunun y\u00f6r\u00fcngeye yerle\u015fmesi, TOGG, yerli sinyalizasyon sistemleri ve milli tren setleriyle T\u00fcrkiye\u2019nin k\u00fcresel bir ihracat \u00fclkesi oldu\u011funu belirtti. 2002\u2019de 11 bin kilometre olan demiryolu a\u011f\u0131n\u0131n, 2 bin 251 kilometresi Y\u00fcksek H\u0131zl\u0131 Tren (YHT) hatt\u0131 olmak \u00fczere 13.919 kilometreye ula\u015ft\u0131\u011f\u0131n\u0131 a\u00e7\u0131klayan Bakan Uralo\u011flu, T\u00fcrkiye\u2019nin Avrupa\u2019da 6., d\u00fcnyada 8. YHT i\u015fletmecisi oldu\u011funu s\u00f6yledi. 2028\u2019e kadar a\u011f\u0131n 17 bin 500 kilometreye \u00e7\u0131kar\u0131lmas\u0131n\u0131n hedeflendi\u011fini kaydeden Bakan Uralo\u011flu, Halkal\u0131-Kap\u0131kule, Ankara-\u0130zmir ve Mersin-Adana-Gaziantep gibi YHT projeleri devam etti\u011fini belirtti. &hellip;"}