{"version":"1.0","provider_name":"Av. Deniz Can K\u0131z\u0131l","provider_url":"https:\/\/denizcankizil.tr\/en","author_name":"admin","author_url":"https:\/\/denizcankizil.tr\/en\/author\/admin\/","title":"Cumhurba\u015fkan\u0131 Erdo\u011fan: Ate\u015f d\u00fc\u015fen g\u00fcnler geride kald\u0131!","type":"rich","width":600,"height":338,"html":"<blockquote class=\"wp-embedded-content\" data-secret=\"9MMN881KYc\"><a href=\"https:\/\/denizcankizil.tr\/en\/haberler\/gundem\/cumhurbaskani-erdogan-ates-dusen-gunler-geride-kaldi\/\">Cumhurba\u015fkan\u0131 Erdo\u011fan: Ate\u015f d\u00fc\u015fen g\u00fcnler geride kald\u0131!<\/a><\/blockquote><iframe sandbox=\"allow-scripts\" security=\"restricted\" src=\"https:\/\/denizcankizil.tr\/en\/haberler\/gundem\/cumhurbaskani-erdogan-ates-dusen-gunler-geride-kaldi\/embed\/#?secret=9MMN881KYc\" width=\"600\" height=\"338\" title=\"&#8220;Cumhurba\u015fkan\u0131 Erdo\u011fan: Ate\u015f d\u00fc\u015fen g\u00fcnler geride kald\u0131!&#8221; &#8212; Av. Deniz Can K\u0131z\u0131l\" data-secret=\"9MMN881KYc\" frameborder=\"0\" marginwidth=\"0\" marginheight=\"0\" scrolling=\"no\" class=\"wp-embedded-content\"><\/iframe><script>\n\/*! This file is auto-generated *\/\n!function(d,l){\"use strict\";l.querySelector&&d.addEventListener&&\"undefined\"!=typeof URL&&(d.wp=d.wp||{},d.wp.receiveEmbedMessage||(d.wp.receiveEmbedMessage=function(e){var t=e.data;if((t||t.secret||t.message||t.value)&&!\/[^a-zA-Z0-9]\/.test(t.secret)){for(var s,r,n,a=l.querySelectorAll('iframe[data-secret=\"'+t.secret+'\"]'),o=l.querySelectorAll('blockquote[data-secret=\"'+t.secret+'\"]'),c=new RegExp(\"^https?:$\",\"i\"),i=0;i<o.length;i++)o[i].style.display=\"none\";for(i=0;i<a.length;i++)s=a[i],e.source===s.contentWindow&&(s.removeAttribute(\"style\"),\"height\"===t.message?(1e3<(r=parseInt(t.value,10))?r=1e3:~~r<200&&(r=200),s.height=r):\"link\"===t.message&&(r=new URL(s.getAttribute(\"src\")),n=new URL(t.value),c.test(n.protocol))&&n.host===r.host&&l.activeElement===s&&(d.top.location.href=t.value))}},d.addEventListener(\"message\",d.wp.receiveEmbedMessage,!1),l.addEventListener(\"DOMContentLoaded\",function(){for(var e,t,s=l.querySelectorAll(\"iframe.wp-embedded-content\"),r=0;r<s.length;r++)(t=(e=s[r]).getAttribute(\"data-secret\"))||(t=Math.random().toString(36).substring(2,12),e.src+=\"#?secret=\"+t,e.setAttribute(\"data-secret\",t)),e.contentWindow.postMessage({message:\"ready\",secret:t},\"*\")},!1)))}(window,document);\n\/\/# sourceURL=https:\/\/denizcankizil.tr\/wp-includes\/js\/wp-embed.min.js\n<\/script>","description":"Cumhurba\u015fkan\u0131 Erdo\u011fan, ter\u00f6r \u00f6rg\u00fct\u00fcn\u00fcn silah b\u0131rakma ve fesih karar\u0131n\u0131 de\u011ferlendirerek, \u201cOcaklara ate\u015f d\u00fc\u015ft\u00fc\u011f\u00fc g\u00fcnler geride kald\u0131\u201d dedi.ANKARA (\u0130GFA) &#8211; Cumhurba\u015fkan\u0131 Recep Tayyip Erdo\u011fan, ter\u00f6r \u00f6rg\u00fct\u00fcn\u00fcn kendini feshetmesi ve silah b\u0131rakmas\u0131 karar\u0131n\u0131, Ter\u00f6rs\u00fcz T\u00fcrkiye s\u00fcrecinin \u00f6nemli bir kazan\u0131m\u0131 olarak nitelendirdi. Cumhurba\u015fkanl\u0131\u011f\u0131 Kabinesi sonras\u0131nda Millete Sesleni\u015f konu\u015fmas\u0131 yapan Cumhurba\u015fkan\u0131 Erdo\u011fan, \u201cArt\u0131k ocaklara ate\u015f d\u00fc\u015ft\u00fc\u011f\u00fc g\u00fcnler geride kalm\u0131\u015ft\u0131r. Ter\u00f6r y\u00fcz\u00fcnden y\u00fcreklerin yand\u0131\u011f\u0131 haberlerle bir daha kar\u015f\u0131la\u015fmayaca\u011f\u0131z\u201d dedi. S\u00fcrecin dikkat, \u00f6zen ve sorumlulukla y\u00fcr\u00fct\u00fclece\u011fini vurgulayan Erdo\u011fan, ilgili kurumlar\u0131n \u00e7al\u0131\u015fmalar\u0131, siyasetin katk\u0131s\u0131 ve milletin deste\u011fiyle bu meselenin tamamen geride kalaca\u011f\u0131n\u0131 \u00fcmit etti\u011fini belirtti. Cumhurba\u015fkan\u0131 Erdo\u011fan, vatan\u0131n bekas\u0131 i\u00e7in can veren \u015fehitleri rahmetle anarak, gazilere \u015f\u00fckranlar\u0131n\u0131 sundu ve g\u00fcvenlik kuvvetlerine ba\u015far\u0131 diledi. S\u00fcrecin en b\u00fcy\u00fck kazananlar\u0131n\u0131n \u015fehit yak\u0131nlar\u0131, gaziler, g\u00fcvenlik g\u00fc\u00e7leri, Diyarbak\u0131r anneleri ve K\u00fcrt vatanda\u015flar oldu\u011funu ifade etti: \u201cTer\u00f6r\u00fcn g\u00f6lgesi kalkt\u0131. 86 milyon olarak ortak hayallerle gelece\u011fe y\u00fcr\u00fcyece\u011fiz.\u201d BAH\u00c7EL\u0130\u2019DEN KAB\u0130NE\u2019YE 102 G\u00dcL MHP Genel Ba\u015fkan\u0131 Devlet Bah\u00e7eli, Kabine Toplant\u0131s\u0131\u2019na Cumhuriyet\u2019in 102\u2019nci y\u0131l\u0131na atfen ay-y\u0131ld\u0131z motifli 102 k\u0131rm\u0131z\u0131 ve beyaz g\u00fcl g\u00f6nderdi. G\u00fcllerle birlikte, \u201cDemokrasinin g\u00fc\u00e7lenmesi ve Ter\u00f6rs\u00fcz T\u00fcrkiye\u2019nin in\u015fas\u0131 yolunda g\u00f6sterdi\u011finiz mill\u00ee iradeye te\u015fekk\u00fcr eder, ba\u015far\u0131lar dilerim\u201d notu iletildi. \u00c7i\u00e7ek, Cumhurba\u015fkan\u0131 Erdo\u011fan\u2019\u0131n yan\u0131nda yer ald\u0131. \u200bCumhurba\u015fkan\u0131 Erdo\u011fan, ter\u00f6r \u00f6rg\u00fct\u00fcn\u00fcn silah b\u0131rakma ve fesih karar\u0131n\u0131 de\u011ferlendirerek, \u201cOcaklara ate\u015f d\u00fc\u015ft\u00fc\u011f\u00fc g\u00fcnler geride kald\u0131\u201d dedi.ANKARA (\u0130GFA) &#8211; Cumhurba\u015fkan\u0131 &hellip;"}