{"version":"1.0","provider_name":"Av. Deniz Can K\u0131z\u0131l","provider_url":"https:\/\/denizcankizil.tr\/en","author_name":"admin","author_url":"https:\/\/denizcankizil.tr\/en\/author\/admin\/","title":"Cumhurba\u015fkan\u0131 Erdo\u011fan, 3 May\u0131s'ta KKTC yolcusu","type":"rich","width":600,"height":338,"html":"<blockquote class=\"wp-embedded-content\" data-secret=\"9qdgVyR55Q\"><a href=\"https:\/\/denizcankizil.tr\/en\/haberler\/gundem\/cumhurbaskani-erdogan-3-mayista-kktc-yolcusu\/\">Cumhurba\u015fkan\u0131 Erdo\u011fan, 3 May\u0131s&#8217;ta KKTC yolcusu<\/a><\/blockquote><iframe sandbox=\"allow-scripts\" security=\"restricted\" src=\"https:\/\/denizcankizil.tr\/en\/haberler\/gundem\/cumhurbaskani-erdogan-3-mayista-kktc-yolcusu\/embed\/#?secret=9qdgVyR55Q\" width=\"600\" height=\"338\" title=\"&#8220;Cumhurba\u015fkan\u0131 Erdo\u011fan, 3 May\u0131s&#8217;ta KKTC yolcusu&#8221; &#8212; Av. Deniz Can K\u0131z\u0131l\" data-secret=\"9qdgVyR55Q\" frameborder=\"0\" marginwidth=\"0\" marginheight=\"0\" scrolling=\"no\" class=\"wp-embedded-content\"><\/iframe><script>\n\/*! This file is auto-generated *\/\n!function(d,l){\"use strict\";l.querySelector&&d.addEventListener&&\"undefined\"!=typeof URL&&(d.wp=d.wp||{},d.wp.receiveEmbedMessage||(d.wp.receiveEmbedMessage=function(e){var t=e.data;if((t||t.secret||t.message||t.value)&&!\/[^a-zA-Z0-9]\/.test(t.secret)){for(var s,r,n,a=l.querySelectorAll('iframe[data-secret=\"'+t.secret+'\"]'),o=l.querySelectorAll('blockquote[data-secret=\"'+t.secret+'\"]'),c=new RegExp(\"^https?:$\",\"i\"),i=0;i<o.length;i++)o[i].style.display=\"none\";for(i=0;i<a.length;i++)s=a[i],e.source===s.contentWindow&&(s.removeAttribute(\"style\"),\"height\"===t.message?(1e3<(r=parseInt(t.value,10))?r=1e3:~~r<200&&(r=200),s.height=r):\"link\"===t.message&&(r=new URL(s.getAttribute(\"src\")),n=new URL(t.value),c.test(n.protocol))&&n.host===r.host&&l.activeElement===s&&(d.top.location.href=t.value))}},d.addEventListener(\"message\",d.wp.receiveEmbedMessage,!1),l.addEventListener(\"DOMContentLoaded\",function(){for(var e,t,s=l.querySelectorAll(\"iframe.wp-embedded-content\"),r=0;r<s.length;r++)(t=(e=s[r]).getAttribute(\"data-secret\"))||(t=Math.random().toString(36).substring(2,12),e.src+=\"#?secret=\"+t,e.setAttribute(\"data-secret\",t)),e.contentWindow.postMessage({message:\"ready\",secret:t},\"*\")},!1)))}(window,document);\n\/\/# sourceURL=https:\/\/denizcankizil.tr\/wp-includes\/js\/wp-embed.min.js\n<\/script>","description":"Cumhurba\u015fkan\u0131 Recep Tayyip Erdo\u011fan, 3 May\u0131s Cumartesi g\u00fcn\u00fc g\u00fcn\u00fcbirlik Kuzey K\u0131br\u0131s T\u00fcrk Cumhuriyeti&#8217;ne resmi ziyaret yapacak.ANKARA (\u0130GFA) &#8211; \u0130leti\u015fim Ba\u015fkanl\u0131\u011f\u0131, Cumhurba\u015fkan\u0131 Erdo\u011fan&#8217;\u0131n 3 May\u0131s Cumartesi g\u00fcn\u00fc KKTC&#8217;ye yapaca\u011f\u0131 ziyaretle ilgili payla\u015f\u0131mda bulundu.\u00a0 Cumhurba\u015fkan\u0131 Erdo\u011fan&#8217;\u0131n KKTC ziyareti kapsam\u0131nda, yap\u0131m\u0131 tamamlanan KKTC Cumhurba\u015fkanl\u0131\u011f\u0131, Cumhuriyet Meclisi, Ba\u015fbakanl\u0131k ve Millet Bah\u00e7esinin bulundu\u011fu yerle\u015fkenin a\u00e7\u0131l\u0131\u015f\u0131n\u0131 yapacak ve TEKNOFEST KKTC \u00f6d\u00fcl t\u00f6renine kat\u0131laca\u011f\u0131 bildirildi. Ziyaret dolay\u0131s\u0131yla KKTC Cumhurba\u015fkan\u0131 Ersin Tatar ile de g\u00f6r\u00fc\u015fme ger\u00e7ekle\u015ftirecek Cumhurba\u015fkan\u0131 Erdo\u011fan&#8217;\u0131n, g\u00f6r\u00fc\u015fmelerde K\u0131br\u0131s davas\u0131 ba\u015fta olmak \u00fczere, ikili ili\u015fkiler ve uluslararas\u0131 geli\u015fmeler ele al\u0131naca\u011f\u0131 kaydedildi. \u200bCumhurba\u015fkan\u0131 Recep Tayyip Erdo\u011fan, 3 May\u0131s Cumartesi g\u00fcn\u00fc g\u00fcn\u00fcbirlik Kuzey K\u0131br\u0131s T\u00fcrk Cumhuriyeti&#8217;ne resmi ziyaret yapacak.ANKARA (\u0130GFA) &#8211; \u0130leti\u015fim Ba\u015fkanl\u0131\u011f\u0131, Cumhurba\u015fkan\u0131 Erdo\u011fan&#8217;\u0131n 3 May\u0131s Cumartesi g\u00fcn\u00fc KKTC&#8217;ye yapaca\u011f\u0131 ziyaretle ilgili payla\u015f\u0131mda bulundu.\u00a0 Cumhurba\u015fkan\u0131 Erdo\u011fan&#8217;\u0131n KKTC ziyareti kapsam\u0131nda, yap\u0131m\u0131 tamamlanan KKTC Cumhurba\u015fkanl\u0131\u011f\u0131, Cumhuriyet Meclisi, Ba\u015fbakanl\u0131k ve Millet Bah\u00e7esinin bulundu\u011fu yerle\u015fkenin a\u00e7\u0131l\u0131\u015f\u0131n\u0131 yapacak ve TEKNOFEST KKTC \u00f6d\u00fcl t\u00f6renine kat\u0131laca\u011f\u0131 bildirildi. Ziyaret dolay\u0131s\u0131yla KKTC Cumhurba\u015fkan\u0131 Ersin Tatar ile de g\u00f6r\u00fc\u015fme ger\u00e7ekle\u015ftirecek Cumhurba\u015fkan\u0131 Erdo\u011fan&#8217;\u0131n, g\u00f6r\u00fc\u015fmelerde K\u0131br\u0131s davas\u0131 ba\u015fta olmak \u00fczere, ikili ili\u015fkiler ve uluslararas\u0131 geli\u015fmeler ele al\u0131naca\u011f\u0131 kaydedildi.\u00a0 \u200bHaberin Al\u0131nt\u0131land\u0131\u011f\u0131 Kaynak: www.iskenderun.org"}