{"version":"1.0","provider_name":"Av. Deniz Can K\u0131z\u0131l","provider_url":"https:\/\/denizcankizil.tr\/en","author_name":"Antalya K\u00f6rfez","author_url":"https:\/\/denizcankizil.tr\/en\/author\/www-antalyakorfez-com\/","title":"\u00c7ocuk i\u015f\u00e7ilik yayg\u0131nla\u015f\u0131yor! Okul yerine i\u015fe gidiyorlar","type":"rich","width":600,"height":338,"html":"<blockquote class=\"wp-embedded-content\" data-secret=\"44SrX73Kqg\"><a href=\"https:\/\/denizcankizil.tr\/en\/haberler\/gundem\/cocuk-iscilik-yayginlasiyor-okul-yerine-ise-gidiyorlar\/\">\u00c7ocuk i\u015f\u00e7ilik yayg\u0131nla\u015f\u0131yor! Okul yerine i\u015fe gidiyorlar<\/a><\/blockquote><iframe sandbox=\"allow-scripts\" security=\"restricted\" src=\"https:\/\/denizcankizil.tr\/en\/haberler\/gundem\/cocuk-iscilik-yayginlasiyor-okul-yerine-ise-gidiyorlar\/embed\/#?secret=44SrX73Kqg\" width=\"600\" height=\"338\" title=\"&#8220;\u00c7ocuk i\u015f\u00e7ilik yayg\u0131nla\u015f\u0131yor! Okul yerine i\u015fe gidiyorlar&#8221; &#8212; Av. Deniz Can K\u0131z\u0131l\" data-secret=\"44SrX73Kqg\" frameborder=\"0\" marginwidth=\"0\" marginheight=\"0\" scrolling=\"no\" class=\"wp-embedded-content\"><\/iframe><script>\n\/*! This file is auto-generated *\/\n!function(d,l){\"use strict\";l.querySelector&&d.addEventListener&&\"undefined\"!=typeof URL&&(d.wp=d.wp||{},d.wp.receiveEmbedMessage||(d.wp.receiveEmbedMessage=function(e){var t=e.data;if((t||t.secret||t.message||t.value)&&!\/[^a-zA-Z0-9]\/.test(t.secret)){for(var s,r,n,a=l.querySelectorAll('iframe[data-secret=\"'+t.secret+'\"]'),o=l.querySelectorAll('blockquote[data-secret=\"'+t.secret+'\"]'),c=new RegExp(\"^https?:$\",\"i\"),i=0;i<o.length;i++)o[i].style.display=\"none\";for(i=0;i<a.length;i++)s=a[i],e.source===s.contentWindow&&(s.removeAttribute(\"style\"),\"height\"===t.message?(1e3<(r=parseInt(t.value,10))?r=1e3:~~r<200&&(r=200),s.height=r):\"link\"===t.message&&(r=new URL(s.getAttribute(\"src\")),n=new URL(t.value),c.test(n.protocol))&&n.host===r.host&&l.activeElement===s&&(d.top.location.href=t.value))}},d.addEventListener(\"message\",d.wp.receiveEmbedMessage,!1),l.addEventListener(\"DOMContentLoaded\",function(){for(var e,t,s=l.querySelectorAll(\"iframe.wp-embedded-content\"),r=0;r<s.length;r++)(t=(e=s[r]).getAttribute(\"data-secret\"))||(t=Math.random().toString(36).substring(2,12),e.src+=\"#?secret=\"+t,e.setAttribute(\"data-secret\",t)),e.contentWindow.postMessage({message:\"ready\",secret:t},\"*\")},!1)))}(window,document);\n\/\/# sourceURL=https:\/\/denizcankizil.tr\/wp-includes\/js\/wp-embed.min.js\n<\/script>","description":"\u0130\u015f\u00e7i Sa\u011fl\u0131\u011f\u0131 ve \u0130\u015f G\u00fcvenli\u011fi Meclisi (\u0130S\u0130G) ve \u0130stanbul Tabip Odas\u0131 (\u0130TO), Kad\u0131k\u00f6y\u2019de S\u00fcreyya Operas\u0131 \u00f6n\u00fcnde bas\u0131n a\u00e7\u0131klamas\u0131 ger\u00e7ekle\u015ftirdi. Eyleme 2022 y\u0131l\u0131 itibariyle Mesleki E\u011fitim Merkezi (MESEM) ad\u0131n\u0131 alan meslek lisesi \u00f6\u011frencileri ile deste\u011fe gelen \u00fcniversite \u00f6\u011frencileri de kat\u0131ld\u0131. \u201c\u00c7ocuk \u0130\u015f\u00e7ili\u011fi \u0130le M\u00fccadeleye\u201d yaz\u0131l\u0131 pankart\u0131n a\u00e7\u0131ld\u0131\u011f\u0131 eylemde, \u201c\u00c7ocuklar \u00f6l\u00fcyor, sermaye b\u00fcy\u00fcyor\u201d, \u201c\u00c7al\u0131\u015f\u0131rken \u00f6lmek istemiyoruz\u201d sloganlar\u0131 at\u0131ld\u0131. &#8220;16 YA\u015eINDA TUTSAK OLAN MASEM&#8217;L\u0130 ASLAN&#8217;IN SES\u0130 OLACA\u011eIZ&#8221; Opera \u00f6n\u00fcnde toplanan kalabal\u0131k, 28 Nisan \u0130\u015f Cinayetlerinde Hayat\u0131n\u0131 Kaybedenleri Anma ve Yas G\u00fcn\u00fc dolay\u0131s\u0131yla 1 dakikal\u0131k sayg\u0131 duru\u015funda bulundu. Sayg\u0131 duru\u015funun ard\u0131ndan \u00fcniversite ve lise \u00f6\u011frencileri ve \u0130stanbul Tabip Odas\u0131 (\u0130TO) Y\u00f6netim Kurulu Ba\u015fkan\u0131 Osman K\u00fc\u00e7\u00fckosmano\u011flu konu\u015fmalar ger\u00e7ekle\u015ftirdi. Galatasaray \u00dcniversitesi\u2019nden bir \u00f6\u011frenci konu\u015fmas\u0131nda i\u015f\u00e7i cinayetlerinde katledilen \u00e7ocuklar\u0131n hikayesini okurken, MESEM\u2019li \u00f6\u011frenciler ad\u0131na konu\u015fan bir MESEM \u00f6\u011frencisi ise \u201c16 ya\u015f\u0131nda tutsak olan MESEM\u2019li Yusuf Boran Aslan\u2019\u0131n sesi olaca\u011f\u0131z\u201d dedi. Konu\u015fmalar\u0131n ard\u0131ndan \u0130S\u0130G ve \u0130TO\u2019nun ortak bas\u0131n a\u00e7\u0131klamas\u0131 okundu. \u0130S\u0130G Meclisi\u2019nden Bal\u0131m Deniz taraf\u0131ndan okunan a\u00e7\u0131klama \u015fu \u015fekilde: &#8220;\u00c7OCUK \u0130\u015e\u00c7\u0130 GER\u00c7E\u011e\u0130N\u0130 \u00d6RTEMEZS\u0130N\u0130Z&#8221; &#8220;AKP\u2019nin h\u00fck\u00fcmet olup ilerleyen y\u0131llarda h\u0131zla devletin merkezinde yer al\u0131\u015f\u0131n\u0131n 23. y\u0131l\u0131nday\u0131z. Bu d\u00f6nemde hayata ge\u00e7irilen tar\u0131m, sanayi, e\u011fitim ve sosyal politikalar her ge\u00e7en g\u00fcn daha fazla \u00e7ocu\u011fun i\u015f\u00e7ile\u015fmesini beraberinde getirdi. Di\u011fer yandan ise sanki \u201c\u00e7ocuk i\u015f\u00e7ilik\u201d yokmu\u015f gibi bir hava verilerek bu sorun g\u00f6r\u00fcnmez &hellip;"}