{"version":"1.0","provider_name":"Av. Deniz Can K\u0131z\u0131l","provider_url":"https:\/\/denizcankizil.tr\/en","author_name":"Av. Deniz Can K\u0131z\u0131l","author_url":"https:\/\/denizcankizil.tr\/en","title":"Cilveg\u00f6z\u00fc\u2019nden \u00dclkelerine D\u00f6n\u00fc\u015f s\u00fcr\u00fcyor...","type":"rich","width":600,"height":338,"html":"<blockquote class=\"wp-embedded-content\" data-secret=\"AXzp8IgGpE\"><a href=\"https:\/\/denizcankizil.tr\/en\/haberler\/gundem\/cilvegozunden-ulkelerine-donus-suruyor\/\">Cilveg\u00f6z\u00fc\u2019nden \u00dclkelerine D\u00f6n\u00fc\u015f s\u00fcr\u00fcyor&#8230;<\/a><\/blockquote><iframe sandbox=\"allow-scripts\" security=\"restricted\" src=\"https:\/\/denizcankizil.tr\/en\/haberler\/gundem\/cilvegozunden-ulkelerine-donus-suruyor\/embed\/#?secret=AXzp8IgGpE\" width=\"600\" height=\"338\" title=\"&#8220;Cilveg\u00f6z\u00fc\u2019nden \u00dclkelerine D\u00f6n\u00fc\u015f s\u00fcr\u00fcyor&#8230;&#8221; &#8212; Av. Deniz Can K\u0131z\u0131l\" data-secret=\"AXzp8IgGpE\" frameborder=\"0\" marginwidth=\"0\" marginheight=\"0\" scrolling=\"no\" class=\"wp-embedded-content\"><\/iframe><script>\n\/*! This file is auto-generated *\/\n!function(d,l){\"use strict\";l.querySelector&&d.addEventListener&&\"undefined\"!=typeof URL&&(d.wp=d.wp||{},d.wp.receiveEmbedMessage||(d.wp.receiveEmbedMessage=function(e){var t=e.data;if((t||t.secret||t.message||t.value)&&!\/[^a-zA-Z0-9]\/.test(t.secret)){for(var s,r,n,a=l.querySelectorAll('iframe[data-secret=\"'+t.secret+'\"]'),o=l.querySelectorAll('blockquote[data-secret=\"'+t.secret+'\"]'),c=new RegExp(\"^https?:$\",\"i\"),i=0;i<o.length;i++)o[i].style.display=\"none\";for(i=0;i<a.length;i++)s=a[i],e.source===s.contentWindow&&(s.removeAttribute(\"style\"),\"height\"===t.message?(1e3<(r=parseInt(t.value,10))?r=1e3:~~r<200&&(r=200),s.height=r):\"link\"===t.message&&(r=new URL(s.getAttribute(\"src\")),n=new URL(t.value),c.test(n.protocol))&&n.host===r.host&&l.activeElement===s&&(d.top.location.href=t.value))}},d.addEventListener(\"message\",d.wp.receiveEmbedMessage,!1),l.addEventListener(\"DOMContentLoaded\",function(){for(var e,t,s=l.querySelectorAll(\"iframe.wp-embedded-content\"),r=0;r<s.length;r++)(t=(e=s[r]).getAttribute(\"data-secret\"))||(t=Math.random().toString(36).substring(2,12),e.src+=\"#?secret=\"+t,e.setAttribute(\"data-secret\",t)),e.contentWindow.postMessage({message:\"ready\",secret:t},\"*\")},!1)))}(window,document);\n\/\/# sourceURL=https:\/\/denizcankizil.tr\/wp-includes\/js\/wp-embed.min.js\n<\/script>","description":"\u201cT\u00fcrkler Bize Karde\u015f Gibi Bakt\u0131\u201d Ailesiyle birlikte 10 y\u0131l \u00f6nce Ayd\u0131n\u2019\u0131n Didim il\u00e7esine yerle\u015fen Muhammed \u015eebek, burada hal\u0131 ve oto y\u0131kama i\u015fi yaparak hayat\u0131n\u0131 s\u00fcrd\u00fcrd\u00fc. Suriye\u2019deki muhaliflerin kontrol\u00fc ele ge\u00e7irmesi ve Esed rejiminin \u00fclkeyi terk etmesi \u00fczerine vatan\u0131na d\u00f6nme karar\u0131 alan \u015eebek, T\u00fcrkiye\u2019deki halk\u0131n sevgisi ve deste\u011fi i\u00e7in minnettar oldu\u011funu dile getirdi. \u201cT\u00fcrkler bize karde\u015f gibi bakt\u0131. Kal\u0131n dediler, bizden ayr\u0131lmak istemediler. \u00c7ocuklar\u0131m da \u00e7ok a\u011flad\u0131 ama art\u0131k vatan\u0131m\u0131za d\u00f6nme zaman\u0131 geldi. T\u00fcrkiye d\u0131\u015f\u0131nda kimse bize kap\u0131 a\u00e7mad\u0131, yard\u0131m etmedi. B\u00fct\u00fcn Arap \u00fclkeleri bizi m\u00fclteci olarak bile kabul etmedi. T\u00fcrk Devleti her konuda bize yard\u0131mc\u0131 oldu. Allah raz\u0131 olsun,\u201d dedi. \u201cT\u00fcrkiye Olmasayd\u0131 \u0130\u015fimiz Ya\u015ft\u0131\u201d Konu\u015furken g\u00f6zya\u015flar\u0131n\u0131 tutamayan \u015eebek, \u201cT\u00fcrkiye olmasayd\u0131 bizim i\u015fimiz \u00e7ok zordu. T\u00fcrkiye bize maddi ve manevi her konuda yard\u0131m etti. \u00c7ocuklar\u0131m\u0131z\u0131n e\u011fitimini sa\u011flad\u0131. Biz bu bayra\u011f\u0131n alt\u0131nda ya\u015fad\u0131k ve bu bayra\u011f\u0131 asla unutmayaca\u011f\u0131z. Allah T\u00fcrk milletinden raz\u0131 olsun,\u201d ifadelerini kulland\u0131. \u015eebek\u2019in 13 ya\u015f\u0131ndaki k\u0131z\u0131 Rita\u015f \u015eebek ise okulundan ve arkada\u015flar\u0131ndan ayr\u0131ld\u0131\u011f\u0131 i\u00e7in \u00fczg\u00fcn oldu\u011funu belirterek, \u201cBabaannem ve akrabalar\u0131m\u0131z\u0131n yan\u0131na gidiyoruz. Hem \u00fcz\u00fcld\u00fcm hem heyecanl\u0131y\u0131m,\u201d dedi. Cilveg\u00f6z\u00fc\u2019nde \u015eefkat ve Yard\u0131m Eli Suriyelilerin Cilveg\u00f6z\u00fc G\u00fcmr\u00fck Kap\u0131s\u0131\u2019ndan \u00e7\u0131k\u0131\u015flar\u0131 devam ederken, T\u00fcrk Jandarmas\u0131 ve di\u011fer yetkililer yard\u0131m ve destek sa\u011flamay\u0131 s\u00fcrd\u00fcr\u00fcyor. G\u00fcmr\u00fck i\u015flemleri s\u0131ras\u0131nda \u00fc\u015f\u00fcyen bir \u00e7ocu\u011fun atk\u0131s\u0131n\u0131 saran bir jandarma &hellip;"}