{"version":"1.0","provider_name":"Av. Deniz Can K\u0131z\u0131l","provider_url":"https:\/\/denizcankizil.tr\/en","author_name":"admin","author_url":"https:\/\/denizcankizil.tr\/en\/author\/admin\/","title":"\u201c\u00c7am A\u011fa\u00e7lar\u0131\u201d Ele\u015ftirilerine Yan\u0131t\u2026","type":"rich","width":600,"height":338,"html":"<blockquote class=\"wp-embedded-content\" data-secret=\"W1vlCESVyW\"><a href=\"https:\/\/denizcankizil.tr\/en\/haberler\/gundem\/cam-agaclari-elestirilerine-yanit\/\">\u201c\u00c7am A\u011fa\u00e7lar\u0131\u201d Ele\u015ftirilerine Yan\u0131t\u2026<\/a><\/blockquote><iframe sandbox=\"allow-scripts\" security=\"restricted\" src=\"https:\/\/denizcankizil.tr\/en\/haberler\/gundem\/cam-agaclari-elestirilerine-yanit\/embed\/#?secret=W1vlCESVyW\" width=\"600\" height=\"338\" title=\"&#8220;\u201c\u00c7am A\u011fa\u00e7lar\u0131\u201d Ele\u015ftirilerine Yan\u0131t\u2026&#8221; &#8212; Av. Deniz Can K\u0131z\u0131l\" data-secret=\"W1vlCESVyW\" frameborder=\"0\" marginwidth=\"0\" marginheight=\"0\" scrolling=\"no\" class=\"wp-embedded-content\"><\/iframe><script>\n\/*! This file is auto-generated *\/\n!function(d,l){\"use strict\";l.querySelector&&d.addEventListener&&\"undefined\"!=typeof URL&&(d.wp=d.wp||{},d.wp.receiveEmbedMessage||(d.wp.receiveEmbedMessage=function(e){var t=e.data;if((t||t.secret||t.message||t.value)&&!\/[^a-zA-Z0-9]\/.test(t.secret)){for(var s,r,n,a=l.querySelectorAll('iframe[data-secret=\"'+t.secret+'\"]'),o=l.querySelectorAll('blockquote[data-secret=\"'+t.secret+'\"]'),c=new RegExp(\"^https?:$\",\"i\"),i=0;i<o.length;i++)o[i].style.display=\"none\";for(i=0;i<a.length;i++)s=a[i],e.source===s.contentWindow&&(s.removeAttribute(\"style\"),\"height\"===t.message?(1e3<(r=parseInt(t.value,10))?r=1e3:~~r<200&&(r=200),s.height=r):\"link\"===t.message&&(r=new URL(s.getAttribute(\"src\")),n=new URL(t.value),c.test(n.protocol))&&n.host===r.host&&l.activeElement===s&&(d.top.location.href=t.value))}},d.addEventListener(\"message\",d.wp.receiveEmbedMessage,!1),l.addEventListener(\"DOMContentLoaded\",function(){for(var e,t,s=l.querySelectorAll(\"iframe.wp-embedded-content\"),r=0;r<s.length;r++)(t=(e=s[r]).getAttribute(\"data-secret\"))||(t=Math.random().toString(36).substring(2,12),e.src+=\"#?secret=\"+t,e.setAttribute(\"data-secret\",t)),e.contentWindow.postMessage({message:\"ready\",secret:t},\"*\")},!1)))}(window,document);\n\/\/# sourceURL=https:\/\/denizcankizil.tr\/wp-includes\/js\/wp-embed.min.js\n<\/script>","description":"Orman Genel M\u00fcd\u00fcrl\u00fc\u011f\u00fc&#8217;n\u00fcn yapt\u0131\u011f\u0131 a\u00e7\u0131klamay\u0131 Hatay Orman B\u00f6lge M\u00fcd\u00fcrl\u00fc\u011f\u00fc de Sosyal Medya hesab\u0131 \u00fczerinden payla\u015farak T\u00fcrkiye ormanlar\u0131nda me\u015fe, sedir, ladin, kestane, k\u0131z\u0131la\u011fa\u00e7 ve g\u00fcrgen gibi onlarca farkl\u0131 t\u00fcr\u00fcn zaten do\u011fal olarak bulundu\u011funa i\u015faret edildi. DO\u011eAL YAYILIM G\u00d6Z ARDI ED\u0130LM\u0130YOR Yeni ormanla\u015ft\u0131rma s\u00fcre\u00e7lerinin bilimsel ve ekolojik esaslara g\u00f6re y\u00fcr\u00fct\u00fcld\u00fc\u011f\u00fcn\u00fcn vurguland\u0131\u011f\u0131 payla\u015f\u0131mda, ormanlar\u0131n t\u00fcr da\u011f\u0131l\u0131m\u0131na da dikkat \u00e7ekilerek \u201cT\u00fcrkiye\u2019deki ormanlar\u0131n yakla\u015f\u0131k: %30\u2019unun me\u015fe, %23\u2019\u00fcn\u00fcn k\u0131z\u0131l\u00e7am, %17\u2019sinin kara\u00e7am, %7\u2019sinin sar\u0131\u00e7am, %23\u2019\u00fcn\u00fcn ise di\u011fer farkl\u0131 t\u00fcrlerden olu\u015ftu\u011fu kaydedildi. YANGINA D\u0130REN\u00c7L\u0130 ORMANLAR KURULUYOR Tar\u0131m ve Orman Bakanl\u0131\u011f\u0131 taraf\u0131ndan y\u00fcr\u00fct\u00fclen YARDOP (Yang\u0131na Diren\u00e7li Ormanlar Projesi) hakk\u0131nda da bilgi verilen a\u00e7\u0131klamada, her b\u00f6lgenin iklimi, toprak yap\u0131s\u0131, rak\u0131m\u0131, g\u00fcne\u015f alma s\u00fcresi ve bitki biyolojisi dikkate al\u0131narak orman olu\u015fturuldu\u011fu ifade edildi. \u201cHer yerde her a\u011fa\u00e7 yeti\u015fir\u201d gibi genellemelerin do\u011fru olmad\u0131\u011f\u0131 vurguland\u0131. \u201cNEDEN \u00c7AM A\u011eA\u00c7LARI DAHA FAZLA?\u201d SORUSUNA YANIT\u2026 Kamuoyunda s\u0131k\u00e7a dile getirilen \u201cNeden hep \u00e7am dikiliyor?\u201d ele\u015ftirilerine de a\u00e7\u0131kl\u0131k getirildi. A\u00e7\u0131klamada \u00e7amlar\u0131n: Do\u011fal olarak en yayg\u0131n t\u00fcrler aras\u0131nda yer ald\u0131\u011f\u0131, Az suyla ya\u015fam\u0131n\u0131 s\u00fcrd\u00fcrebildi\u011fi, Yang\u0131n sonras\u0131 kendini yenileyebildi\u011fi, \u00d6zellikle k\u0131z\u0131l\u00e7am\u0131n (Pinus Brutia) Akdeniz iklimine do\u011fal olarak adapte oldu\u011fu, belirtilerek, k\u0131z\u0131l\u00e7am\u0131n yang\u0131na kar\u015f\u0131 diren\u00e7li ve ekolojik olarak avantajl\u0131 bir t\u00fcr oldu\u011funa vurgu yap\u0131ld\u0131. Ayr\u0131ca \u201c\u00c7amlar Marshall yard\u0131m\u0131yla geldi\u201d iddias\u0131n\u0131n da ger\u00e7ek d\u0131\u015f\u0131 oldu\u011fu belirtilerek, Anadolu\u2019da 20 milyon y\u0131ll\u0131k \u00e7am fosillerinin &hellip;","thumbnail_url":"https:\/\/iskenderunorg.teimg.com\/iskenderun-org\/uploads\/2025\/07\/2025\/07\/520710099-1066034112369120-4260581373987042145-n.jpg"}