{"version":"1.0","provider_name":"Av. Deniz Can K\u0131z\u0131l","provider_url":"https:\/\/denizcankizil.tr\/en","author_name":"admin","author_url":"https:\/\/denizcankizil.tr\/en\/author\/admin\/","title":"B\u00fcy\u00fck\u015fehir\u2019den i\u015fitme engellilere \u00f6zel film g\u00f6sterimi","type":"rich","width":600,"height":338,"html":"<blockquote class=\"wp-embedded-content\" data-secret=\"I61SGIOIT3\"><a href=\"https:\/\/denizcankizil.tr\/en\/haberler\/gundem\/buyuksehirden-isitme-engellilere-ozel-film-gosterimi\/\">B\u00fcy\u00fck\u015fehir\u2019den i\u015fitme engellilere \u00f6zel film g\u00f6sterimi<\/a><\/blockquote><iframe sandbox=\"allow-scripts\" security=\"restricted\" src=\"https:\/\/denizcankizil.tr\/en\/haberler\/gundem\/buyuksehirden-isitme-engellilere-ozel-film-gosterimi\/embed\/#?secret=I61SGIOIT3\" width=\"600\" height=\"338\" title=\"&#8220;B\u00fcy\u00fck\u015fehir\u2019den i\u015fitme engellilere \u00f6zel film g\u00f6sterimi&#8221; &#8212; Av. Deniz Can K\u0131z\u0131l\" data-secret=\"I61SGIOIT3\" frameborder=\"0\" marginwidth=\"0\" marginheight=\"0\" scrolling=\"no\" class=\"wp-embedded-content\"><\/iframe><script>\n\/*! This file is auto-generated *\/\n!function(d,l){\"use strict\";l.querySelector&&d.addEventListener&&\"undefined\"!=typeof URL&&(d.wp=d.wp||{},d.wp.receiveEmbedMessage||(d.wp.receiveEmbedMessage=function(e){var t=e.data;if((t||t.secret||t.message||t.value)&&!\/[^a-zA-Z0-9]\/.test(t.secret)){for(var s,r,n,a=l.querySelectorAll('iframe[data-secret=\"'+t.secret+'\"]'),o=l.querySelectorAll('blockquote[data-secret=\"'+t.secret+'\"]'),c=new RegExp(\"^https?:$\",\"i\"),i=0;i<o.length;i++)o[i].style.display=\"none\";for(i=0;i<a.length;i++)s=a[i],e.source===s.contentWindow&&(s.removeAttribute(\"style\"),\"height\"===t.message?(1e3<(r=parseInt(t.value,10))?r=1e3:~~r<200&&(r=200),s.height=r):\"link\"===t.message&&(r=new URL(s.getAttribute(\"src\")),n=new URL(t.value),c.test(n.protocol))&&n.host===r.host&&l.activeElement===s&&(d.top.location.href=t.value))}},d.addEventListener(\"message\",d.wp.receiveEmbedMessage,!1),l.addEventListener(\"DOMContentLoaded\",function(){for(var e,t,s=l.querySelectorAll(\"iframe.wp-embedded-content\"),r=0;r<s.length;r++)(t=(e=s[r]).getAttribute(\"data-secret\"))||(t=Math.random().toString(36).substring(2,12),e.src+=\"#?secret=\"+t,e.setAttribute(\"data-secret\",t)),e.contentWindow.postMessage({message:\"ready\",secret:t},\"*\")},!1)))}(window,document);\n\/\/# sourceURL=https:\/\/denizcankizil.tr\/wp-includes\/js\/wp-embed.min.js\n<\/script>","description":"Manisa B\u00fcy\u00fck\u015fehir Belediyesi, Engelliler Haftas\u0131 kapsam\u0131nda fark\u0131ndal\u0131k yaratmak amac\u0131yla i\u015fitme engelli bireylerin yer ald\u0131\u011f\u0131 \u201c\u0130\u015fte Babam\u201d filminin g\u00f6sterimini d\u00fczenledi. Ger\u00e7ek bir hayat hikayesinden uyarlanan film, i\u015fitme engelli vatanda\u015flardan b\u00fcy\u00fck ilgi g\u00f6rd\u00fc. \u200bManisa B\u00fcy\u00fck\u015fehir Belediyesi, Engelliler Haftas\u0131 kapsam\u0131nda fark\u0131ndal\u0131k yaratmak amac\u0131yla i\u015fitme engelli bireylerin yer ald\u0131\u011f\u0131 \u201c\u0130\u015fte Babam\u201d filminin g\u00f6sterimini d\u00fczenledi. Ger\u00e7ek bir hayat hikayesinden uyarlanan film, i\u015fitme engelli vatanda\u015flardan b\u00fcy\u00fck ilgi g\u00f6rd\u00fc.\u00a0 \u200bHaberin Al\u0131nt\u0131land\u0131\u011f\u0131 Kaynak: www.iskenderun.org"}