{"version":"1.0","provider_name":"Av. Deniz Can K\u0131z\u0131l","provider_url":"https:\/\/denizcankizil.tr\/en","author_name":"Av. Deniz Can K\u0131z\u0131l","author_url":"https:\/\/denizcankizil.tr\/en","title":"Bursa\u2019n\u0131n deprem risk azaltma plan\u0131 masaya yat\u0131r\u0131ld\u0131","type":"rich","width":600,"height":338,"html":"<blockquote class=\"wp-embedded-content\" data-secret=\"B7VguCEKcJ\"><a href=\"https:\/\/denizcankizil.tr\/en\/haberler\/gundem\/bursanin-deprem-risk-azaltma-plani-masaya-yatirildi\/\">Bursa\u2019n\u0131n deprem risk azaltma plan\u0131 masaya yat\u0131r\u0131ld\u0131<\/a><\/blockquote><iframe sandbox=\"allow-scripts\" security=\"restricted\" src=\"https:\/\/denizcankizil.tr\/en\/haberler\/gundem\/bursanin-deprem-risk-azaltma-plani-masaya-yatirildi\/embed\/#?secret=B7VguCEKcJ\" width=\"600\" height=\"338\" title=\"&#8220;Bursa\u2019n\u0131n deprem risk azaltma plan\u0131 masaya yat\u0131r\u0131ld\u0131&#8221; &#8212; Av. Deniz Can K\u0131z\u0131l\" data-secret=\"B7VguCEKcJ\" frameborder=\"0\" marginwidth=\"0\" marginheight=\"0\" scrolling=\"no\" class=\"wp-embedded-content\"><\/iframe><script>\n\/*! This file is auto-generated *\/\n!function(d,l){\"use strict\";l.querySelector&&d.addEventListener&&\"undefined\"!=typeof URL&&(d.wp=d.wp||{},d.wp.receiveEmbedMessage||(d.wp.receiveEmbedMessage=function(e){var t=e.data;if((t||t.secret||t.message||t.value)&&!\/[^a-zA-Z0-9]\/.test(t.secret)){for(var s,r,n,a=l.querySelectorAll('iframe[data-secret=\"'+t.secret+'\"]'),o=l.querySelectorAll('blockquote[data-secret=\"'+t.secret+'\"]'),c=new RegExp(\"^https?:$\",\"i\"),i=0;i<o.length;i++)o[i].style.display=\"none\";for(i=0;i<a.length;i++)s=a[i],e.source===s.contentWindow&&(s.removeAttribute(\"style\"),\"height\"===t.message?(1e3<(r=parseInt(t.value,10))?r=1e3:~~r<200&&(r=200),s.height=r):\"link\"===t.message&&(r=new URL(s.getAttribute(\"src\")),n=new URL(t.value),c.test(n.protocol))&&n.host===r.host&&l.activeElement===s&&(d.top.location.href=t.value))}},d.addEventListener(\"message\",d.wp.receiveEmbedMessage,!1),l.addEventListener(\"DOMContentLoaded\",function(){for(var e,t,s=l.querySelectorAll(\"iframe.wp-embedded-content\"),r=0;r<s.length;r++)(t=(e=s[r]).getAttribute(\"data-secret\"))||(t=Math.random().toString(36).substring(2,12),e.src+=\"#?secret=\"+t,e.setAttribute(\"data-secret\",t)),e.contentWindow.postMessage({message:\"ready\",secret:t},\"*\")},!1)))}(window,document);\n\/\/# sourceURL=https:\/\/denizcankizil.tr\/wp-includes\/js\/wp-embed.min.js\n<\/script>","description":"Bursa \u0130l Afet Risk Azaltma Plan\u0131 kapsam\u0131nda Deprem Masas\u0131nda yer alan eylemlerin de\u011ferlendirildi\u011fi toplant\u0131, Bursa B\u00fcy\u00fck\u015fehir Belediyesi\u2019nin ev sahipli\u011finde yap\u0131ld\u0131.BURSA (\u0130GFA) &#8211; B\u00fcy\u00fck\u015fehir Belediyesi\u2019nin ev sahipli\u011finde, Bursa\u2019da afet an\u0131 ve sonras\u0131nda olu\u015fabilecek risklerin do\u011furaca\u011f\u0131 sonu\u00e7lar\u0131n en aza indirilmesi amac\u0131yla Deprem Masas\u0131\u2019nda yer alan eylemlerin de\u011ferlendirme toplant\u0131s\u0131 ger\u00e7ekle\u015ftirildi. Bursa \u0130l Afet Risk Azaltma Plan\u0131 (\u0130RAP) kapsam\u0131ndaki toplant\u0131ya, Vali Yard\u0131mc\u0131s\u0131 Salih Altun, Bursa B\u00fcy\u00fck\u015fehir Belediyesi Genel Sekreteri Do\u00e7. Dr. Erg\u00fcl Halis\u00e7elik, Gemlik Belediye Ba\u015fkan\u0131 \u015e\u00fckr\u00fc Deviren, AFAD \u0130l M\u00fcd\u00fcr Mehmet Buldan, ilgili kamu kurum ve kurulu\u015flar\u0131n temsilcileri kat\u0131ld\u0131. Bursa\u2019n\u0131n depremselli\u011fi ve \u0130RAP b\u00fcnyesinde yap\u0131lm\u0131\u015f haz\u0131rl\u0131k \u00e7al\u0131\u015fmalar\u0131n\u0131n aktar\u0131ld\u0131\u011f\u0131 toplant\u0131da, kentin sosyo-demografik ve ekonomik yap\u0131s\u0131, ula\u015f\u0131m ve altyap\u0131 durumu, yerle\u015fim yap\u0131s\u0131 ve afetsellik konular\u0131na de\u011finildi. Bursa\u2019n\u0131n mevcut depremsellik durumunun analiz sonu\u00e7lar\u0131n\u0131n da payla\u015f\u0131ld\u0131\u011f\u0131 toplant\u0131da, \u0130RAP b\u00fcnyesinde bulunan deprem eylemleri ile ilgili bug\u00fcne kadar yap\u0131lan \u00e7al\u0131\u015fmalar aktar\u0131larak plan s\u00fcreci de\u011ferlendirildi. \u200bBursa \u0130l Afet Risk Azaltma Plan\u0131 kapsam\u0131nda Deprem Masas\u0131nda yer alan eylemlerin de\u011ferlendirildi\u011fi toplant\u0131, Bursa B\u00fcy\u00fck\u015fehir Belediyesi\u2019nin ev sahipli\u011finde yap\u0131ld\u0131\u00a0 \u200bHaberin Al\u0131nt\u0131land\u0131\u011f\u0131 Kaynak: www.iskenderun.org"}