{"version":"1.0","provider_name":"Av. Deniz Can K\u0131z\u0131l","provider_url":"https:\/\/denizcankizil.tr\/en","author_name":"admin","author_url":"https:\/\/denizcankizil.tr\/en\/author\/admin\/","title":"Bursa\u2019da 'Marmara Denizi' zirvesi","type":"rich","width":600,"height":338,"html":"<blockquote class=\"wp-embedded-content\" data-secret=\"nBztug05nC\"><a href=\"https:\/\/denizcankizil.tr\/en\/haberler\/gundem\/bursada-marmara-denizi-zirvesi\/\">Bursa\u2019da &#8216;Marmara Denizi&#8217; zirvesi<\/a><\/blockquote><iframe sandbox=\"allow-scripts\" security=\"restricted\" src=\"https:\/\/denizcankizil.tr\/en\/haberler\/gundem\/bursada-marmara-denizi-zirvesi\/embed\/#?secret=nBztug05nC\" width=\"600\" height=\"338\" title=\"&#8220;Bursa\u2019da &#8216;Marmara Denizi&#8217; zirvesi&#8221; &#8212; Av. Deniz Can K\u0131z\u0131l\" data-secret=\"nBztug05nC\" frameborder=\"0\" marginwidth=\"0\" marginheight=\"0\" scrolling=\"no\" class=\"wp-embedded-content\"><\/iframe><script>\n\/*! This file is auto-generated *\/\n!function(d,l){\"use strict\";l.querySelector&&d.addEventListener&&\"undefined\"!=typeof URL&&(d.wp=d.wp||{},d.wp.receiveEmbedMessage||(d.wp.receiveEmbedMessage=function(e){var t=e.data;if((t||t.secret||t.message||t.value)&&!\/[^a-zA-Z0-9]\/.test(t.secret)){for(var s,r,n,a=l.querySelectorAll('iframe[data-secret=\"'+t.secret+'\"]'),o=l.querySelectorAll('blockquote[data-secret=\"'+t.secret+'\"]'),c=new RegExp(\"^https?:$\",\"i\"),i=0;i<o.length;i++)o[i].style.display=\"none\";for(i=0;i<a.length;i++)s=a[i],e.source===s.contentWindow&&(s.removeAttribute(\"style\"),\"height\"===t.message?(1e3<(r=parseInt(t.value,10))?r=1e3:~~r<200&&(r=200),s.height=r):\"link\"===t.message&&(r=new URL(s.getAttribute(\"src\")),n=new URL(t.value),c.test(n.protocol))&&n.host===r.host&&l.activeElement===s&&(d.top.location.href=t.value))}},d.addEventListener(\"message\",d.wp.receiveEmbedMessage,!1),l.addEventListener(\"DOMContentLoaded\",function(){for(var e,t,s=l.querySelectorAll(\"iframe.wp-embedded-content\"),r=0;r<s.length;r++)(t=(e=s[r]).getAttribute(\"data-secret\"))||(t=Math.random().toString(36).substring(2,12),e.src+=\"#?secret=\"+t,e.setAttribute(\"data-secret\",t)),e.contentWindow.postMessage({message:\"ready\",secret:t},\"*\")},!1)))}(window,document);\n\/\/# sourceURL=https:\/\/denizcankizil.tr\/wp-includes\/js\/wp-embed.min.js\n<\/script>","description":"Marmara Belediyeler Birli\u011fi (MBB) Ba\u015fkan\u0131 ve Bursa B\u00fcy\u00fck\u015fehir Belediye Ba\u015fkan\u0131 Mustafa Bozbey, T\u00fcrkiye\u2019nin kalbi konumunda olan Marmara Denizi\u2019nin binlerce canl\u0131ya hayat verdi\u011fini belirterek, \u00fclkenin her insan\u0131 i\u00e7in ihtiya\u00e7 olan ve \u00f6zen g\u00f6sterilmesi gereken bir alan oldu\u011funu s\u00f6yledi.BURSA (\u0130GFA) &#8211; Bursa B\u00fcy\u00fck\u015fehir Belediyesi taraf\u0131ndan Marmara Denizi\u2019nin kar\u015f\u0131 kar\u015f\u0131ya kald\u0131\u011f\u0131 \u00e7evresel tehditlere dikkat \u00e7ekmek ve m\u00fcsilaj sorununa y\u00f6nelik \u00e7\u00f6z\u00fcm yollar\u0131n\u0131 de\u011ferlendirmek amac\u0131yla \u2018Marmara Denizi\u2019nde M\u00fcsilaj \u0130le M\u00fccadele\u2019 toplant\u0131s\u0131 d\u00fczenlendi. Atat\u00fcrk K\u00fclt\u00fcr Merkezi Merinos Yerle\u015fkesi\u2019ndeki programa, MBB ve B\u00fcy\u00fck\u015fehir Belediye Ba\u015fkan\u0131 Mustafa Bozbey\u2019in yan\u0131 s\u0131ra CHP Genel Ba\u015fkan Yard\u0131mc\u0131s\u0131 G\u00f6kan Zeybek&#8217;in de haz\u0131r bulundu\u011fu toplant\u0131da \u0130stanbul, Bal\u0131kesir, Tekirda\u011f, \u00c7anakkale ve Yalova\u2019dan gelen belediye y\u00f6neticileri, il\u00e7e belediye ba\u015fkanlar\u0131, meclis \u00fcyeleri, genel sekreter yard\u0131mc\u0131lar\u0131, B\u00fcy\u00fck\u015fehir Belediyesi b\u00fcrokratlar\u0131 da kat\u0131ld\u0131. Marmara Denizi\u2019ndeki m\u00fcsilaj sorununu ele al\u0131rken, asl\u0131nda milyonlarca insan\u0131n ya\u015fam hakk\u0131n\u0131 ve sa\u011fl\u0131\u011f\u0131n\u0131 da konu\u015fmak i\u00e7in bir araya geldiklerini s\u00f6yleyen Ba\u015fkan Mustafa Bozbey, Marmara\u2019n\u0131n yakla\u015f\u0131k 30 milyon n\u00fcfusa sahip oldu\u011funu, T\u00fcrkiye\u2019nin sanayi potansiyelinin de y\u00fczde 70\u2019ini bar\u0131nd\u0131rd\u0131\u011f\u0131n\u0131 hat\u0131rlatt\u0131. Marmara\u2019n\u0131n T\u00fcrkiye\u2019nin kalbi olan bir b\u00f6lge oldu\u011funu belirten Ba\u015fkan Mustafa Bozbey, Marmara Denizi\u2019nin ise \u00f6nemli ticaret yollar\u0131n\u0131n ge\u00e7ti\u011fi ve binlerce canl\u0131n\u0131n ya\u015fad\u0131\u011f\u0131 alan oldu\u011funu ifade ederek, \u00f6zellikle 1970\u2019li y\u0131llardan itibaren sanayideki yo\u011funla\u015fma ve n\u00fcfusun artmas\u0131 sebebiyle Marmara Denizi\u2019nin de kirlenmeye ba\u015flad\u0131\u011f\u0131n\u0131 s\u00f6yledi. 2021 y\u0131l\u0131nda ortaya \u00e7\u0131kan m\u00fcsilaj sorunu &hellip;"}