{"version":"1.0","provider_name":"Av. Deniz Can K\u0131z\u0131l","provider_url":"https:\/\/denizcankizil.tr\/en","author_name":"Av. Deniz Can K\u0131z\u0131l","author_url":"https:\/\/denizcankizil.tr\/en","title":"Bursa \u0130neg\u00f6l'de yeni meydanda ilk t\u00f6ren yap\u0131ld\u0131","type":"rich","width":600,"height":338,"html":"<blockquote class=\"wp-embedded-content\" data-secret=\"TAokja6VTU\"><a href=\"https:\/\/denizcankizil.tr\/en\/haberler\/gundem\/bursa-inegolde-yeni-meydanda-ilk-toren-yapildi\/\">Bursa \u0130neg\u00f6l&#8217;de yeni meydanda ilk t\u00f6ren yap\u0131ld\u0131<\/a><\/blockquote><iframe sandbox=\"allow-scripts\" security=\"restricted\" src=\"https:\/\/denizcankizil.tr\/en\/haberler\/gundem\/bursa-inegolde-yeni-meydanda-ilk-toren-yapildi\/embed\/#?secret=TAokja6VTU\" width=\"600\" height=\"338\" title=\"&#8220;Bursa \u0130neg\u00f6l&#8217;de yeni meydanda ilk t\u00f6ren yap\u0131ld\u0131&#8221; &#8212; Av. Deniz Can K\u0131z\u0131l\" data-secret=\"TAokja6VTU\" frameborder=\"0\" marginwidth=\"0\" marginheight=\"0\" scrolling=\"no\" class=\"wp-embedded-content\"><\/iframe><script>\n\/*! This file is auto-generated *\/\n!function(d,l){\"use strict\";l.querySelector&&d.addEventListener&&\"undefined\"!=typeof URL&&(d.wp=d.wp||{},d.wp.receiveEmbedMessage||(d.wp.receiveEmbedMessage=function(e){var t=e.data;if((t||t.secret||t.message||t.value)&&!\/[^a-zA-Z0-9]\/.test(t.secret)){for(var s,r,n,a=l.querySelectorAll('iframe[data-secret=\"'+t.secret+'\"]'),o=l.querySelectorAll('blockquote[data-secret=\"'+t.secret+'\"]'),c=new RegExp(\"^https?:$\",\"i\"),i=0;i<o.length;i++)o[i].style.display=\"none\";for(i=0;i<a.length;i++)s=a[i],e.source===s.contentWindow&&(s.removeAttribute(\"style\"),\"height\"===t.message?(1e3<(r=parseInt(t.value,10))?r=1e3:~~r<200&&(r=200),s.height=r):\"link\"===t.message&&(r=new URL(s.getAttribute(\"src\")),n=new URL(t.value),c.test(n.protocol))&&n.host===r.host&&l.activeElement===s&&(d.top.location.href=t.value))}},d.addEventListener(\"message\",d.wp.receiveEmbedMessage,!1),l.addEventListener(\"DOMContentLoaded\",function(){for(var e,t,s=l.querySelectorAll(\"iframe.wp-embedded-content\"),r=0;r<s.length;r++)(t=(e=s[r]).getAttribute(\"data-secret\"))||(t=Math.random().toString(36).substring(2,12),e.src+=\"#?secret=\"+t,e.setAttribute(\"data-secret\",t)),e.contentWindow.postMessage({message:\"ready\",secret:t},\"*\")},!1)))}(window,document);\n\/\/# sourceURL=https:\/\/denizcankizil.tr\/wp-includes\/js\/wp-embed.min.js\n<\/script>","description":"Bursa&#8217;n\u0131n \u0130neg\u00f6l il\u00e7esinde 29 Ekim Cumhuriyet Bayram\u0131\u2019n\u0131n 101. y\u0131ld\u00f6n\u00fcm\u00fc kutlamalar\u0131 Atat\u00fcrk An\u0131t\u0131 \u00f6n\u00fcnde d\u00fczenlenen \u00e7elenk sunma t\u00f6reniyle ba\u015flad\u0131.BURSA (\u0130GFA) &#8211; T\u00fcm yurtta oldu\u011fu gibi \u0130neg\u00f6l\u2019de de 29 Ekim Cumhuriyet Bayram\u0131 kutlamalar\u0131 co\u015fkulu \u015fekilde start ald\u0131. Cumhuriyet Bayram\u0131n\u0131n 101. Y\u0131ld\u00f6n\u00fcm\u00fc kutlamalar\u0131, kapsam\u0131nda Atat\u00fcrk An\u0131t\u0131nda d\u00fczenlenen \u00e7elenk sunuldu. \u0130neg\u00f6l Belediyesi taraf\u0131ndan yenilenen y\u00fcz\u00fcyle hafta sonu hizmete a\u00e7\u0131lan heykel b\u00f6lgesinde 29 Ekim Cumhuriyet Bayram\u0131yla birlikte ilk t\u00f6ren yap\u0131ld\u0131. \u00c7elenk t\u00f6renine; Kaymakam Eren Arslan, AK Parti Bursa Milletvekili Ayhan Salman, Belediye Ba\u015fkan\u0131 Alper Taban, Garnizon Komutan\u0131 Hava Pilot Binba\u015f\u0131 Serdar Akyal\u0131, \u0130neg\u00f6l Cumhuriyet Ba\u015fsavc\u0131s\u0131 Veli Ecir, il\u00e7e protokol\u00fc, siyasi partiler, sivil toplum kurulu\u015flar\u0131 temsilcileri, \u00f6\u011frenciler ve vatanda\u015flar kat\u0131ld\u0131. \u00c7elenk sunumuyla ba\u015flayan 29 Ekim Cumhuriyet Bayram\u0131 t\u00f6reninde s\u0131ras\u0131yla; Kaymakaml\u0131k, Garnizon Komutanl\u0131\u011f\u0131 ve \u0130neg\u00f6l Belediye Ba\u015fkanl\u0131\u011f\u0131 \u00e7elenkleri an\u0131ta b\u0131rak\u0131ld\u0131. Daha sonra sayg\u0131 duru\u015funda bulunularak \u0130stiklal Mar\u015f\u0131 okundu. T\u00f6renin ilk b\u00f6l\u00fcm\u00fc burada sona erdi. BAYRAM CO\u015eKUSU 2 G\u00dcN S\u00dcRECEK Bu arada 29 Ekim Cumhuriyet Bayram\u0131 kutlamalar\u0131 bug\u00fcn ve yar\u0131n devam edecek. Saat 18.30\u2019da \u0130neg\u00f6l AVM kav\u015fa\u011f\u0131ndan ba\u015flay\u0131p Atat\u00fcrk An\u0131t\u0131na kadar s\u00fcrecek Cumhuriyet Y\u00fcr\u00fcy\u00fc\u015f\u00fc ger\u00e7ekle\u015ftirilecek. 29 Ekim Cumartesi sabah\u0131 ise 10.00\u2019da Kaymakaml\u0131k makam\u0131nda tebriklerin kabul\u00fc ile ba\u015flayacak kutlamalar, akabinde Yeni Belediye Hizmet Binas\u0131 \u00f6n\u00fcnde haz\u0131rlanan t\u00f6ren alan\u0131nda devam edecek. \u200bBursa&#8217;n\u0131n \u0130neg\u00f6l il\u00e7esinde 29 Ekim Cumhuriyet Bayram\u0131\u2019n\u0131n 101 y\u0131ld\u00f6n\u00fcm\u00fc &hellip;"}