{"version":"1.0","provider_name":"Av. Deniz Can K\u0131z\u0131l","provider_url":"https:\/\/denizcankizil.tr\/en","author_name":"admin","author_url":"https:\/\/denizcankizil.tr\/en\/author\/admin\/","title":"Bursa \u0130neg\u00f6l'de Ba\u015fkan Taban \u00f6\u011frencilerle bulu\u015ftu","type":"rich","width":600,"height":338,"html":"<blockquote class=\"wp-embedded-content\" data-secret=\"3tg2PdtAs6\"><a href=\"https:\/\/denizcankizil.tr\/en\/haberler\/gundem\/bursa-inegolde-baskan-taban-ogrencilerle-bulustu\/\">Bursa \u0130neg\u00f6l&#8217;de Ba\u015fkan Taban \u00f6\u011frencilerle bulu\u015ftu<\/a><\/blockquote><iframe sandbox=\"allow-scripts\" security=\"restricted\" src=\"https:\/\/denizcankizil.tr\/en\/haberler\/gundem\/bursa-inegolde-baskan-taban-ogrencilerle-bulustu\/embed\/#?secret=3tg2PdtAs6\" width=\"600\" height=\"338\" title=\"&#8220;Bursa \u0130neg\u00f6l&#8217;de Ba\u015fkan Taban \u00f6\u011frencilerle bulu\u015ftu&#8221; &#8212; Av. Deniz Can K\u0131z\u0131l\" data-secret=\"3tg2PdtAs6\" frameborder=\"0\" marginwidth=\"0\" marginheight=\"0\" scrolling=\"no\" class=\"wp-embedded-content\"><\/iframe><script>\n\/*! This file is auto-generated *\/\n!function(d,l){\"use strict\";l.querySelector&&d.addEventListener&&\"undefined\"!=typeof URL&&(d.wp=d.wp||{},d.wp.receiveEmbedMessage||(d.wp.receiveEmbedMessage=function(e){var t=e.data;if((t||t.secret||t.message||t.value)&&!\/[^a-zA-Z0-9]\/.test(t.secret)){for(var s,r,n,a=l.querySelectorAll('iframe[data-secret=\"'+t.secret+'\"]'),o=l.querySelectorAll('blockquote[data-secret=\"'+t.secret+'\"]'),c=new RegExp(\"^https?:$\",\"i\"),i=0;i<o.length;i++)o[i].style.display=\"none\";for(i=0;i<a.length;i++)s=a[i],e.source===s.contentWindow&&(s.removeAttribute(\"style\"),\"height\"===t.message?(1e3<(r=parseInt(t.value,10))?r=1e3:~~r<200&&(r=200),s.height=r):\"link\"===t.message&&(r=new URL(s.getAttribute(\"src\")),n=new URL(t.value),c.test(n.protocol))&&n.host===r.host&&l.activeElement===s&&(d.top.location.href=t.value))}},d.addEventListener(\"message\",d.wp.receiveEmbedMessage,!1),l.addEventListener(\"DOMContentLoaded\",function(){for(var e,t,s=l.querySelectorAll(\"iframe.wp-embedded-content\"),r=0;r<s.length;r++)(t=(e=s[r]).getAttribute(\"data-secret\"))||(t=Math.random().toString(36).substring(2,12),e.src+=\"#?secret=\"+t,e.setAttribute(\"data-secret\",t)),e.contentWindow.postMessage({message:\"ready\",secret:t},\"*\")},!1)))}(window,document);\n\/\/# sourceURL=https:\/\/denizcankizil.tr\/wp-includes\/js\/wp-embed.min.js\n<\/script>","description":"Gen\u00e7 Bak\u0131\u015f programlar\u0131 kapsam\u0131nda Hac\u0131 Sevim Y\u0131ld\u0131z Mesleki E\u011fitim Kamp\u00fcs\u00fcnde \u00f6\u011frencilerle bir araya gelen Belediye Ba\u015fkan\u0131 Alper Taban, \u201cEkibimizin bilgi, birikimi ve tecr\u00fcbesiyle, sizlerin de beklentilerini kar\u015f\u0131layacak i\u015fler yapmak istiyoruz\u201d dedi.BURSA (\u0130GFA) &#8211; Bursa\u00a0\u0130neg\u00f6l Belediye Ba\u015fkan\u0131 Alper Taban, gen\u00e7lerin \u015fehre dair fikir ve beklentilerini dinleme ad\u0131na d\u00fczenlenen Gen\u00e7 Bak\u0131\u015f programlar\u0131 kapsam\u0131nda bu sabah Hac\u0131 Sevim Y\u0131ld\u0131z Mesleki E\u011fitim Kamp\u00fcs\u00fcnde Hac\u0131 Sevim Y\u0131ld\u0131z-1, Hac\u0131 Sevim Y\u0131ld\u0131z-2 ve Hac\u0131 Sevim Y\u0131ld\u0131z-3 okullar\u0131nda lise \u00f6\u011frencileriyle bir araya geldi. Kamp\u00fcs\u00fcn konferans salonunda yap\u0131lan bulu\u015fma \u00f6ncesi \u00f6\u011frencilere y\u00f6nelik mini bir ankette yap\u0131ld\u0131. BEKLENT\u0130LER\u0130N\u0130Z\u0130 KAR\u015eILAYACAK \u0130\u015eLER YAPMAK \u0130ST\u0130YORUZ \u00d6\u011frenciler ve okul idarecileri ile \u00f6\u011fretmenlerin kat\u0131ld\u0131\u011f\u0131 bulu\u015fmada Belediye Ba\u015fkan\u0131 Alper Taban program\u0131n amac\u0131ndan s\u00f6z ederek konu\u015fmaya de\u011fil, dinlemeye geldi\u011fini s\u00f6yledi. Ba\u015fkan Taban, \u201cRamazan ay\u0131n\u0131n ilk gecesini bu ak\u015fam ya\u015fayaca\u011f\u0131z. Ramazan\u0131n\u0131z\u0131 kutluyorum. \u00c7ok yak\u0131n bir zaman \u00f6nce de yine bu salonda kamp\u00fcs\u00fcn ba\u015fka okullar\u0131ndaki \u00f6\u011frencilerimizle bulu\u015ftuk. Ge\u00e7ti\u011fimiz y\u0131llarda da yine buraya geldi\u011fimi hat\u0131rl\u0131yorum. Tabi bu geli\u015f gidi\u015fler niye diye d\u00fc\u015f\u00fcnebilirsiniz. Sizin i\u00e7in ne yapabilirim noktas\u0131nda bu bulu\u015fmalar\u0131 ger\u00e7ekle\u015ftiriyoruz. \u00c7ok k\u0131ymetli bir ekibimiz var. Yakla\u015f\u0131k 900 ki\u015filik \u00e7al\u0131\u015fma arkada\u015flar\u0131m var. Her biri kendi alan\u0131nda uzmanl\u0131\u011f\u0131 olan ve benden daha eski olan, bu kurumda y\u0131llard\u0131r hizmet eden arkada\u015flar\u0131m\u0131z var. Onlar\u0131n da bilgi birikimi ve tecr\u00fcbesiyle, sizlerin de beklentilerini kar\u015f\u0131layacak i\u015fler &hellip;"}