{"version":"1.0","provider_name":"Av. Deniz Can K\u0131z\u0131l","provider_url":"https:\/\/denizcankizil.tr\/en","author_name":"Antalya K\u00f6rfez","author_url":"https:\/\/denizcankizil.tr\/en\/author\/www-antalyakorfez-com\/","title":"B\u00f6cek'in yurtd\u0131\u015f\u0131 seyahati B\u00fcy\u00fck\u015fehir Meclisi'ni gerdi","type":"rich","width":600,"height":338,"html":"<blockquote class=\"wp-embedded-content\" data-secret=\"mVU5Uxx9D2\"><a href=\"https:\/\/denizcankizil.tr\/en\/haberler\/gundem\/bocekin-yurtdisi-seyahati-buyuksehir-meclisini-gerdi\/\">B\u00f6cek&#8217;in yurtd\u0131\u015f\u0131 seyahati B\u00fcy\u00fck\u015fehir Meclisi&#8217;ni gerdi<\/a><\/blockquote><iframe sandbox=\"allow-scripts\" security=\"restricted\" src=\"https:\/\/denizcankizil.tr\/en\/haberler\/gundem\/bocekin-yurtdisi-seyahati-buyuksehir-meclisini-gerdi\/embed\/#?secret=mVU5Uxx9D2\" width=\"600\" height=\"338\" title=\"&#8220;B\u00f6cek&#8217;in yurtd\u0131\u015f\u0131 seyahati B\u00fcy\u00fck\u015fehir Meclisi&#8217;ni gerdi&#8221; &#8212; Av. Deniz Can K\u0131z\u0131l\" data-secret=\"mVU5Uxx9D2\" frameborder=\"0\" marginwidth=\"0\" marginheight=\"0\" scrolling=\"no\" class=\"wp-embedded-content\"><\/iframe><script>\n\/*! This file is auto-generated *\/\n!function(d,l){\"use strict\";l.querySelector&&d.addEventListener&&\"undefined\"!=typeof URL&&(d.wp=d.wp||{},d.wp.receiveEmbedMessage||(d.wp.receiveEmbedMessage=function(e){var t=e.data;if((t||t.secret||t.message||t.value)&&!\/[^a-zA-Z0-9]\/.test(t.secret)){for(var s,r,n,a=l.querySelectorAll('iframe[data-secret=\"'+t.secret+'\"]'),o=l.querySelectorAll('blockquote[data-secret=\"'+t.secret+'\"]'),c=new RegExp(\"^https?:$\",\"i\"),i=0;i<o.length;i++)o[i].style.display=\"none\";for(i=0;i<a.length;i++)s=a[i],e.source===s.contentWindow&&(s.removeAttribute(\"style\"),\"height\"===t.message?(1e3<(r=parseInt(t.value,10))?r=1e3:~~r<200&&(r=200),s.height=r):\"link\"===t.message&&(r=new URL(s.getAttribute(\"src\")),n=new URL(t.value),c.test(n.protocol))&&n.host===r.host&&l.activeElement===s&&(d.top.location.href=t.value))}},d.addEventListener(\"message\",d.wp.receiveEmbedMessage,!1),l.addEventListener(\"DOMContentLoaded\",function(){for(var e,t,s=l.querySelectorAll(\"iframe.wp-embedded-content\"),r=0;r<s.length;r++)(t=(e=s[r]).getAttribute(\"data-secret\"))||(t=Math.random().toString(36).substring(2,12),e.src+=\"#?secret=\"+t,e.setAttribute(\"data-secret\",t)),e.contentWindow.postMessage({message:\"ready\",secret:t},\"*\")},!1)))}(window,document);\n\/\/# sourceURL=https:\/\/denizcankizil.tr\/wp-includes\/js\/wp-embed.min.js\n<\/script>","description":"Antalya B\u00fcy\u00fck\u015fehir Belediyesi\u2019nin mart ay\u0131 ola\u011fan meclis toplant\u0131s\u0131, Belediye Hizmet Binas\u0131\u2019nda Ba\u015fkanvekili Bayram Ali \u00c7eltik ba\u015fkanl\u0131\u011f\u0131nda yap\u0131ld\u0131. B\u00fcy\u00fck\u015fehir Belediye Ba\u015fkan\u0131 Muhittin B\u00f6cek, Almanya\u2019daki programlar\u0131 nedeniyle toplant\u0131ya kat\u0131lmad\u0131. ALMANYA\u2019YA G\u0130TT\u0130 Antalya K\u00f6rfez Gazetesi Muhbiri Ertu\u011frul G\u00fcn&#8217;\u00fcn haberine g\u00f6re B\u00f6cek, 12-16 Mart 2025 tarihleri aras\u0131nda Karde\u015f \u015eehir N\u00fcrnberg\u2019de d\u00fczenlenen N\u00fcrnberg Turizm Fuar\u0131, T\u00fcrk-Alman Film Festivali ve T\u00fcrk-Alman Dostluk Federasyonu\u2019nun \u00f6d\u00fcl t\u00f6renine kat\u0131lmak i\u00e7in Almanya\u2019ya gitti. Ba\u015fkan B\u00f6cek\u2019in yan\u0131 s\u0131ra, Alanya Belediye Ba\u015fkan\u0131 Osman Tar\u0131k \u00d6z\u00e7elik, Genel Sekreter Av. Cansel Tuncer, Genel Sekreter Yard\u0131mc\u0131lar\u0131 Serkan Temu\u00e7in ve Mustafa G\u00fcrb\u00fcz, D\u0131\u015f \u0130li\u015fkiler Dairesi Ba\u015fkan\u0131 Dr. Zeynep Tu\u011f\u00e7e \u00c7ift\u00e7iba\u015f\u0131 G\u00fc\u00e7 ve di\u011fer belediye yetkilileri de heyette yer ald\u0131. B\u00dcT\u00c7EDEN KAR\u015eILANACAK Ancak, bu yurt d\u0131\u015f\u0131 g\u00f6revlendirmeleriyle ilgili izin karar\u0131, B\u00f6cek ve ekibi Almanya\u2019ya gittikten sonra mecliste oy birli\u011fiyle al\u0131nd\u0131. Karara g\u00f6re, B\u00f6cek ve baz\u0131 yetkililerin konaklamalar\u0131 N\u00fcrnberg Belediyesi taraf\u0131ndan kar\u015f\u0131lan\u0131rken, u\u00e7ak biletleri ve harc\u0131rahlar\u0131 belediye b\u00fct\u00e7esinden \u00f6denecek. AK PART\u0130 ELE\u015eT\u0130RD\u0130 AK Parti Grup S\u00f6zc\u00fcs\u00fc Bahattin Bayraktar, \u201cBa\u015fkan\u0131m\u0131z Almanya\u2019ya gitmi\u015f ama biz \u015fimdi izin karar\u0131n\u0131 al\u0131yoruz. \u00d6nceden meclisten onay al\u0131nmas\u0131 gerekirdi. Ba\u015fkan\u0131m\u0131z 2 dakikada yurt d\u0131\u015f\u0131na \u00e7\u0131k\u0131yor, ke\u015fke ayn\u0131 h\u0131zla Kepez\u2019e de gelse\u201d diyerek tepki g\u00f6sterdi.\u00a0 \u00c7ELT\u0130K CEVAPLADI Ba\u015fkanvekili Bayram Ali \u00c7eltik ise B\u00f6cek\u2019in \u015fehir i\u00e7in \u00f6nemli temaslarda bulundu\u011funu belirterek, \u201cBa\u015fkan\u0131m\u0131z bu konularda titizdir. Yurt d\u0131\u015f\u0131 ziyaretleriyle &hellip;"}