{"version":"1.0","provider_name":"Av. Deniz Can K\u0131z\u0131l","provider_url":"https:\/\/denizcankizil.tr\/en","author_name":"Antalya K\u00f6rfez","author_url":"https:\/\/denizcankizil.tr\/en\/author\/www-antalyakorfez-com\/","title":"Bir ayda iki festivale 78,5 milyon harcand\u0131!","type":"rich","width":600,"height":338,"html":"<blockquote class=\"wp-embedded-content\" data-secret=\"txk9wvrwIP\"><a href=\"https:\/\/denizcankizil.tr\/en\/haberler\/gundem\/bir-ayda-iki-festivale-785-milyon-harcandi\/\">Bir ayda iki festivale 78,5 milyon harcand\u0131!<\/a><\/blockquote><iframe sandbox=\"allow-scripts\" security=\"restricted\" src=\"https:\/\/denizcankizil.tr\/en\/haberler\/gundem\/bir-ayda-iki-festivale-785-milyon-harcandi\/embed\/#?secret=txk9wvrwIP\" width=\"600\" height=\"338\" title=\"&#8220;Bir ayda iki festivale 78,5 milyon harcand\u0131!&#8221; &#8212; Av. Deniz Can K\u0131z\u0131l\" data-secret=\"txk9wvrwIP\" frameborder=\"0\" marginwidth=\"0\" marginheight=\"0\" scrolling=\"no\" class=\"wp-embedded-content\"><\/iframe><script>\n\/*! This file is auto-generated *\/\n!function(d,l){\"use strict\";l.querySelector&&d.addEventListener&&\"undefined\"!=typeof URL&&(d.wp=d.wp||{},d.wp.receiveEmbedMessage||(d.wp.receiveEmbedMessage=function(e){var t=e.data;if((t||t.secret||t.message||t.value)&&!\/[^a-zA-Z0-9]\/.test(t.secret)){for(var s,r,n,a=l.querySelectorAll('iframe[data-secret=\"'+t.secret+'\"]'),o=l.querySelectorAll('blockquote[data-secret=\"'+t.secret+'\"]'),c=new RegExp(\"^https?:$\",\"i\"),i=0;i<o.length;i++)o[i].style.display=\"none\";for(i=0;i<a.length;i++)s=a[i],e.source===s.contentWindow&&(s.removeAttribute(\"style\"),\"height\"===t.message?(1e3<(r=parseInt(t.value,10))?r=1e3:~~r<200&&(r=200),s.height=r):\"link\"===t.message&&(r=new URL(s.getAttribute(\"src\")),n=new URL(t.value),c.test(n.protocol))&&n.host===r.host&&l.activeElement===s&&(d.top.location.href=t.value))}},d.addEventListener(\"message\",d.wp.receiveEmbedMessage,!1),l.addEventListener(\"DOMContentLoaded\",function(){for(var e,t,s=l.querySelectorAll(\"iframe.wp-embedded-content\"),r=0;r<s.length;r++)(t=(e=s[r]).getAttribute(\"data-secret\"))||(t=Math.random().toString(36).substring(2,12),e.src+=\"#?secret=\"+t,e.setAttribute(\"data-secret\",t)),e.contentWindow.postMessage({message:\"ready\",secret:t},\"*\")},!1)))}(window,document);\n\/\/# sourceURL=https:\/\/denizcankizil.tr\/wp-includes\/js\/wp-embed.min.js\n<\/script>","description":"Antalya B\u00fcy\u00fck\u015fehir Belediyesi\u2019nin d\u00fczenledi\u011fi Y\u00f6r\u00fck-T\u00fcrkmen Festivali bug\u00fcn ba\u015flad\u0131. Cumhuriyet Meydan\u0131 ile Karaalio\u011flu Park\u0131 aras\u0131nda yap\u0131lan Y\u00f6r\u00fck g\u00f6\u00e7\u00fc canland\u0131rmas\u0131 ile a\u00e7\u0131l\u0131\u015f\u0131 yap\u0131lan festival boyunca \u00e7e\u015fitli etkinlikler ve konserler organize edilecek. Toplam 2310 ki\u015filik konaklama hizmeti ve 80 ayr\u0131 u\u00e7ak bileti ile 7 bin ki\u015filik yemek hizmeti sat\u0131n al\u0131naca\u011f\u0131 belirtilen festivalin b\u00fct\u00e7esi de belli oldu. \u0130stanbul merkezli Time Organizasyon \u015firketine ihale edilen festival i\u00e7in 30 milyonluk b\u00fct\u00e7e ayr\u0131ld\u0131. DERNEKLER\u0130N \u0130MECEYLE YAPTI\u011eI FEST\u0130VALE M\u0130LYONLAR HARCANDI Daha \u00f6nce Antalya Y\u00f6r\u00fckler Derne\u011fi\u2019nin imece usul\u00fcyle organize etti\u011fi, yerel y\u00f6netimlerin ise destek verdi\u011fi Y\u00f6r\u00fck Festivali, kentte yakla\u015f\u0131k 20 y\u0131ld\u0131r yap\u0131l\u0131yor. Antalya B\u00fcy\u00fck\u015fehir Belediyesi ise 4 y\u0131ld\u0131r hizmet al\u0131m\u0131 ihalesi yoluyla milyonlarca liral\u0131k b\u00fct\u00e7e ay\u0131rarak festivali \u00fcstleniyor. \u00dc\u00e7 y\u0131ld\u0131r \u0130stanbul merkezli Time Organizasyon M\u00fczik Film Yap\u0131m ve D\u0131\u015f Ticaret Limited \u015eirketi\u2019ne verilen ihaleler i\u00e7in 2023 y\u0131l\u0131nda 14 milyon 500 bin TL, 2024\u2019de 17 milyon 850 bin, 2025 y\u0131l\u0131nda ise 30 milyona TL harcand\u0131. Festival i\u00e7in al\u0131nan sponsorluk ba\u011f\u0131\u015flar bu rakamlar\u0131n d\u0131\u015f\u0131nda kal\u0131yor. SAYI\u015eTAY: \u2018Y\u00dcKLEN\u0130C\u0130N\u0130N \u0130\u015e DENEY\u0130M\u0130 \u015eARTNAMEYE UYMUYOR\u2019 Antalya K\u00f6rfez Gazetesi muhabiri Yusuf Yavuz&#8217;un haberine g\u00f6re, Say\u0131\u015ftay, 2023 y\u0131l\u0131nda yapt\u0131\u011f\u0131 denetimlerde Antalya B\u00fcy\u00fck\u015fehir Belediyesi\u2019nin Y\u00f6r\u00fck T\u00fcrkmen Festivali\u2019ni ihale yoluyla verdi\u011fi Time Organizasyon \u015firketinin i\u015f deneyimi belgesinin idari \u015fartnamede belirtilen kriterlere uymad\u0131\u011f\u0131n\u0131 tespit etmi\u015fti. Say\u0131\u015ftay\u2019\u0131n Kas\u0131m 2024\u2019de yay\u0131mlad\u0131\u011f\u0131 denetim &hellip;"}