{"version":"1.0","provider_name":"Av. Deniz Can K\u0131z\u0131l","provider_url":"https:\/\/denizcankizil.tr\/en","author_name":"Av. Deniz Can K\u0131z\u0131l","author_url":"https:\/\/denizcankizil.tr\/en","title":"Bayrakl\u0131\u2019dan geri d\u00f6n\u00fc\u015f\u00fcme 1 y\u0131lda 650 ton at\u0131k","type":"rich","width":600,"height":338,"html":"<blockquote class=\"wp-embedded-content\" data-secret=\"jEEbiLxfLX\"><a href=\"https:\/\/denizcankizil.tr\/en\/haberler\/gundem\/bayraklidan-geri-donusume-1-yilda-650-ton-atik\/\">Bayrakl\u0131\u2019dan geri d\u00f6n\u00fc\u015f\u00fcme 1 y\u0131lda 650 ton at\u0131k<\/a><\/blockquote><iframe sandbox=\"allow-scripts\" security=\"restricted\" src=\"https:\/\/denizcankizil.tr\/en\/haberler\/gundem\/bayraklidan-geri-donusume-1-yilda-650-ton-atik\/embed\/#?secret=jEEbiLxfLX\" width=\"600\" height=\"338\" title=\"&#8220;Bayrakl\u0131\u2019dan geri d\u00f6n\u00fc\u015f\u00fcme 1 y\u0131lda 650 ton at\u0131k&#8221; &#8212; Av. Deniz Can K\u0131z\u0131l\" data-secret=\"jEEbiLxfLX\" frameborder=\"0\" marginwidth=\"0\" marginheight=\"0\" scrolling=\"no\" class=\"wp-embedded-content\"><\/iframe><script>\n\/*! This file is auto-generated *\/\n!function(d,l){\"use strict\";l.querySelector&&d.addEventListener&&\"undefined\"!=typeof URL&&(d.wp=d.wp||{},d.wp.receiveEmbedMessage||(d.wp.receiveEmbedMessage=function(e){var t=e.data;if((t||t.secret||t.message||t.value)&&!\/[^a-zA-Z0-9]\/.test(t.secret)){for(var s,r,n,a=l.querySelectorAll('iframe[data-secret=\"'+t.secret+'\"]'),o=l.querySelectorAll('blockquote[data-secret=\"'+t.secret+'\"]'),c=new RegExp(\"^https?:$\",\"i\"),i=0;i<o.length;i++)o[i].style.display=\"none\";for(i=0;i<a.length;i++)s=a[i],e.source===s.contentWindow&&(s.removeAttribute(\"style\"),\"height\"===t.message?(1e3<(r=parseInt(t.value,10))?r=1e3:~~r<200&&(r=200),s.height=r):\"link\"===t.message&&(r=new URL(s.getAttribute(\"src\")),n=new URL(t.value),c.test(n.protocol))&&n.host===r.host&&l.activeElement===s&&(d.top.location.href=t.value))}},d.addEventListener(\"message\",d.wp.receiveEmbedMessage,!1),l.addEventListener(\"DOMContentLoaded\",function(){for(var e,t,s=l.querySelectorAll(\"iframe.wp-embedded-content\"),r=0;r<s.length;r++)(t=(e=s[r]).getAttribute(\"data-secret\"))||(t=Math.random().toString(36).substring(2,12),e.src+=\"#?secret=\"+t,e.setAttribute(\"data-secret\",t)),e.contentWindow.postMessage({message:\"ready\",secret:t},\"*\")},!1)))}(window,document);\n\/\/# sourceURL=https:\/\/denizcankizil.tr\/wp-includes\/js\/wp-embed.min.js\n<\/script>","description":"Bayrakl\u0131 Belediyesi, \u00e7evre dostu projeleriyle dikkat \u00e7ekmeye devam ediyor. Bu kapsamda ge\u00e7ti\u011fimiz y\u0131l i\u00e7inde il\u00e7e genelinde y\u00fcr\u00fct\u00fclen at\u0131k y\u00f6netimi \u00e7al\u0131\u015fmalar\u0131 sayesinde 650 ton kar\u0131\u015f\u0131k ambalaj at\u0131\u011f\u0131 geri d\u00f6n\u00fc\u015ft\u00fcr\u00fclerek ekonomiye kazand\u0131r\u0131ld\u0131. \u200bBayrakl\u0131 Belediyesi, \u00e7evre dostu projeleriyle dikkat \u00e7ekmeye devam ediyor. Bu kapsamda ge\u00e7ti\u011fimiz y\u0131l i\u00e7inde il\u00e7e genelinde y\u00fcr\u00fct\u00fclen at\u0131k y\u00f6netimi \u00e7al\u0131\u015fmalar\u0131 sayesinde 650 ton kar\u0131\u015f\u0131k ambalaj at\u0131\u011f\u0131 geri d\u00f6n\u00fc\u015ft\u00fcr\u00fclerek ekonomiye kazand\u0131r\u0131ld\u0131.\u00a0 \u200bHaberin Al\u0131nt\u0131land\u0131\u011f\u0131 Kaynak: www.iskenderun.org"}