{"version":"1.0","provider_name":"Av. Deniz Can K\u0131z\u0131l","provider_url":"https:\/\/denizcankizil.tr\/en","author_name":"Antalya K\u00f6rfez","author_url":"https:\/\/denizcankizil.tr\/en\/author\/www-antalyakorfez-com\/","title":"Ba\u015fkan Kotan'dan taksici esnaf\u0131na destek","type":"rich","width":600,"height":338,"html":"<blockquote class=\"wp-embedded-content\" data-secret=\"4d42MDZz2o\"><a href=\"https:\/\/denizcankizil.tr\/en\/haberler\/gundem\/baskan-kotandan-taksici-esnafina-destek\/\">Ba\u015fkan Kotan&#8217;dan taksici esnaf\u0131na destek<\/a><\/blockquote><iframe sandbox=\"allow-scripts\" security=\"restricted\" src=\"https:\/\/denizcankizil.tr\/en\/haberler\/gundem\/baskan-kotandan-taksici-esnafina-destek\/embed\/#?secret=4d42MDZz2o\" width=\"600\" height=\"338\" title=\"&#8220;Ba\u015fkan Kotan&#8217;dan taksici esnaf\u0131na destek&#8221; &#8212; Av. Deniz Can K\u0131z\u0131l\" data-secret=\"4d42MDZz2o\" frameborder=\"0\" marginwidth=\"0\" marginheight=\"0\" scrolling=\"no\" class=\"wp-embedded-content\"><\/iframe><script>\n\/*! This file is auto-generated *\/\n!function(d,l){\"use strict\";l.querySelector&&d.addEventListener&&\"undefined\"!=typeof URL&&(d.wp=d.wp||{},d.wp.receiveEmbedMessage||(d.wp.receiveEmbedMessage=function(e){var t=e.data;if((t||t.secret||t.message||t.value)&&!\/[^a-zA-Z0-9]\/.test(t.secret)){for(var s,r,n,a=l.querySelectorAll('iframe[data-secret=\"'+t.secret+'\"]'),o=l.querySelectorAll('blockquote[data-secret=\"'+t.secret+'\"]'),c=new RegExp(\"^https?:$\",\"i\"),i=0;i<o.length;i++)o[i].style.display=\"none\";for(i=0;i<a.length;i++)s=a[i],e.source===s.contentWindow&&(s.removeAttribute(\"style\"),\"height\"===t.message?(1e3<(r=parseInt(t.value,10))?r=1e3:~~r<200&&(r=200),s.height=r):\"link\"===t.message&&(r=new URL(s.getAttribute(\"src\")),n=new URL(t.value),c.test(n.protocol))&&n.host===r.host&&l.activeElement===s&&(d.top.location.href=t.value))}},d.addEventListener(\"message\",d.wp.receiveEmbedMessage,!1),l.addEventListener(\"DOMContentLoaded\",function(){for(var e,t,s=l.querySelectorAll(\"iframe.wp-embedded-content\"),r=0;r<s.length;r++)(t=(e=s[r]).getAttribute(\"data-secret\"))||(t=Math.random().toString(36).substring(2,12),e.src+=\"#?secret=\"+t,e.setAttribute(\"data-secret\",t)),e.contentWindow.postMessage({message:\"ready\",secret:t},\"*\")},!1)))}(window,document);\n\/\/# sourceURL=https:\/\/denizcankizil.tr\/wp-includes\/js\/wp-embed.min.js\n<\/script>","description":"Konyaalt\u0131 Belediye Ba\u015fkan\u0131 Cem Kotan, Konyaalt\u0131\u2019nda faaliyet g\u00f6steren Akdeniz Taksi Dura\u011f\u0131\u2019n\u0131n d\u00fczenledi\u011fi A\u015fure Lokmas\u0131 ikram\u0131na konuk oldu. A\u015fure Lokmas\u0131 ikram\u0131nda Ba\u015fkan Kotan\u2019\u0131n yan\u0131 s\u0131ra; Akdeniz Taksi Dura\u011f\u0131 Ba\u015fkan\u0131 Ali Tatl\u0131, P\u0131narba\u015f\u0131 Taksi Dura\u011f\u0131 Ba\u015fkan\u0131 Selim Ak\u00e7il, Havaliman\u0131 Kooperatif Ba\u015fkan\u0131 Tuncay Alayl\u0131, Alt\u0131nkum Taksi Dura\u011f\u0131 Ba\u015fkan\u0131 Cafer Kahyao\u011flu, Sahil Taksi Dura\u011f\u0131 Ba\u015fkan\u0131 Muammer Aykut, AS Taksi Dura\u011f\u0131 Ba\u015fkan\u0131 Erhan Levent, Otogar Taksi Dura\u011f\u0131 Ba\u015fkan\u0131 Ersin Kahyao\u011flu, \u00d6zdilek Taksi Dura\u011f\u0131 Ba\u015fkan\u0131 O\u011fuzhan Borazan, Alt\u0131nova Alt\u0131n Taksi Dura\u011f\u0131 Ba\u015fkan\u0131 G\u00fcrkan Arslan ve Kundu B\u00f6lgesi\u2019nden Serdar Arslan da yer ald\u0131. BA\u015eKAN KOTAN, TAKS\u0130C\u0130 ESNAFINI D\u0130NLED\u0130 Ba\u015fkan Kotan, kurulan dayan\u0131\u015fma sofras\u0131nda taksici esnaf\u0131n\u0131n talep ve sorunlar\u0131n\u0131 dinlemeyi de ihmal etmedi. Gerek planl\u0131 esnaf ziyaretlerinde gerekse de bireysel y\u00fcr\u00fcy\u00fc\u015flerinde il\u00e7edeki taksi duraklar\u0131na u\u011frayarak taksici esnaf\u0131n\u0131 dinleyen Kotan, t\u00fcm esnafa oldu\u011fu gibi taksici esnaf\u0131n\u0131n da daima yanlar\u0131nda olduklar\u0131n\u0131 ve var olan sorunlar\u0131 \u00e7\u00f6zmek i\u00e7in ellerinden gelen gayreti g\u00f6sterdiklerini dile getirdi. \u00d6te yandan t\u00fcm taksici esnaf\u0131, g\u00f6sterilen ilgi i\u00e7in hem de kendilerini k\u0131rmayarak dayan\u0131\u015fma sofras\u0131na geldi\u011fi i\u00e7in Ba\u015fkan Kotan\u2019a te\u015fekk\u00fcr etti. Kotan da ayn\u0131 \u015fekilde misafirperverlikleri i\u00e7in t\u00fcm taksici esnaf\u0131na memnuniyetini dile getirdi. &#8220;TAKS\u0130C\u0130 ESNAFI HALKIN G\u00d6Z\u00dc KULA\u011eI&#8221; Taksici esnaf\u0131yla aras\u0131ndaki ba\u011f\u0131n \u00e7ok kuvvetli oldu\u011funu ve kendisine her zaman ho\u015fg\u00f6r\u00fcyle yakla\u015ft\u0131klar\u0131n\u0131 belirten Konyaalt\u0131 Belediye Ba\u015fkan\u0131 Cem Kotan, \u201cBug\u00fcn &hellip;"}