{"version":"1.0","provider_name":"Av. Deniz Can K\u0131z\u0131l","provider_url":"https:\/\/denizcankizil.tr\/en","author_name":"admin","author_url":"https:\/\/denizcankizil.tr\/en\/author\/admin\/","title":"Bakan Yerlikaya\u2019dan muhtarlara ziyaret","type":"rich","width":600,"height":338,"html":"<blockquote class=\"wp-embedded-content\" data-secret=\"mv6F3Bxk31\"><a href=\"https:\/\/denizcankizil.tr\/en\/haberler\/gundem\/bakan-yerlikayadan-muhtarlara-ziyaret\/\">Bakan Yerlikaya\u2019dan muhtarlara ziyaret<\/a><\/blockquote><iframe sandbox=\"allow-scripts\" security=\"restricted\" src=\"https:\/\/denizcankizil.tr\/en\/haberler\/gundem\/bakan-yerlikayadan-muhtarlara-ziyaret\/embed\/#?secret=mv6F3Bxk31\" width=\"600\" height=\"338\" title=\"&#8220;Bakan Yerlikaya\u2019dan muhtarlara ziyaret&#8221; &#8212; Av. Deniz Can K\u0131z\u0131l\" data-secret=\"mv6F3Bxk31\" frameborder=\"0\" marginwidth=\"0\" marginheight=\"0\" scrolling=\"no\" class=\"wp-embedded-content\"><\/iframe><script>\n\/*! This file is auto-generated *\/\n!function(d,l){\"use strict\";l.querySelector&&d.addEventListener&&\"undefined\"!=typeof URL&&(d.wp=d.wp||{},d.wp.receiveEmbedMessage||(d.wp.receiveEmbedMessage=function(e){var t=e.data;if((t||t.secret||t.message||t.value)&&!\/[^a-zA-Z0-9]\/.test(t.secret)){for(var s,r,n,a=l.querySelectorAll('iframe[data-secret=\"'+t.secret+'\"]'),o=l.querySelectorAll('blockquote[data-secret=\"'+t.secret+'\"]'),c=new RegExp(\"^https?:$\",\"i\"),i=0;i<o.length;i++)o[i].style.display=\"none\";for(i=0;i<a.length;i++)s=a[i],e.source===s.contentWindow&&(s.removeAttribute(\"style\"),\"height\"===t.message?(1e3<(r=parseInt(t.value,10))?r=1e3:~~r<200&&(r=200),s.height=r):\"link\"===t.message&&(r=new URL(s.getAttribute(\"src\")),n=new URL(t.value),c.test(n.protocol))&&n.host===r.host&&l.activeElement===s&&(d.top.location.href=t.value))}},d.addEventListener(\"message\",d.wp.receiveEmbedMessage,!1),l.addEventListener(\"DOMContentLoaded\",function(){for(var e,t,s=l.querySelectorAll(\"iframe.wp-embedded-content\"),r=0;r<s.length;r++)(t=(e=s[r]).getAttribute(\"data-secret\"))||(t=Math.random().toString(36).substring(2,12),e.src+=\"#?secret=\"+t,e.setAttribute(\"data-secret\",t)),e.contentWindow.postMessage({message:\"ready\",secret:t},\"*\")},!1)))}(window,document);\n\/\/# sourceURL=https:\/\/denizcankizil.tr\/wp-includes\/js\/wp-embed.min.js\n<\/script>","description":"\u0130\u00e7i\u015fleri Bakan\u0131 Ali Yerlikaya, T\u00fcrkiye Muhtarlar Federasyonu Genel Ba\u015fkan\u0131 Kadir Delibalta ve y\u00f6netim kurulunu ziyaret ederek, muhtarlar\u0131n millet iradesinin ve dayan\u0131\u015fma ruhunun temsilcisi oldu\u011funu vurgulad\u0131.ANKARA (\u0130GFA) &#8211; \u0130\u00e7i\u015fleri Bakan\u0131 Ali Yerlikaya, T\u00fcrkiye Muhtarlar Federasyonu Genel Ba\u015fkan\u0131 Kadir Delibalta ve y\u00f6netim kurulunu ziyaret etti. Ziyarette, muhtarlar\u0131n toplumsal birlik ve dayan\u0131\u015fmadaki kritik rol\u00fc konu\u015fuldu. Bakan Yerlikaya, muhtarlar\u0131n \u201cmillet iradesinin tecellisi\u201d ve \u201cbirlik, beraberlik ile dayan\u0131\u015fma ruhunun somutla\u015fm\u0131\u015f bir tezah\u00fcr\u00fc\u201d oldu\u011funu ifade etti. Muhtarlar\u0131n, halk ile devlet aras\u0131nda k\u00f6pr\u00fc vazifesi g\u00f6rd\u00fc\u011f\u00fcn\u00fc vurgulayan Yerlikaya, onlar\u0131n demokrasinin temel ta\u015flar\u0131ndan biri oldu\u011funu belirtti. Bakan Yerlikaya, ziyaretteki s\u0131cak ve samimi ev sahipli\u011fi i\u00e7in Genel Ba\u015fkan Kadir Delibalta ve y\u00f6netim kuruluna te\u015fekk\u00fcrlerini sundu. Ziyaret, muhtarlarla i\u015f birli\u011fini g\u00fc\u00e7lendirme ve yerel y\u00f6netimlerin rol\u00fcn\u00fc destekleme mesaj\u0131yla sona erdi. \u200b\u0130\u00e7i\u015fleri Bakan\u0131 Ali Yerlikaya, T\u00fcrkiye Muhtarlar Federasyonu Genel Ba\u015fkan\u0131 Kadir Delibalta ve y\u00f6netim kurulunu ziyaret ederek, muhtarlar\u0131n millet iradesinin ve dayan\u0131\u015fma ruhunun temsilcisi oldu\u011funu vurgulad\u0131.ANKARA (\u0130GFA) &#8211; \u0130\u00e7i\u015fleri Bakan\u0131 Ali Yerlikaya, T\u00fcrkiye Muhtarlar Federasyonu Genel Ba\u015fkan\u0131 Kadir Delibalta ve y\u00f6netim kurulunu ziyaret etti. Ziyarette, muhtarlar\u0131n toplumsal birlik ve dayan\u0131\u015fmadaki kritik rol\u00fc konu\u015fuldu. Bakan Yerlikaya, muhtarlar\u0131n \u201cmillet iradesinin tecellisi\u201d ve \u201cbirlik, beraberlik ile dayan\u0131\u015fma ruhunun somutla\u015fm\u0131\u015f bir tezah\u00fcr\u00fc\u201d oldu\u011funu ifade etti. Muhtarlar\u0131n, halk ile devlet aras\u0131nda k\u00f6pr\u00fc vazifesi g\u00f6rd\u00fc\u011f\u00fcn\u00fc vurgulayan Yerlikaya, onlar\u0131n demokrasinin &hellip;"}