{"version":"1.0","provider_name":"Av. Deniz Can K\u0131z\u0131l","provider_url":"https:\/\/denizcankizil.tr\/en","author_name":"admin","author_url":"https:\/\/denizcankizil.tr\/en\/author\/admin\/","title":"Bakan Yerlikaya o talimat\u0131 bir kez daha tekrarlad\u0131!","type":"rich","width":600,"height":338,"html":"<blockquote class=\"wp-embedded-content\" data-secret=\"hUWoa3RnwE\"><a href=\"https:\/\/denizcankizil.tr\/en\/haberler\/gundem\/bakan-yerlikaya-o-talimati-bir-kez-daha-tekrarladi\/\">Bakan Yerlikaya o talimat\u0131 bir kez daha tekrarlad\u0131!<\/a><\/blockquote><iframe sandbox=\"allow-scripts\" security=\"restricted\" src=\"https:\/\/denizcankizil.tr\/en\/haberler\/gundem\/bakan-yerlikaya-o-talimati-bir-kez-daha-tekrarladi\/embed\/#?secret=hUWoa3RnwE\" width=\"600\" height=\"338\" title=\"&#8220;Bakan Yerlikaya o talimat\u0131 bir kez daha tekrarlad\u0131!&#8221; &#8212; Av. Deniz Can K\u0131z\u0131l\" data-secret=\"hUWoa3RnwE\" frameborder=\"0\" marginwidth=\"0\" marginheight=\"0\" scrolling=\"no\" class=\"wp-embedded-content\"><\/iframe><script>\n\/*! This file is auto-generated *\/\n!function(d,l){\"use strict\";l.querySelector&&d.addEventListener&&\"undefined\"!=typeof URL&&(d.wp=d.wp||{},d.wp.receiveEmbedMessage||(d.wp.receiveEmbedMessage=function(e){var t=e.data;if((t||t.secret||t.message||t.value)&&!\/[^a-zA-Z0-9]\/.test(t.secret)){for(var s,r,n,a=l.querySelectorAll('iframe[data-secret=\"'+t.secret+'\"]'),o=l.querySelectorAll('blockquote[data-secret=\"'+t.secret+'\"]'),c=new RegExp(\"^https?:$\",\"i\"),i=0;i<o.length;i++)o[i].style.display=\"none\";for(i=0;i<a.length;i++)s=a[i],e.source===s.contentWindow&&(s.removeAttribute(\"style\"),\"height\"===t.message?(1e3<(r=parseInt(t.value,10))?r=1e3:~~r<200&&(r=200),s.height=r):\"link\"===t.message&&(r=new URL(s.getAttribute(\"src\")),n=new URL(t.value),c.test(n.protocol))&&n.host===r.host&&l.activeElement===s&&(d.top.location.href=t.value))}},d.addEventListener(\"message\",d.wp.receiveEmbedMessage,!1),l.addEventListener(\"DOMContentLoaded\",function(){for(var e,t,s=l.querySelectorAll(\"iframe.wp-embedded-content\"),r=0;r<s.length;r++)(t=(e=s[r]).getAttribute(\"data-secret\"))||(t=Math.random().toString(36).substring(2,12),e.src+=\"#?secret=\"+t,e.setAttribute(\"data-secret\",t)),e.contentWindow.postMessage({message:\"ready\",secret:t},\"*\")},!1)))}(window,document);\n\/\/# sourceURL=https:\/\/denizcankizil.tr\/wp-includes\/js\/wp-embed.min.js\n<\/script>","description":"\u0130\u00e7i\u015fleri Bakan\u0131 Ali Yerlikaya, 30 b\u00fcy\u00fck\u015fehirde, b\u00fcy\u00fck\u015fehir belediye ba\u015fkan\u0131, 51 ilde k\u0131rsal kesimde il \u00f6zel idaresi olmas\u0131 dolay\u0131s\u0131yla Kars&#8217;tan &#8216;sahipsiz k\u00f6pekler&#8217; ile ilgili talimat verdi.ANKARA (\u0130GFA) &#8211; \u0130\u00e7i\u015fleri Bakan\u0131 Ali Yerlikaya, sahipsiz k\u00f6peklerle ilgili Kars&#8217;tan verdi\u011fi talimat\u0131 bug\u00fcn sosyal medya hesab\u0131ndan payla\u015ft\u0131. \u0130\u00e7i\u015fleri Bakan\u0131 Ali Yerlikaya, Konya&#8217;da 2 ya\u015f\u0131ndaki bebe\u011fin k\u00f6pek sald\u0131r\u0131s\u0131nda \u00f6lmesine ili\u015fkin, &#8220;2025&#8217;te, gerekli b\u00fct\u00fcn kanunlar ortadayken, sahipsiz k\u00f6pekler taraf\u0131ndan 2 ya\u015f\u0131ndaki bir bebe\u011fin vah\u015fice katledilmesini kabul edemeyiz.&#8221; diyerek verdi\u011fi talimat\u0131 bir kez daha kamuoyuna duyurdu. \u201cSAH\u0130PS\u0130Z K\u00d6PEKLERLE \u0130LG\u0130L\u0130 A\u00c7IKLAMAMIZ\u201d30 b\u00fcy\u00fck\u015fehirde, b\u00fcy\u00fck\u015fehir belediye ba\u015fkan\u0131, 51 ilde k\u0131rsal kesimde il \u00f6zel idaresi olmas\u0131 hasebiyle buradan sesleniyorum ve d\u00fcn de talimat verdim. 51 valimiz ve \u00f6zel idare olarak ve il belediyeleri ve n\u00fcfusu 25 bin ve \u00fczeri olan b\u00fct\u00fcn\u2026 pic.twitter.com\/3MxqZ8OPnD\u2014 Ali Yerlikaya (@AliYerlikaya) March 9, 2025 &#8220;\u0130NSAN\u0130 VE V\u0130CDAN\u0130 DURU\u015eLA KANUNU B\u0130Z\u0130M UYGULAMAMIZ LAZIM&#8221; 51 vali ve \u00f6zel idare olarak ve il belediyeleri ve n\u00fcfusu 25 bin ve \u00fczeri olan b\u00fct\u00fcn il\u00e7e belediyeleriyle birlikte bu sorumlulu\u011fu kanunun kendilerinden istedi\u011fi, milletin \u00e7\u0131kard\u0131\u011f\u0131 kanungere\u011fini yapmak zorunda olduklar\u0131n\u0131 belirten Bakan Yerlikaya, &#8220;Hayvanlar\u0131 biz seviyoruz. Hepimiz seviyoruz. Benim evimde \u00fc\u00e7 tane kedim var. Ama sorumlulu\u011fun a\u011f\u0131rl\u0131\u011f\u0131n\u0131n ne kadar b\u00fcy\u00fck oldu\u011funu g\u00f6rd\u00fcm&#8221; dedi.. Bakan Yerlikaya, &#8220;\u0130\u00e7i\u015fleri Bakan\u0131 olarak, valilerimin hepsi,ayn\u0131 \u015fekilde onlar\u0131n uhdesindeki ilgili m\u00fcd\u00fcrl\u00fckler, &hellip;"}