{"version":"1.0","provider_name":"Av. Deniz Can K\u0131z\u0131l","provider_url":"https:\/\/denizcankizil.tr\/en","author_name":"admin","author_url":"https:\/\/denizcankizil.tr\/en\/author\/admin\/","title":"Bakan G\u00f6kta\u015f: T\u00fcrkiye modeli yay\u0131l\u0131yor","type":"rich","width":600,"height":338,"html":"<blockquote class=\"wp-embedded-content\" data-secret=\"gLZmKEgdS8\"><a href=\"https:\/\/denizcankizil.tr\/en\/haberler\/gundem\/bakan-goktas-turkiye-modeli-yayiliyor\/\">Bakan G\u00f6kta\u015f: T\u00fcrkiye modeli yay\u0131l\u0131yor<\/a><\/blockquote><iframe sandbox=\"allow-scripts\" security=\"restricted\" src=\"https:\/\/denizcankizil.tr\/en\/haberler\/gundem\/bakan-goktas-turkiye-modeli-yayiliyor\/embed\/#?secret=gLZmKEgdS8\" width=\"600\" height=\"338\" title=\"&#8220;Bakan G\u00f6kta\u015f: T\u00fcrkiye modeli yay\u0131l\u0131yor&#8221; &#8212; Av. Deniz Can K\u0131z\u0131l\" data-secret=\"gLZmKEgdS8\" frameborder=\"0\" marginwidth=\"0\" marginheight=\"0\" scrolling=\"no\" class=\"wp-embedded-content\"><\/iframe><script>\n\/*! This file is auto-generated *\/\n!function(d,l){\"use strict\";l.querySelector&&d.addEventListener&&\"undefined\"!=typeof URL&&(d.wp=d.wp||{},d.wp.receiveEmbedMessage||(d.wp.receiveEmbedMessage=function(e){var t=e.data;if((t||t.secret||t.message||t.value)&&!\/[^a-zA-Z0-9]\/.test(t.secret)){for(var s,r,n,a=l.querySelectorAll('iframe[data-secret=\"'+t.secret+'\"]'),o=l.querySelectorAll('blockquote[data-secret=\"'+t.secret+'\"]'),c=new RegExp(\"^https?:$\",\"i\"),i=0;i<o.length;i++)o[i].style.display=\"none\";for(i=0;i<a.length;i++)s=a[i],e.source===s.contentWindow&&(s.removeAttribute(\"style\"),\"height\"===t.message?(1e3<(r=parseInt(t.value,10))?r=1e3:~~r<200&&(r=200),s.height=r):\"link\"===t.message&&(r=new URL(s.getAttribute(\"src\")),n=new URL(t.value),c.test(n.protocol))&&n.host===r.host&&l.activeElement===s&&(d.top.location.href=t.value))}},d.addEventListener(\"message\",d.wp.receiveEmbedMessage,!1),l.addEventListener(\"DOMContentLoaded\",function(){for(var e,t,s=l.querySelectorAll(\"iframe.wp-embedded-content\"),r=0;r<s.length;r++)(t=(e=s[r]).getAttribute(\"data-secret\"))||(t=Math.random().toString(36).substring(2,12),e.src+=\"#?secret=\"+t,e.setAttribute(\"data-secret\",t)),e.contentWindow.postMessage({message:\"ready\",secret:t},\"*\")},!1)))}(window,document);\n\/\/# sourceURL=https:\/\/denizcankizil.tr\/wp-includes\/js\/wp-embed.min.js\n<\/script>","description":"Aile ve Sosyal Hizmetler Bakan\u0131 Mahinur \u00d6zdemir G\u00f6kta\u015f, Almanya&#8217;n\u0131n ba\u015fkenti Berlin&#8217;de d\u00fczenlenen K\u00fcresel Engellilik Zirvesi&#8217;nde T\u00fcrkiye olarak, engellilere y\u00f6nelik politikalar\u0131 anlatma imkan\u0131 bulurken, Gazze konusuna da dikkati \u00e7ekti.ANKARA (\u0130GFA) &#8211; Aile ve Sosyal Hizmetler Bakan\u0131 Mahinur \u00d6zdemir G\u00f6kta\u015f, Berlin&#8217;de d\u00fczenlenen K\u00fcresel Engellilik Zirvesi&#8217;nin ard\u0131ndan gazetecilere de\u011ferlendirmelerde bulundu. Bakan G\u00f6kta\u015f, Almanya, \u00dcrd\u00fcn ve Uluslararas\u0131 Engelliler \u0130ttifak\u0131 (International Disability Alliance) ortakl\u0131\u011f\u0131yla yap\u0131lan zirvede, T\u00fcrkiye&#8217;nin eri\u015filebilirlik ve sosyal i\u00e7ermeye y\u00f6nelik att\u0131\u011f\u0131 g\u00fc\u00e7l\u00fc ad\u0131mlar\u0131 ve herkes i\u00e7in geli\u015ftirilen kapsay\u0131c\u0131 politikalar\u0131 payla\u015ft\u0131klar\u0131n\u0131 ifade etti. Zirvenin \u00f6nemine dikkati \u00e7eken G\u00f6kta\u015f, &#8220;\u00dclkemizde son 23 y\u0131lda Say\u0131n Cumhurba\u015fkan\u0131m\u0131z\u0131n \u00f6nderli\u011finde sosyal politikalar alan\u0131nda devrim niteli\u011finde yenilikleri hayata ge\u00e7irdik. Hem bu politikalar\u0131 anlatmak anlam\u0131nda hem uluslararas\u0131 boyuta ta\u015f\u0131mak hem de mevkida\u015flar\u0131m\u0131zla tecr\u00fcbelerimizi payla\u015fmak, de\u011ferlendirmek a\u00e7\u0131s\u0131ndan bu toplant\u0131lar\u0131 \u00e7ok de\u011ferli buluyoruz.&#8221; diye konu\u015ftu. T\u00fcrkiye&#8217;de herkes i\u00e7in eri\u015filebilirli\u011fi sa\u011flamak \u00fczere sa\u011flam bir yasal \u00e7er\u00e7eve olu\u015fturduklar\u0131n\u0131 an\u0131msatan Bakan G\u00f6kta\u015f, 2005 y\u0131l\u0131nda y\u00fcr\u00fcrl\u00fc\u011fe giren Engelliler Hakk\u0131nda Kanunla T\u00fcrkiye&#8217;de engelli bireylerin ya\u015famlar\u0131nda \u00f6nemli iyile\u015ftirmeler sa\u011fland\u0131\u011f\u0131n\u0131 ve bu alanda bir d\u00f6n\u00fcm noktas\u0131 oldu\u011funu s\u00f6yledi. G\u00f6kta\u015f, &#8220;Toplant\u0131da Engelliler Hakk\u0131nda Kanunu bundan tam 20 y\u0131l \u00f6nce hayata ge\u00e7irmi\u015f bir \u00fclke olarak, \u00fclkemizdeki engellilere y\u00f6nelik politikalar\u0131m\u0131z\u0131 anlatma ve ikili g\u00f6r\u00fc\u015fmelerimizde bu politikalar\u0131m\u0131z\u0131 detayland\u0131rma imkan\u0131 bulduk.&#8221; ifadelerini kulland\u0131. Kanunun, Birle\u015fmi\u015f Milletler Engellilerin Haklar\u0131na \u0130li\u015fkin S\u00f6zle\u015fmesi&#8217;nden \u00f6nce hayata ge\u00e7irildi\u011fine i\u015faret eden &hellip;"}