{"version":"1.0","provider_name":"Av. Deniz Can K\u0131z\u0131l","provider_url":"https:\/\/denizcankizil.tr\/en","author_name":"Antalya K\u00f6rfez","author_url":"https:\/\/denizcankizil.tr\/en\/author\/www-antalyakorfez-com\/","title":"Asl\u0131 Baykal Evli Mi? Deniz Baykal'\u0131n K\u0131z\u0131\u00a0Kimdir?","type":"rich","width":600,"height":338,"html":"<blockquote class=\"wp-embedded-content\" data-secret=\"zeAu8WbpeQ\"><a href=\"https:\/\/denizcankizil.tr\/en\/haberler\/gundem\/asli-baykal-evli-mi-deniz-baykalin-kizi-kimdir\/\">Asl\u0131 Baykal Evli Mi? Deniz Baykal&#8217;\u0131n K\u0131z\u0131\u00a0Kimdir?<\/a><\/blockquote><iframe sandbox=\"allow-scripts\" security=\"restricted\" src=\"https:\/\/denizcankizil.tr\/en\/haberler\/gundem\/asli-baykal-evli-mi-deniz-baykalin-kizi-kimdir\/embed\/#?secret=zeAu8WbpeQ\" width=\"600\" height=\"338\" title=\"&#8220;Asl\u0131 Baykal Evli Mi? Deniz Baykal&#8217;\u0131n K\u0131z\u0131\u00a0Kimdir?&#8221; &#8212; Av. Deniz Can K\u0131z\u0131l\" data-secret=\"zeAu8WbpeQ\" frameborder=\"0\" marginwidth=\"0\" marginheight=\"0\" scrolling=\"no\" class=\"wp-embedded-content\"><\/iframe><script>\n\/*! This file is auto-generated *\/\n!function(d,l){\"use strict\";l.querySelector&&d.addEventListener&&\"undefined\"!=typeof URL&&(d.wp=d.wp||{},d.wp.receiveEmbedMessage||(d.wp.receiveEmbedMessage=function(e){var t=e.data;if((t||t.secret||t.message||t.value)&&!\/[^a-zA-Z0-9]\/.test(t.secret)){for(var s,r,n,a=l.querySelectorAll('iframe[data-secret=\"'+t.secret+'\"]'),o=l.querySelectorAll('blockquote[data-secret=\"'+t.secret+'\"]'),c=new RegExp(\"^https?:$\",\"i\"),i=0;i<o.length;i++)o[i].style.display=\"none\";for(i=0;i<a.length;i++)s=a[i],e.source===s.contentWindow&&(s.removeAttribute(\"style\"),\"height\"===t.message?(1e3<(r=parseInt(t.value,10))?r=1e3:~~r<200&&(r=200),s.height=r):\"link\"===t.message&&(r=new URL(s.getAttribute(\"src\")),n=new URL(t.value),c.test(n.protocol))&&n.host===r.host&&l.activeElement===s&&(d.top.location.href=t.value))}},d.addEventListener(\"message\",d.wp.receiveEmbedMessage,!1),l.addEventListener(\"DOMContentLoaded\",function(){for(var e,t,s=l.querySelectorAll(\"iframe.wp-embedded-content\"),r=0;r<s.length;r++)(t=(e=s[r]).getAttribute(\"data-secret\"))||(t=Math.random().toString(36).substring(2,12),e.src+=\"#?secret=\"+t,e.setAttribute(\"data-secret\",t)),e.contentWindow.postMessage({message:\"ready\",secret:t},\"*\")},!1)))}(window,document);\n\/\/# sourceURL=https:\/\/denizcankizil.tr\/wp-includes\/js\/wp-embed.min.js\n<\/script>","description":"Sosyal medya hesaplar\u0131ndan yapt\u0131\u011f\u0131 siyasi payla\u015f\u0131mlarla g\u00fcndeme gelen Deniz Baykal\u2019\u0131n k\u0131z\u0131 Asl\u0131 Baykal merak edilen isimler aras\u0131nda yer al\u0131yor. \u00a0Peki, Asl\u0131 Baykal evli mi? \u00dcnl\u00fc siyaset\u00e7inin k\u0131z\u0131 hakk\u0131nda merak edilenleri yan\u0131tlad\u0131k! Asl\u0131 Baykal Evli Mi? Mevcut muhalefet hakk\u0131nda yapt\u0131\u011f\u0131 ele\u015ftirel payla\u015f\u0131mlar\u0131yla g\u00fcndeme gelen Asl\u0131 Baykal hayat\u0131yla ara\u015ft\u0131r\u0131lmaya ba\u015fland\u0131. Daha \u00f6nce iki kez evlilik yapan Asl\u0131 Baykal\u2019\u0131n \u015fu an evli olmad\u0131\u011f\u0131 bilinmektedir. \u0130lk evlili\u011finden bir \u00e7ocu\u011fu bulunan Asl\u0131 Baykal, ikinci evlili\u011fini ise Halil Ataman ile yapm\u0131\u015ft\u0131r. G\u00fcn\u00fcm\u00fczde bekar olan Baykal, akademik \u00e7al\u0131\u015fmalara odaklanm\u0131\u015ft\u0131r ve Akdeniz \u00dcniversitesi\u2019ndeki g\u00f6revine devam etmektedir. Deniz Baykal\u2019\u0131n k\u0131z\u0131 Asl\u0131 Baykal evli mi sorusunu yan\u0131tlad\u0131ktan sonra di\u011fer detaylarla devam edelim\u2026 Asl\u0131 Baykal\u2019\u0131n \u00c7ocuklar\u0131 Var M\u0131? \u00d6zel hayat\u0131na dair medyaya yans\u0131yan detayl\u0131 bilgiler bulunmayan Asl\u0131 Baykal\u2019\u0131n ilk evlili\u011finden iki \u00e7ocu\u011fu oldu\u011fu bilinenler aras\u0131ndad\u0131r. Daha \u00e7ok yapt\u0131\u011f\u0131 akademik \u00e7al\u0131\u015fmalar ve siyasi payla\u015f\u0131mlarla \u00f6ne \u00e7\u0131kan Baykal\u2019\u0131n \u00e7ocuklar\u0131 hakk\u0131nda net bir bilgi bulunmamaktad\u0131r. Asl\u0131 Baykal Ka\u00e7 Ya\u015f\u0131nda? 1965 y\u0131l\u0131nda Amerika Birle\u015fik Devletleri\u2019nin Washington D.C. kentinde d\u00fcnyaya gelen Asl\u0131 Baykal, 2025 y\u0131l\u0131 itibariyla 60 ya\u015f\u0131ndad\u0131r. Uzun y\u0131llard\u0131r biyokimya alan\u0131nda \u00e7al\u0131\u015fmalar yapm\u0131\u015f ve g\u00fcn\u00fcm\u00fczde de profes\u00f6r olarak \u00e7al\u0131\u015fmaya devam etmektedir. AsI\u0131 Baykal Kimdir? 1965 y\u0131l\u0131nda Amerika Birle\u015fik Devletleri\u2019nde d\u00fcnyaya gelen Asl\u0131 Baykal, eski Cumhuriyet Halk Partisi (CHP) Genel Ba\u015fkan\u0131 Deniz Baykal\u2019\u0131n k\u0131z\u0131d\u0131r. Akademik kariyeriyle &hellip;"}