{"version":"1.0","provider_name":"Av. Deniz Can K\u0131z\u0131l","provider_url":"https:\/\/denizcankizil.tr\/en","author_name":"Av. Deniz Can K\u0131z\u0131l","author_url":"https:\/\/denizcankizil.tr\/en","title":"Arsuz\u2019da Ulu\u00e7\u0131nar Rehabilitasyonundan Etkinlik","type":"rich","width":600,"height":338,"html":"<blockquote class=\"wp-embedded-content\" data-secret=\"1MBioooJMJ\"><a href=\"https:\/\/denizcankizil.tr\/en\/haberler\/gundem\/arsuzda-ulucinar-rehabilitasyonundan-etkinlik\/\">Arsuz\u2019da Ulu\u00e7\u0131nar Rehabilitasyonundan Etkinlik<\/a><\/blockquote><iframe sandbox=\"allow-scripts\" security=\"restricted\" src=\"https:\/\/denizcankizil.tr\/en\/haberler\/gundem\/arsuzda-ulucinar-rehabilitasyonundan-etkinlik\/embed\/#?secret=1MBioooJMJ\" width=\"600\" height=\"338\" title=\"&#8220;Arsuz\u2019da Ulu\u00e7\u0131nar Rehabilitasyonundan Etkinlik&#8221; &#8212; Av. Deniz Can K\u0131z\u0131l\" data-secret=\"1MBioooJMJ\" frameborder=\"0\" marginwidth=\"0\" marginheight=\"0\" scrolling=\"no\" class=\"wp-embedded-content\"><\/iframe><script>\n\/*! This file is auto-generated *\/\n!function(d,l){\"use strict\";l.querySelector&&d.addEventListener&&\"undefined\"!=typeof URL&&(d.wp=d.wp||{},d.wp.receiveEmbedMessage||(d.wp.receiveEmbedMessage=function(e){var t=e.data;if((t||t.secret||t.message||t.value)&&!\/[^a-zA-Z0-9]\/.test(t.secret)){for(var s,r,n,a=l.querySelectorAll('iframe[data-secret=\"'+t.secret+'\"]'),o=l.querySelectorAll('blockquote[data-secret=\"'+t.secret+'\"]'),c=new RegExp(\"^https?:$\",\"i\"),i=0;i<o.length;i++)o[i].style.display=\"none\";for(i=0;i<a.length;i++)s=a[i],e.source===s.contentWindow&&(s.removeAttribute(\"style\"),\"height\"===t.message?(1e3<(r=parseInt(t.value,10))?r=1e3:~~r<200&&(r=200),s.height=r):\"link\"===t.message&&(r=new URL(s.getAttribute(\"src\")),n=new URL(t.value),c.test(n.protocol))&&n.host===r.host&&l.activeElement===s&&(d.top.location.href=t.value))}},d.addEventListener(\"message\",d.wp.receiveEmbedMessage,!1),l.addEventListener(\"DOMContentLoaded\",function(){for(var e,t,s=l.querySelectorAll(\"iframe.wp-embedded-content\"),r=0;r<s.length;r++)(t=(e=s[r]).getAttribute(\"data-secret\"))||(t=Math.random().toString(36).substring(2,12),e.src+=\"#?secret=\"+t,e.setAttribute(\"data-secret\",t)),e.contentWindow.postMessage({message:\"ready\",secret:t},\"*\")},!1)))}(window,document);\n\/\/# sourceURL=https:\/\/denizcankizil.tr\/wp-includes\/js\/wp-embed.min.js\n<\/script>","description":"Fark\u0131ndal\u0131k \u0130\u00e7in El Ele Etkinlik, Ulu\u00e7\u0131nar Rehabilitasyon Merkezi\u2019nin Kurucu M\u00fcd\u00fcr\u00fc Uzman Fizyoterapist Nezih G\u00f6kp\u0131nar ve ortaklar\u0131 Murat \u00c7e\u00e7en ile Nazl\u0131 G\u00fcl \u00c7ankaya\u2019n\u0131n liderli\u011finde d\u00fczenlendi. Arsuz Kaymakam\u0131 Hasan G\u00f6kp\u0131nar, Hatay B\u00fcy\u00fck\u015fehir Belediye Ba\u015fkan\u0131 Mehmet \u00d6nt\u00fcrk ve Arsuz Belediye Ba\u015fkan\u0131 Sami \u00dcst\u00fcn\u2019\u00fcn destek verdi\u011fi organizasyona, \u00f6zel bireyler, aileleri, STK temsilcileri ve \u00e7ok say\u0131da davetli kat\u0131ld\u0131. Tatl\u0131 ve pasta ikramlar\u0131yla renklendirilen etkinlik, tiyatro sanat\u00e7\u0131s\u0131 Murat Elmas\u2019\u0131n sunumu, animasyon g\u00f6sterileri ve m\u00fczisyen Murat A\u015fkar\u2019\u0131n gitar performans\u0131yla unutulmaz anlara sahne oldu. \u201cAsla Yaln\u0131z De\u011filsiniz\u201d Etkinlikte konu\u015fan Ulu\u00e7\u0131nar Rehabilitasyon Merkezi Kurucu M\u00fcd\u00fcr\u00fc Nezih G\u00f6kp\u0131nar, engelli bireylerin toplumla kayna\u015fmas\u0131 ve \u00f6zg\u00fcven kazanmas\u0131 i\u00e7in b\u00fcy\u00fck bir \u00f6zveriyle \u00e7al\u0131\u015ft\u0131klar\u0131n\u0131 ifade etti. G\u00f6kp\u0131nar, \u201cEngelli bireylerin topluma entegre olarak \u00f6zg\u00fcvenli ve sosyal hayatta yer edinen bireyler olmas\u0131n\u0131 hedefliyoruz. Sa\u011fl\u0131k ve e\u011fitim s\u00fcre\u00e7lerinde ailelerimiz ve uzman kadromuzla b\u00fcy\u00fck ba\u015far\u0131lar elde ediyoruz\u201d dedi. Kaymakam G\u00f6kp\u0131nar\u2019dan Destek Mesaj\u0131 Arsuz Kaymakam\u0131 Hasan G\u00f6kp\u0131nar ise \u00f6zel bireylerin hayatlar\u0131n\u0131 kolayla\u015ft\u0131ran projelere devam edeceklerini belirterek, \u201cT\u00fcrkiye Cumhuriyeti Devleti, engelli bireylerin ihtiya\u00e7lar\u0131n\u0131 kar\u015f\u0131lamak i\u00e7in t\u00fcm imkanlar\u0131n\u0131 seferber etmektedir. Rehabilitasyon merkezleri bu alanda \u00e7ok \u00f6nemli bir g\u00f6rev \u00fcstlenmektedir\u201d diyerek organizasyonu d\u00fczenleyen ekibe te\u015fekk\u00fcr etti. Performanslar Gurur Kayna\u011f\u0131 Oldu Etkinlik boyunca sahne alan \u00f6zel bireyler, ald\u0131klar\u0131 e\u011fitimlerin etkisiyle kazand\u0131klar\u0131 \u00f6zg\u00fcven ve becerilerini sergiledi. Ailelerin g\u00f6zlerindeki mutluluk ve gurur, etkinli\u011fin en anlaml\u0131 &hellip;"}