{"version":"1.0","provider_name":"Av. Deniz Can K\u0131z\u0131l","provider_url":"https:\/\/denizcankizil.tr\/en","author_name":"Antalya K\u00f6rfez","author_url":"https:\/\/denizcankizil.tr\/en\/author\/www-antalyakorfez-com\/","title":"Ara se\u00e7im ve Antalya","type":"rich","width":600,"height":338,"html":"<blockquote class=\"wp-embedded-content\" data-secret=\"zdEfJLCMd0\"><a href=\"https:\/\/denizcankizil.tr\/en\/haberler\/gundem\/ara-secim-ve-antalya\/\">Ara se\u00e7im ve Antalya<\/a><\/blockquote><iframe sandbox=\"allow-scripts\" security=\"restricted\" src=\"https:\/\/denizcankizil.tr\/en\/haberler\/gundem\/ara-secim-ve-antalya\/embed\/#?secret=zdEfJLCMd0\" width=\"600\" height=\"338\" title=\"&#8220;Ara se\u00e7im ve Antalya&#8221; &#8212; Av. Deniz Can K\u0131z\u0131l\" data-secret=\"zdEfJLCMd0\" frameborder=\"0\" marginwidth=\"0\" marginheight=\"0\" scrolling=\"no\" class=\"wp-embedded-content\"><\/iframe><script>\n\/*! This file is auto-generated *\/\n!function(d,l){\"use strict\";l.querySelector&&d.addEventListener&&\"undefined\"!=typeof URL&&(d.wp=d.wp||{},d.wp.receiveEmbedMessage||(d.wp.receiveEmbedMessage=function(e){var t=e.data;if((t||t.secret||t.message||t.value)&&!\/[^a-zA-Z0-9]\/.test(t.secret)){for(var s,r,n,a=l.querySelectorAll('iframe[data-secret=\"'+t.secret+'\"]'),o=l.querySelectorAll('blockquote[data-secret=\"'+t.secret+'\"]'),c=new RegExp(\"^https?:$\",\"i\"),i=0;i<o.length;i++)o[i].style.display=\"none\";for(i=0;i<a.length;i++)s=a[i],e.source===s.contentWindow&&(s.removeAttribute(\"style\"),\"height\"===t.message?(1e3<(r=parseInt(t.value,10))?r=1e3:~~r<200&&(r=200),s.height=r):\"link\"===t.message&&(r=new URL(s.getAttribute(\"src\")),n=new URL(t.value),c.test(n.protocol))&&n.host===r.host&&l.activeElement===s&&(d.top.location.href=t.value))}},d.addEventListener(\"message\",d.wp.receiveEmbedMessage,!1),l.addEventListener(\"DOMContentLoaded\",function(){for(var e,t,s=l.querySelectorAll(\"iframe.wp-embedded-content\"),r=0;r<s.length;r++)(t=(e=s[r]).getAttribute(\"data-secret\"))||(t=Math.random().toString(36).substring(2,12),e.src+=\"#?secret=\"+t,e.setAttribute(\"data-secret\",t)),e.contentWindow.postMessage({message:\"ready\",secret:t},\"*\")},!1)))}(window,document);\n\/\/# sourceURL=https:\/\/denizcankizil.tr\/wp-includes\/js\/wp-embed.min.js\n<\/script>","description":"19 Mart sonras\u0131nda CHP i\u00e7in erken se\u00e7im \u00e7a\u011fr\u0131s\u0131 daha do\u011frusu erken se\u00e7im talebiyle eylemlilik bir zorunluluk haline geldi. Zira geni\u015f halk kitlelerinin talebiydi erken se\u00e7im. CHP de bu talebin a\u00e7\u0131\u011fa \u00e7\u0131kmas\u0131n\u0131 sa\u011flayan s\u00fcrecin (19 Mart) \u00f6znesi olarak \u00fcst\u00fcne d\u00fc\u015feni yapt\u0131, yamaya da devam ediyor. Yozgat, Konya, Beyaz\u0131t Meydan\u0131 gibi \u015fimdiden tarihe ge\u00e7en g\u00f6rkemli mitinglerle s\u00fcreci do\u011fru bir \u015fekilde ilerletiyor. Soka\u011f\u0131n nabz\u0131n\u0131 do\u011fru okuyarak ilerliyor. Bunlar toplumsal hamleler. Ama bir de olay\u0131n hukuki (!) boyutu var. Biliyorsunuz. Erken se\u00e7im i\u00e7in ya Cumhurba\u015fkan\u0131 \u00fclkeyi erken se\u00e7ime g\u00f6t\u00fcrecek ya da TBMM erken se\u00e7im karar\u0131 alacak. Recep Tayyip Erdo\u011fan\u2019\u0131n b\u00f6yle bir gelene\u011fi yok. Ne olursa olsun, s\u00fcresini sonuna kadar kullan\u0131yor. Bu nedenle bu se\u00e7enek gibi g\u00f6r\u00fcnm\u00fcyor. Di\u011fer taraftan da TBMM\u2019nin erken se\u00e7im karar\u0131 alabilmek i\u00e7in 360 milletvekilinin erken se\u00e7ime evet demesi gerekiyor. Bug\u00fcnk\u00fc TBMM\u2019de yer alan partilerin say\u0131lar\u0131na bakt\u0131\u011f\u0131m\u0131zda bu da m\u00fcmk\u00fcn g\u00f6r\u00fcnm\u00fcyor. Yani, erken se\u00e7im i\u00e7in Meclis yolu kapal\u0131 gibi duruyor. CHP\u2019nin elindeki bir di\u011fer koz da \u2018ara se\u00e7im\u2019. Anayasa\u2019da ara se\u00e7im i\u00e7in, \u2018genel se\u00e7imden otuz ay ge\u00e7medik\u00e7e ara se\u00e7ime gidilemez\u2019 deniliyor. Ancak bu durumun bir istisnas\u0131 var. TBMM\u2019de bo\u015falan \u00fcyeliklerin say\u0131s\u0131, \u00fcye tam say\u0131s\u0131n\u0131n y\u00fczde be\u015fini buldu\u011fu hallerde ara se\u00e7imlerin \u00fc\u00e7 ay i\u00e7erisinde yap\u0131lmas\u0131 yine Anayasa\u2019da ifade edilmi\u015f. Bug\u00fcn TBMM\u2019de milletvekili say\u0131s\u0131 &hellip;"}