{"version":"1.0","provider_name":"Av. Deniz Can K\u0131z\u0131l","provider_url":"https:\/\/denizcankizil.tr\/en","author_name":"Antalya K\u00f6rfez","author_url":"https:\/\/denizcankizil.tr\/en\/author\/www-antalyakorfez-com\/","title":"Antalya\u2019n\u0131n o plaj\u0131nda b\u00fcfe say\u0131s\u0131 art\u0131yor!","type":"rich","width":600,"height":338,"html":"<blockquote class=\"wp-embedded-content\" data-secret=\"1UsOTjUjQG\"><a href=\"https:\/\/denizcankizil.tr\/en\/haberler\/gundem\/antalyanin-o-plajinda-bufe-sayisi-artiyor\/\">Antalya\u2019n\u0131n o plaj\u0131nda b\u00fcfe say\u0131s\u0131 art\u0131yor!<\/a><\/blockquote><iframe sandbox=\"allow-scripts\" security=\"restricted\" src=\"https:\/\/denizcankizil.tr\/en\/haberler\/gundem\/antalyanin-o-plajinda-bufe-sayisi-artiyor\/embed\/#?secret=1UsOTjUjQG\" width=\"600\" height=\"338\" title=\"&#8220;Antalya\u2019n\u0131n o plaj\u0131nda b\u00fcfe say\u0131s\u0131 art\u0131yor!&#8221; &#8212; Av. Deniz Can K\u0131z\u0131l\" data-secret=\"1UsOTjUjQG\" frameborder=\"0\" marginwidth=\"0\" marginheight=\"0\" scrolling=\"no\" class=\"wp-embedded-content\"><\/iframe><script>\n\/*! This file is auto-generated *\/\n!function(d,l){\"use strict\";l.querySelector&&d.addEventListener&&\"undefined\"!=typeof URL&&(d.wp=d.wp||{},d.wp.receiveEmbedMessage||(d.wp.receiveEmbedMessage=function(e){var t=e.data;if((t||t.secret||t.message||t.value)&&!\/[^a-zA-Z0-9]\/.test(t.secret)){for(var s,r,n,a=l.querySelectorAll('iframe[data-secret=\"'+t.secret+'\"]'),o=l.querySelectorAll('blockquote[data-secret=\"'+t.secret+'\"]'),c=new RegExp(\"^https?:$\",\"i\"),i=0;i<o.length;i++)o[i].style.display=\"none\";for(i=0;i<a.length;i++)s=a[i],e.source===s.contentWindow&&(s.removeAttribute(\"style\"),\"height\"===t.message?(1e3<(r=parseInt(t.value,10))?r=1e3:~~r<200&&(r=200),s.height=r):\"link\"===t.message&&(r=new URL(s.getAttribute(\"src\")),n=new URL(t.value),c.test(n.protocol))&&n.host===r.host&&l.activeElement===s&&(d.top.location.href=t.value))}},d.addEventListener(\"message\",d.wp.receiveEmbedMessage,!1),l.addEventListener(\"DOMContentLoaded\",function(){for(var e,t,s=l.querySelectorAll(\"iframe.wp-embedded-content\"),r=0;r<s.length;r++)(t=(e=s[r]).getAttribute(\"data-secret\"))||(t=Math.random().toString(36).substring(2,12),e.src+=\"#?secret=\"+t,e.setAttribute(\"data-secret\",t)),e.contentWindow.postMessage({message:\"ready\",secret:t},\"*\")},!1)))}(window,document);\n\/\/# sourceURL=https:\/\/denizcankizil.tr\/wp-includes\/js\/wp-embed.min.js\n<\/script>","description":"Antalya\u2019n\u0131n tarihi Kalei\u00e7i b\u00f6lgesinde yer alan Mermerli Plaj\u0131, \u00c7evre, \u015eehircilik ve \u0130klim De\u011fi\u015fikli\u011fi Bakanl\u0131\u011f\u0131 taraf\u0131ndan Antalya Valili\u011fi\u2019ne tahsis edilmi\u015fti. Antalya Valisi Hulusi \u015eahin, plaj\u0131n yenilenerek daha temiz ve nezih bir \u015fekilde halk\u0131n kullan\u0131m\u0131na sunulaca\u011f\u0131n\u0131 ifade etti. Antalya Valili\u011fi taraf\u0131ndan plaj genelinde ba\u015flat\u0131lan tadilat \u00e7al\u0131\u015fmalar\u0131 aral\u0131ks\u0131z bir \u015fekilde s\u00fcrerken, plaj\u0131n sezona haz\u0131r hale getirilmesi hedefleniyor. Tadilat\u0131n devam etti\u011fi plaj\u0131n \u00fcst k\u0131sm\u0131nda ise park\u0131n ortas\u0131na konulan devasa b\u00fcfenin yan\u0131na 3 ayr\u0131 b\u00fcfe daha konuldu. \u015eEHR\u0130N EN \u00d6NEML\u0130 PLAJLARI ARASINDA G\u00d6STER\u0130L\u0130YOR Antalya\u2019da tarihi Kalei\u00e7i\u2019nin yat liman\u0131 \u00e7evresinde, y\u00fcksek traverten kayal\u0131klar aras\u0131nda yer alan ve Mavi Bayrak \u00f6d\u00fcl\u00fcne sahip Mermerli Plaj\u0131, b\u00f6lgenin tek kumsal\u0131 olma \u00f6zelli\u011fi ta\u015f\u0131yor. Ad\u0131n\u0131 bir d\u00f6nem liman\u0131n g\u00fcneydo\u011fusundaki y\u00fcksek terasta bulunan Mermerli K\u00f6\u015fk\u2019ten alan plaj, berrak suyu ve temiz sahiliyle hem yerli hem de yabanc\u0131 turistlerin ilgisini \u00e7ekiyor. Antalya Valili\u011fi\u2019ne tahsis edilen Mermerli Plaj\u0131\u2019nda devam eden tadilat \u00e7al\u0131\u015fmalar\u0131n\u0131n k\u0131sa s\u00fcrede tamamlanmas\u0131 hedefleniyor. L\u00dcKS \u0130\u015eLETMELERE TEPK\u0130 G\u00d6STERM\u0130\u015eT\u0130 Antalya Valisi Hulusi \u015eahin, Mermerli Plaj\u0131\u2019n\u0131n uzun s\u00fcredir bak\u0131ms\u0131z kald\u0131\u011f\u0131n\u0131 ve yap\u0131lan tahsisle birlikte bu durumun de\u011fi\u015fece\u011fini a\u00e7\u0131klam\u0131\u015ft\u0131. Plaj\u0131n tarihi dokusunu koruyarak yenileme \u00e7al\u0131\u015fmalar\u0131 yap\u0131laca\u011f\u0131n\u0131 s\u00f6yleyen \u015eahin, k\u00f6t\u00fc durumdaki merdivenlerin onar\u0131laca\u011f\u0131n\u0131 ve plaj\u0131n temiz, d\u00fczenli bir hale getirilece\u011fini ifade etti. Plajlar\u0131n l\u00fcks i\u015fletmelere devredilmesine kar\u015f\u0131 oldu\u011funu dile getiren Vali \u015eahin, falez b\u00f6lgesindeki plajlar\u0131n herkesin &hellip;"}