{"version":"1.0","provider_name":"Av. Deniz Can K\u0131z\u0131l","provider_url":"https:\/\/denizcankizil.tr\/en","author_name":"Av. Deniz Can K\u0131z\u0131l","author_url":"https:\/\/denizcankizil.tr\/en","title":"Antalya\u2019da tart\u0131\u015fma yaratan dev platform!","type":"rich","width":600,"height":338,"html":"<blockquote class=\"wp-embedded-content\" data-secret=\"8imYau3bvR\"><a href=\"https:\/\/denizcankizil.tr\/en\/haberler\/gundem\/antalyada-tartisma-yaratan-dev-platform\/\">Antalya\u2019da tart\u0131\u015fma yaratan dev platform!<\/a><\/blockquote><iframe sandbox=\"allow-scripts\" security=\"restricted\" src=\"https:\/\/denizcankizil.tr\/en\/haberler\/gundem\/antalyada-tartisma-yaratan-dev-platform\/embed\/#?secret=8imYau3bvR\" width=\"600\" height=\"338\" title=\"&#8220;Antalya\u2019da tart\u0131\u015fma yaratan dev platform!&#8221; &#8212; Av. Deniz Can K\u0131z\u0131l\" data-secret=\"8imYau3bvR\" frameborder=\"0\" marginwidth=\"0\" marginheight=\"0\" scrolling=\"no\" class=\"wp-embedded-content\"><\/iframe><script>\n\/*! This file is auto-generated *\/\n!function(d,l){\"use strict\";l.querySelector&&d.addEventListener&&\"undefined\"!=typeof URL&&(d.wp=d.wp||{},d.wp.receiveEmbedMessage||(d.wp.receiveEmbedMessage=function(e){var t=e.data;if((t||t.secret||t.message||t.value)&&!\/[^a-zA-Z0-9]\/.test(t.secret)){for(var s,r,n,a=l.querySelectorAll('iframe[data-secret=\"'+t.secret+'\"]'),o=l.querySelectorAll('blockquote[data-secret=\"'+t.secret+'\"]'),c=new RegExp(\"^https?:$\",\"i\"),i=0;i<o.length;i++)o[i].style.display=\"none\";for(i=0;i<a.length;i++)s=a[i],e.source===s.contentWindow&&(s.removeAttribute(\"style\"),\"height\"===t.message?(1e3<(r=parseInt(t.value,10))?r=1e3:~~r<200&&(r=200),s.height=r):\"link\"===t.message&&(r=new URL(s.getAttribute(\"src\")),n=new URL(t.value),c.test(n.protocol))&&n.host===r.host&&l.activeElement===s&&(d.top.location.href=t.value))}},d.addEventListener(\"message\",d.wp.receiveEmbedMessage,!1),l.addEventListener(\"DOMContentLoaded\",function(){for(var e,t,s=l.querySelectorAll(\"iframe.wp-embedded-content\"),r=0;r<s.length;r++)(t=(e=s[r]).getAttribute(\"data-secret\"))||(t=Math.random().toString(36).substring(2,12),e.src+=\"#?secret=\"+t,e.setAttribute(\"data-secret\",t)),e.contentWindow.postMessage({message:\"ready\",secret:t},\"*\")},!1)))}(window,document);\n\/\/# sourceURL=https:\/\/denizcankizil.tr\/wp-includes\/js\/wp-embed.min.js\n<\/script>","description":"Antalya\u2019da Cumhuriyetin 101. y\u0131ld\u00f6n\u00fcm\u00fc dolay\u0131s\u0131yla co\u015fkulu bir program d\u00fczenlenecek. Antalya Valili\u011fi, Garnizon Komutanl\u0131\u011f\u0131 ve B\u00fcy\u00fck\u015fehir Belediye Ba\u015fkanl\u0131\u011f\u0131\u2019n\u0131n birlikte d\u00fczenledi\u011fi etkinliklerle 29 Ekim Cumhuriyet Bayram\u0131 co\u015fkusunu t\u00fcm \u015fehirde ya\u015fat\u0131lacak. Program, ilk olarak cumhuriyet meydan\u0131nda \u00e7elenk sunma t\u00f6reni ile ba\u015flad\u0131 ve farkl\u0131 ya\u015f gruplar\u0131na hitap eden \u00e7e\u015fitli etkinliklerle devam ediyor. Bug\u00fcn ak\u015fam saatlerinde ise Antalya B\u00fcy\u00fck\u015fehir Belediyesi taraf\u0131ndan d\u00fczenlenen \u201cFener Alay\u0131 ve Cumhuriyetimizin 101. Y\u0131l\u0131 Konseri\u201d ile Cumhuriyet Bayram\u0131 co\u015fkusu doruk noktas\u0131na ula\u015facak. Saat 18.30\u2019da Varyantlar\u2019da ba\u015flayan y\u00fcr\u00fcy\u00fc\u015f, Cumhuriyet Meydan\u0131\u2019nda sona erecek. Hemen ard\u0131ndan ise Cumhuriyet Meydan\u0131&#8217;nda \u00fcnl\u00fc sanat\u00e7\u0131 Kenan Do\u011fulu sahne alacak. \u00a0 DEV PLATFORM Antalya B\u00fcy\u00fck\u015fehir Belediyesi\u2019nin Cumhuriyet Bayram\u0131 etkinlikleri kapsam\u0131nda bu ak\u015fam d\u00fczenleyece\u011fi Kenan Do\u011fulu konseri i\u00e7in kurulan dev platform, maliyeti nedeniyle tart\u0131\u015fmalara yol a\u00e7t\u0131. Cumhuriyet Meydan\u0131\u2019nda ger\u00e7ekle\u015ftirilecek konser i\u00e7in g\u00fcnler s\u00fcren haz\u0131rl\u0131klarla devasa bir sahne ve platformu kuruldu. Platformun maliyetine dair \u015fuana kadar bilgi verilmemesi ele\u015ftirilerin ana konusu oldu. \u0130Y\u0130 Parti \u0130l Ba\u015fkan\u0131 Ali Adnan Kaya, cumhuriyetin 101\u2019inci y\u0131l\u0131n\u0131 en co\u015fkulu bir \u015fekilde kutlamak istediklerini, konser \u00fccretinin kamuoyuna a\u00e7\u0131klanmas\u0131n\u0131 istedi. MECL\u0130S G\u00dcNDEM\u0130NE TA\u015eINACAK AK Parti Antalya B\u00fcy\u00fck\u015fehir Belediye Meclisi Grup S\u00f6zc\u00fcs\u00fc Bahattin Bayraktar, platformun maliyetinin a\u00e7\u0131klanmad\u0131\u011f\u0131n\u0131 belirterek belediyeye \u00e7a\u011fr\u0131da bulundu. Bayraktar, \u201cKonser i\u00e7in bu denli b\u00fcy\u00fck bir harcama yap\u0131lmas\u0131n\u0131n gerek\u00e7esini \u00f6\u011frenmek istiyoruz. \u0130\u015flerine geldi\u011finde tasarruf yapmaktan bahsediyorlar; ancak &hellip;"}