{"version":"1.0","provider_name":"Av. Deniz Can K\u0131z\u0131l","provider_url":"https:\/\/denizcankizil.tr\/en","author_name":"Av. Deniz Can K\u0131z\u0131l","author_url":"https:\/\/denizcankizil.tr\/en","title":"Antalya\u2019da CHP\u2019liler esnaf\u0131 dinledi","type":"rich","width":600,"height":338,"html":"<blockquote class=\"wp-embedded-content\" data-secret=\"ucp9yXiFRn\"><a href=\"https:\/\/denizcankizil.tr\/en\/haberler\/gundem\/antalyada-chpliler-esnafi-dinledi\/\">Antalya\u2019da CHP\u2019liler esnaf\u0131 dinledi<\/a><\/blockquote><iframe sandbox=\"allow-scripts\" security=\"restricted\" src=\"https:\/\/denizcankizil.tr\/en\/haberler\/gundem\/antalyada-chpliler-esnafi-dinledi\/embed\/#?secret=ucp9yXiFRn\" width=\"600\" height=\"338\" title=\"&#8220;Antalya\u2019da CHP\u2019liler esnaf\u0131 dinledi&#8221; &#8212; Av. Deniz Can K\u0131z\u0131l\" data-secret=\"ucp9yXiFRn\" frameborder=\"0\" marginwidth=\"0\" marginheight=\"0\" scrolling=\"no\" class=\"wp-embedded-content\"><\/iframe><script>\n\/*! This file is auto-generated *\/\n!function(d,l){\"use strict\";l.querySelector&&d.addEventListener&&\"undefined\"!=typeof URL&&(d.wp=d.wp||{},d.wp.receiveEmbedMessage||(d.wp.receiveEmbedMessage=function(e){var t=e.data;if((t||t.secret||t.message||t.value)&&!\/[^a-zA-Z0-9]\/.test(t.secret)){for(var s,r,n,a=l.querySelectorAll('iframe[data-secret=\"'+t.secret+'\"]'),o=l.querySelectorAll('blockquote[data-secret=\"'+t.secret+'\"]'),c=new RegExp(\"^https?:$\",\"i\"),i=0;i<o.length;i++)o[i].style.display=\"none\";for(i=0;i<a.length;i++)s=a[i],e.source===s.contentWindow&&(s.removeAttribute(\"style\"),\"height\"===t.message?(1e3<(r=parseInt(t.value,10))?r=1e3:~~r<200&&(r=200),s.height=r):\"link\"===t.message&&(r=new URL(s.getAttribute(\"src\")),n=new URL(t.value),c.test(n.protocol))&&n.host===r.host&&l.activeElement===s&&(d.top.location.href=t.value))}},d.addEventListener(\"message\",d.wp.receiveEmbedMessage,!1),l.addEventListener(\"DOMContentLoaded\",function(){for(var e,t,s=l.querySelectorAll(\"iframe.wp-embedded-content\"),r=0;r<s.length;r++)(t=(e=s[r]).getAttribute(\"data-secret\"))||(t=Math.random().toString(36).substring(2,12),e.src+=\"#?secret=\"+t,e.setAttribute(\"data-secret\",t)),e.contentWindow.postMessage({message:\"ready\",secret:t},\"*\")},!1)))}(window,document);\n\/\/# sourceURL=https:\/\/denizcankizil.tr\/wp-includes\/js\/wp-embed.min.js\n<\/script>","description":"CHP, 81 ilde esnaf ziyaretleri ger\u00e7ekle\u015ftirip, vatanda\u015flar\u0131n sorunlar\u0131n\u0131 dinledi. \u00a0\u00c7al\u0131\u015fmalar kapsam\u0131nda CHP Manisa Milletvekili Bekir Ba\u015fevirgen, Antalya&#8217;da esnaf\u0131 ziyaret etti. Ba\u015fevirgen&#8217;e ya\u015fad\u0131klar\u0131 ekonomik zorluklar\u0131 anlatan esnaflar, dert yand\u0131. Esnaf ziyaretlerine CHP Antalya \u0130l Ba\u015fkan\u0131 Nail Kamac\u0131 ile Muratpa\u015fa \u0130l\u00e7e Ba\u015fkan\u0131 Okan Can K\u0131ran\u2019da kat\u0131ld\u0131.\u00a0 F\u0130YAT ARTI\u015eI VATANDA\u015e KADAR ESNAFIDA BIKTIRDI CHP Manisa Milletvekili Bekir Ba\u015fevirgen, Antalya ziyaret program\u0131 \u00e7er\u00e7evesinde pazarc\u0131 esnaf\u0131n\u0131 ziyaret etti. Ziyarette Ba\u015fevirgen\u2019e CHP Antalya \u0130l Ba\u015fkan\u0131 Nail Kamac\u0131 ile Muratpa\u015fa \u0130l\u00e7e Ba\u015fkan\u0131 Okan Can K\u0131ran\u2019da e\u015flik etti. Cumhuriyet Halk Partisi\u2019nin 81 ilde d\u00fczenledi\u011fi ziyaretlerde milletvekilleri, esnaf ve vatanda\u015flara asgari \u00fccret i\u00e7in talep edilen 30 bin TL\u2019yi anlatt\u0131. Esnaf\u0131n sorunlar\u0131n\u0131 dinleyen milletvekillerin g\u00fcndemi, ya\u015fanan zamlar ve ge\u00e7im derdi. CHP\u2019li milletvekilleri sadece Muratpa\u015fa il\u00e7esinde de\u011fil Kepez ve Konyaalt\u0131\u2019nda da pazarc\u0131 esnaflar\u0131n\u0131 ziyaret etti. \u0130\u015e YAPAMAZ HALE GELD\u0130K Antalya Muratpa\u015fa il\u00e7esindeki kapal\u0131 pazar alan\u0131nda yer alan esnaflar\u0131n, sorunlar\u0131n\u0131 dinleyen CHP Manisa Milletvekili Bekir Ba\u015fevirgen bir esnaf\u0131n kendisine; \u201cEski i\u015fler nerede? Eski i\u015fler \u015fu anda y\u00fczde 5! Ben bu pazarda be\u015f torba yo\u011furt sat\u0131yordum. Be\u015f torba yo\u011furt 20 kilodan 100 kilo yap\u0131yordu. \u015eimdi bir torba yo\u011furt satam\u0131yorum. Bu da 10 kilo. Ben bu peynirleri sabah a\u00e7t\u0131m eski zamanda olsa biterdi. Bu peynirin tenekesi bir bu\u00e7uk sene \u00f6nce 800 lirayd\u0131. \u015eimdi ise &hellip;"}