{"version":"1.0","provider_name":"Av. Deniz Can K\u0131z\u0131l","provider_url":"https:\/\/denizcankizil.tr\/en","author_name":"Av. Deniz Can K\u0131z\u0131l","author_url":"https:\/\/denizcankizil.tr\/en","title":"Antalya valisinden turizmcilere BP modeli \u00f6nerisi!","type":"rich","width":600,"height":338,"html":"<blockquote class=\"wp-embedded-content\" data-secret=\"PGXyhH2Wjs\"><a href=\"https:\/\/denizcankizil.tr\/en\/haberler\/gundem\/antalya-valisinden-turizmcilere-bp-modeli-onerisi\/\">Antalya valisinden turizmcilere BP modeli \u00f6nerisi!<\/a><\/blockquote><iframe sandbox=\"allow-scripts\" security=\"restricted\" src=\"https:\/\/denizcankizil.tr\/en\/haberler\/gundem\/antalya-valisinden-turizmcilere-bp-modeli-onerisi\/embed\/#?secret=PGXyhH2Wjs\" width=\"600\" height=\"338\" title=\"&#8220;Antalya valisinden turizmcilere BP modeli \u00f6nerisi!&#8221; &#8212; Av. Deniz Can K\u0131z\u0131l\" data-secret=\"PGXyhH2Wjs\" frameborder=\"0\" marginwidth=\"0\" marginheight=\"0\" scrolling=\"no\" class=\"wp-embedded-content\"><\/iframe><script>\n\/*! This file is auto-generated *\/\n!function(d,l){\"use strict\";l.querySelector&&d.addEventListener&&\"undefined\"!=typeof URL&&(d.wp=d.wp||{},d.wp.receiveEmbedMessage||(d.wp.receiveEmbedMessage=function(e){var t=e.data;if((t||t.secret||t.message||t.value)&&!\/[^a-zA-Z0-9]\/.test(t.secret)){for(var s,r,n,a=l.querySelectorAll('iframe[data-secret=\"'+t.secret+'\"]'),o=l.querySelectorAll('blockquote[data-secret=\"'+t.secret+'\"]'),c=new RegExp(\"^https?:$\",\"i\"),i=0;i<o.length;i++)o[i].style.display=\"none\";for(i=0;i<a.length;i++)s=a[i],e.source===s.contentWindow&&(s.removeAttribute(\"style\"),\"height\"===t.message?(1e3<(r=parseInt(t.value,10))?r=1e3:~~r<200&&(r=200),s.height=r):\"link\"===t.message&&(r=new URL(s.getAttribute(\"src\")),n=new URL(t.value),c.test(n.protocol))&&n.host===r.host&&l.activeElement===s&&(d.top.location.href=t.value))}},d.addEventListener(\"message\",d.wp.receiveEmbedMessage,!1),l.addEventListener(\"DOMContentLoaded\",function(){for(var e,t,s=l.querySelectorAll(\"iframe.wp-embedded-content\"),r=0;r<s.length;r++)(t=(e=s[r]).getAttribute(\"data-secret\"))||(t=Math.random().toString(36).substring(2,12),e.src+=\"#?secret=\"+t,e.setAttribute(\"data-secret\",t)),e.contentWindow.postMessage({message:\"ready\",secret:t},\"*\")},!1)))}(window,document);\n\/\/# sourceURL=https:\/\/denizcankizil.tr\/wp-includes\/js\/wp-embed.min.js\n<\/script>","description":"T\u00fcrkiye turizminde yeni pazarlar\u0131n art\u0131r\u0131lmas\u0131 amac\u0131yla ger\u00e7ekle\u015ftirilen 6\u2019nc\u0131 Antalya Turizm Fuar\u0131 ba\u015flad\u0131. Bu y\u0131l ilk defa 3 g\u00fcn boyunca s\u00fcrecek fuar\u0131n ANFA\u015e Fuar Merkezi\u2019nde a\u00e7\u0131l\u0131\u015f\u0131na Kuzey K\u0131br\u0131s T\u00fcrk Cumhuriyeti (KKTC) Ba\u015fbakan Yard\u0131mc\u0131s\u0131, Turizm, K\u00fclt\u00fcr, Gen\u00e7lik ve \u00c7evre Bakan\u0131 Fikri Atao\u011flu, Antalya Valisi Hulusi \u015eahin, CHP Antalya Milletvekili Sururi \u00c7orabat\u0131r, T\u00dcRSAB Ba\u015fkan Yard\u0131mc\u0131s\u0131 Davut G\u00fcnayd\u0131n, ATSO Ba\u015fkan\u0131 Yusuf Hac\u0131s\u00fcleyman, Akdeniz Turistik Otelciler ve \u0130\u015fletmeciler Birli\u011fi (AKTOB) Ba\u015fkan\u0131 Kaan Ka\u015fif Kavalo\u011flu, Antalya Turizm Fuar\u0131 Kurucusu ve Ba\u015fkan\u0131 Sel\u00e7uk Meral, T\u00fcrkiye \u0130\u015f Bankas\u0131 Genel M\u00fcd\u00fcr Yard\u0131mc\u0131s\u0131 Sezgin Y\u0131lmaz ve davetliler kat\u0131ld\u0131. 60 \u00fclkeden 2 binden fazla seyahat acentesi temsilcisinin kat\u0131laca\u011f\u0131 fuarda 100\u2019\u00fcn \u00fczerinde konu\u015fmac\u0131 turizm sekt\u00f6r\u00fcn\u00fcn gelece\u011fini konu\u015facak.\u00a0 D\u00dcNYANIN EN \u0130Y\u0130S\u0130 Antalya Turizm Fuar\u0131 Kurucusu ve Ba\u015fkan\u0131 Sel\u00e7uk Meral, fuarc\u0131l\u0131kta \u00e7ok ince detaylar\u0131n oldu\u011funu s\u00f6yledi. Meral 2019 y\u0131l\u0131nda 4 bin metrekareyle ba\u015flad\u0131klar\u0131n\u0131 ve bug\u00fcn 35 bin metrekareye \u00e7\u0131kt\u0131klar\u0131n\u0131 30 binden fazla ziyaret\u00e7i potansiyeline h\u00e2kim olduklar\u0131n\u0131 ifade etti. Yerinde pazarlama iddias\u0131yla ortaya \u00e7\u0131kt\u0131klar\u0131n\u0131 da kaydeden Meral, \u201cEn iyisi kendi memleketimizde tan\u0131t\u0131m yapmak diye d\u00fc\u015f\u00fcnd\u00fck ve burada yapmaya karar verdik. Bu kabul g\u00f6rd\u00fc. Bug\u00fcn g\u00f6rd\u00fc\u011f\u00fcm simalar d\u00fcnyan\u0131n en \u00f6nemli turizm fabrikalar\u0131n\u0131n ba\u015f\u0131ndaki ki\u015filer. Yerinde bir fuarc\u0131l\u0131k anlay\u0131\u015f\u0131 \u00e7ok nadir g\u00f6r\u00fcnen bir \u015feydir. D\u00fcnyada sadece Antalya\u2019da var. T\u00fcm pazarlar\u0131 bir araya getirdik. T\u00fcm operat\u00f6rler burada bulunuyor. &hellip;"}