{"version":"1.0","provider_name":"Av. Deniz Can K\u0131z\u0131l","provider_url":"https:\/\/denizcankizil.tr\/en","author_name":"Antalya K\u00f6rfez","author_url":"https:\/\/denizcankizil.tr\/en\/author\/www-antalyakorfez-com\/","title":"Antalya son 15 y\u0131l\u0131n rekorunu k\u0131rd\u0131","type":"rich","width":600,"height":338,"html":"<blockquote class=\"wp-embedded-content\" data-secret=\"9DPxyCLVBO\"><a href=\"https:\/\/denizcankizil.tr\/en\/haberler\/gundem\/antalya-son-15-yilin-rekorunu-kirdi\/\">Antalya son 15 y\u0131l\u0131n rekorunu k\u0131rd\u0131<\/a><\/blockquote><iframe sandbox=\"allow-scripts\" security=\"restricted\" src=\"https:\/\/denizcankizil.tr\/en\/haberler\/gundem\/antalya-son-15-yilin-rekorunu-kirdi\/embed\/#?secret=9DPxyCLVBO\" width=\"600\" height=\"338\" title=\"&#8220;Antalya son 15 y\u0131l\u0131n rekorunu k\u0131rd\u0131&#8221; &#8212; Av. Deniz Can K\u0131z\u0131l\" data-secret=\"9DPxyCLVBO\" frameborder=\"0\" marginwidth=\"0\" marginheight=\"0\" scrolling=\"no\" class=\"wp-embedded-content\"><\/iframe><script>\n\/*! This file is auto-generated *\/\n!function(d,l){\"use strict\";l.querySelector&&d.addEventListener&&\"undefined\"!=typeof URL&&(d.wp=d.wp||{},d.wp.receiveEmbedMessage||(d.wp.receiveEmbedMessage=function(e){var t=e.data;if((t||t.secret||t.message||t.value)&&!\/[^a-zA-Z0-9]\/.test(t.secret)){for(var s,r,n,a=l.querySelectorAll('iframe[data-secret=\"'+t.secret+'\"]'),o=l.querySelectorAll('blockquote[data-secret=\"'+t.secret+'\"]'),c=new RegExp(\"^https?:$\",\"i\"),i=0;i<o.length;i++)o[i].style.display=\"none\";for(i=0;i<a.length;i++)s=a[i],e.source===s.contentWindow&&(s.removeAttribute(\"style\"),\"height\"===t.message?(1e3<(r=parseInt(t.value,10))?r=1e3:~~r<200&&(r=200),s.height=r):\"link\"===t.message&&(r=new URL(s.getAttribute(\"src\")),n=new URL(t.value),c.test(n.protocol))&&n.host===r.host&&l.activeElement===s&&(d.top.location.href=t.value))}},d.addEventListener(\"message\",d.wp.receiveEmbedMessage,!1),l.addEventListener(\"DOMContentLoaded\",function(){for(var e,t,s=l.querySelectorAll(\"iframe.wp-embedded-content\"),r=0;r<s.length;r++)(t=(e=s[r]).getAttribute(\"data-secret\"))||(t=Math.random().toString(36).substring(2,12),e.src+=\"#?secret=\"+t,e.setAttribute(\"data-secret\",t)),e.contentWindow.postMessage({message:\"ready\",secret:t},\"*\")},!1)))}(window,document);\n\/\/# sourceURL=https:\/\/denizcankizil.tr\/wp-includes\/js\/wp-embed.min.js\n<\/script>","description":"Meteoroloji Genel M\u00fcd\u00fcrl\u00fc\u011f\u00fc, 2024 y\u0131l\u0131 Aral\u0131k ay\u0131 S\u0131cakl\u0131k ve Alansal Ya\u011f\u0131\u015f raporlar\u0131 yay\u0131nland\u0131. Normaline g\u00f6re s\u0131cakl\u0131\u011f\u0131n 1,3 derece artt\u0131\u011f\u0131 2024 y\u0131l\u0131 Aral\u0131k ay\u0131nda, ya\u011f\u0131\u015flar\u0131n normaline g\u00f6re y\u00fczde 4 azald\u0131\u011f\u0131 belirlendi. SICAKLIK 1,3 DERECE Y\u00dcKSELD\u0130 Meteoroloji Genel M\u00fcd\u00fcrl\u00fc\u011f\u00fc&#8217;n\u00fcn s\u0131cakl\u0131k raporuna g\u00f6re; 2024 y\u0131l\u0131 Aral\u0131k ay\u0131nda ortalama s\u0131cakl\u0131klar bat\u0131daki bir\u00e7ok ilde mevsim normallerinin \u00fczerinde ger\u00e7ekle\u015fti. 1991-2020 normalleri aral\u0131k ay\u0131 ortalama s\u0131cakl\u0131\u011f\u0131 4,8 derece iken, 2024 y\u0131l\u0131 Aral\u0131k ay\u0131 s\u0131cakl\u0131\u011f\u0131 6,1 derece ile normallerinin 1,3 derece \u00fczerinde ger\u00e7ekle\u015fti. Aral\u0131k ay\u0131nda en d\u00fc\u015f\u00fck s\u0131cakl\u0131k eksi 26,8 derece ile Erzurum&#8217;da, en y\u00fcksek s\u0131cakl\u0131k 26 derece ile \u0130nebolu&#8217;da tespit edildi. YA\u011eI\u015eLAR NORMALE G\u00d6RE AZALDI Ya\u011f\u0131\u015f raporuna g\u00f6re; T\u00fcrkiye geneli aral\u0131k ay\u0131 ya\u011f\u0131\u015f\u0131 normalinin alt\u0131nda, ge\u00e7en y\u0131l aral\u0131k ay\u0131 ya\u011f\u0131\u015f\u0131n\u0131n \u00fczerinde ger\u00e7ekle\u015fti. Aral\u0131k ay\u0131 ya\u011f\u0131\u015f\u0131 metrekareye 73 kilogram, aral\u0131k ay\u0131 normali (1991-2020) 75,7 kilogram, 2023 y\u0131l\u0131 Aral\u0131k ay\u0131 ya\u011f\u0131\u015f\u0131 68,5 kilogram \u00f6l\u00e7\u00fcld\u00fc. Ya\u011f\u0131\u015flarda normaline g\u00f6re; y\u00fczde 4 azalma, ge\u00e7en y\u0131l aral\u0131k ay\u0131 ya\u011f\u0131\u015f\u0131na g\u00f6re y\u00fczde 7 artma meydana geldi. \u0130l geneli ya\u011f\u0131\u015flarda en fazla ya\u011f\u0131\u015f 314,9 kilogram ve normaline g\u00f6re en fazla art\u0131\u015f y\u00fczde 84 ile Mu\u011fla&#8217;da meydana geldi. En az ya\u011f\u0131\u015f 12,4 kilogram ile I\u011fd\u0131r ve normaline g\u00f6re en fazla azalma y\u00fczde 70 ile Hakkari&#8217;de ger\u00e7ekle\u015fti. B\u00d6LGESEL SICAKLIKLAR Marmara&#8217;da aral\u0131k ay\u0131 uzun y\u0131llar ortalama s\u0131cakl\u0131\u011f\u0131 7 &hellip;"}