{"version":"1.0","provider_name":"Av. Deniz Can K\u0131z\u0131l","provider_url":"https:\/\/denizcankizil.tr\/en","author_name":"Antalya K\u00f6rfez","author_url":"https:\/\/denizcankizil.tr\/en\/author\/www-antalyakorfez-com\/","title":"Antalya M\u00fczesi \u00f6n\u00fcnde \u2018Y\u0131k\u0131m\u0131 durdurun\u2019 \u00e7a\u011fr\u0131s\u0131!","type":"rich","width":600,"height":338,"html":"<blockquote class=\"wp-embedded-content\" data-secret=\"7c8iLZPsme\"><a href=\"https:\/\/denizcankizil.tr\/en\/haberler\/gundem\/antalya-muzesi-onunde-yikimi-durdurun-cagrisi\/\">Antalya M\u00fczesi \u00f6n\u00fcnde \u2018Y\u0131k\u0131m\u0131 durdurun\u2019 \u00e7a\u011fr\u0131s\u0131!<\/a><\/blockquote><iframe sandbox=\"allow-scripts\" security=\"restricted\" src=\"https:\/\/denizcankizil.tr\/en\/haberler\/gundem\/antalya-muzesi-onunde-yikimi-durdurun-cagrisi\/embed\/#?secret=7c8iLZPsme\" width=\"600\" height=\"338\" title=\"&#8220;Antalya M\u00fczesi \u00f6n\u00fcnde \u2018Y\u0131k\u0131m\u0131 durdurun\u2019 \u00e7a\u011fr\u0131s\u0131!&#8221; &#8212; Av. Deniz Can K\u0131z\u0131l\" data-secret=\"7c8iLZPsme\" frameborder=\"0\" marginwidth=\"0\" marginheight=\"0\" scrolling=\"no\" class=\"wp-embedded-content\"><\/iframe><script>\n\/*! This file is auto-generated *\/\n!function(d,l){\"use strict\";l.querySelector&&d.addEventListener&&\"undefined\"!=typeof URL&&(d.wp=d.wp||{},d.wp.receiveEmbedMessage||(d.wp.receiveEmbedMessage=function(e){var t=e.data;if((t||t.secret||t.message||t.value)&&!\/[^a-zA-Z0-9]\/.test(t.secret)){for(var s,r,n,a=l.querySelectorAll('iframe[data-secret=\"'+t.secret+'\"]'),o=l.querySelectorAll('blockquote[data-secret=\"'+t.secret+'\"]'),c=new RegExp(\"^https?:$\",\"i\"),i=0;i<o.length;i++)o[i].style.display=\"none\";for(i=0;i<a.length;i++)s=a[i],e.source===s.contentWindow&&(s.removeAttribute(\"style\"),\"height\"===t.message?(1e3<(r=parseInt(t.value,10))?r=1e3:~~r<200&&(r=200),s.height=r):\"link\"===t.message&&(r=new URL(s.getAttribute(\"src\")),n=new URL(t.value),c.test(n.protocol))&&n.host===r.host&&l.activeElement===s&&(d.top.location.href=t.value))}},d.addEventListener(\"message\",d.wp.receiveEmbedMessage,!1),l.addEventListener(\"DOMContentLoaded\",function(){for(var e,t,s=l.querySelectorAll(\"iframe.wp-embedded-content\"),r=0;r<s.length;r++)(t=(e=s[r]).getAttribute(\"data-secret\"))||(t=Math.random().toString(36).substring(2,12),e.src+=\"#?secret=\"+t,e.setAttribute(\"data-secret\",t)),e.contentWindow.postMessage({message:\"ready\",secret:t},\"*\")},!1)))}(window,document);\n\/\/# sourceURL=https:\/\/denizcankizil.tr\/wp-includes\/js\/wp-embed.min.js\n<\/script>","description":"Antalya\u2019n\u0131n \u00f6nemli yap\u0131lar\u0131ndan olan 1972 y\u0131l\u0131nda \u015fimdiki yerine ta\u015f\u0131nan Antalya M\u00fczesi i\u00e7in y\u0131k\u0131m karar\u0131 verildi. \u00c7ok say\u0131da sivil toplum \u00f6rg\u00fct\u00fcn\u00fcn bir araya gelerek olu\u015fturdu\u011fu Antalya M\u00fcze \u00c7al\u0131\u015fma Grubu ikinci kez m\u00fcze \u00f6n\u00fcnde bir araya geldi. Antalya M\u00fcze Grubu ad\u0131na a\u00e7\u0131klamay\u0131 okuyan Akdeniz \u00dcniversitesi Arkeoloji B\u00f6l\u00fcm\u00fc \u00d6\u011fretim G\u00f6revlisi Prof. Dr. G\u00fcl I\u015f\u0131n, \u201cTarihi yok etmek. Tarihi yok etmek bu \u00fclkenin gelece\u011fini yok etmektir. O y\u00fczden biz Antalya halk olarak m\u00fczemize sahip \u00e7\u0131kmaya \u00e7al\u0131\u015f\u0131yoruz. M\u00fcze halk\u0131nd\u0131r, y\u0131k\u0131lamaz\u201d diye konu\u015ftu. ANTALYA HALKI \u0130LE TARTI\u015eILMALI\u2026 Antalyal\u0131lar\u0131n m\u00fczeye sahip \u00e7\u0131kmas\u0131n\u0131 isteyen Prof. Dr. I\u015f\u0131n m\u00fczenin y\u0131k\u0131m karar\u0131n\u0131n ertelenmesini ve bilim insanlar\u0131 ve Antalya halk\u0131 ile tart\u0131\u015f\u0131lmas\u0131n\u0131 istedi. Prof. Dr. I\u015f\u0131n, \u201cAntalya Arkeoloji M\u00fczesi binam\u0131z\u0131n y\u0131k\u0131m\u0131n\u0131n durdurulmas\u0131n\u0131 talep ediyoruz. K\u00fclt\u00fcrel miras\u0131m\u0131z olan bu de\u011ferli yap\u0131n\u0131n y\u0131k\u0131lmas\u0131n\u0131 de\u011fil, korunarak restore edilmesini istiyoruz. K\u00fclt\u00fcr ve Turizm Bakanl\u0131\u011f\u0131, 20 Mart 2025&#8217;te m\u00fczenin y\u0131k\u0131laca\u011f\u0131n\u0131 duyurdu. Gerek\u00e7e olarak binan\u0131n depreme dayan\u0131ks\u0131z olmas\u0131n\u0131 ve artan depolama ihtiyac\u0131n\u0131 g\u00f6sterdiler. Ancak bu bina, s\u0131radan bir bina de\u011fildir. Bu yap\u0131, T\u00fcrkiye\u2019nin yar\u0131\u015fma projesi ile in\u015fa edilen ilk m\u00fczesidir. Bu \u00f6zelli\u011fi bile tek ba\u015f\u0131na, ona tarihi ve belgesel bir de\u011fer katmaktad\u0131r. Sadece Antalya i\u00e7in de\u011fil, T\u00fcrkiye&#8217;nin mimarl\u0131k k\u00fclt\u00fcr\u00fc i\u00e7in de e\u015fsiz bir de\u011fere sahiptir\u201d diye konu\u015ftu. TILIN M\u00dcZES\u0130 \u00d6D\u00dcL\u00dc Antalya m\u00fczesinin 1988 y\u0131l\u0131nda Avrupa Konseyi taraf\u0131ndan &hellip;"}