{"version":"1.0","provider_name":"Av. Deniz Can K\u0131z\u0131l","provider_url":"https:\/\/denizcankizil.tr\/en","author_name":"Antalya K\u00f6rfez","author_url":"https:\/\/denizcankizil.tr\/en\/author\/www-antalyakorfez-com\/","title":"Antalya \u0130l M\u00fcft\u00fcs\u00fc Yal\u00e7\u0131nkaya gen\u00e7lerle bulu\u015ftu","type":"rich","width":600,"height":338,"html":"<blockquote class=\"wp-embedded-content\" data-secret=\"ExeJMVHB6a\"><a href=\"https:\/\/denizcankizil.tr\/en\/haberler\/gundem\/antalya-il-muftusu-yalcinkaya-genclerle-bulustu\/\">Antalya \u0130l M\u00fcft\u00fcs\u00fc Yal\u00e7\u0131nkaya gen\u00e7lerle bulu\u015ftu<\/a><\/blockquote><iframe sandbox=\"allow-scripts\" security=\"restricted\" src=\"https:\/\/denizcankizil.tr\/en\/haberler\/gundem\/antalya-il-muftusu-yalcinkaya-genclerle-bulustu\/embed\/#?secret=ExeJMVHB6a\" width=\"600\" height=\"338\" title=\"&#8220;Antalya \u0130l M\u00fcft\u00fcs\u00fc Yal\u00e7\u0131nkaya gen\u00e7lerle bulu\u015ftu&#8221; &#8212; Av. Deniz Can K\u0131z\u0131l\" data-secret=\"ExeJMVHB6a\" frameborder=\"0\" marginwidth=\"0\" marginheight=\"0\" scrolling=\"no\" class=\"wp-embedded-content\"><\/iframe><script>\n\/*! This file is auto-generated *\/\n!function(d,l){\"use strict\";l.querySelector&&d.addEventListener&&\"undefined\"!=typeof URL&&(d.wp=d.wp||{},d.wp.receiveEmbedMessage||(d.wp.receiveEmbedMessage=function(e){var t=e.data;if((t||t.secret||t.message||t.value)&&!\/[^a-zA-Z0-9]\/.test(t.secret)){for(var s,r,n,a=l.querySelectorAll('iframe[data-secret=\"'+t.secret+'\"]'),o=l.querySelectorAll('blockquote[data-secret=\"'+t.secret+'\"]'),c=new RegExp(\"^https?:$\",\"i\"),i=0;i<o.length;i++)o[i].style.display=\"none\";for(i=0;i<a.length;i++)s=a[i],e.source===s.contentWindow&&(s.removeAttribute(\"style\"),\"height\"===t.message?(1e3<(r=parseInt(t.value,10))?r=1e3:~~r<200&&(r=200),s.height=r):\"link\"===t.message&&(r=new URL(s.getAttribute(\"src\")),n=new URL(t.value),c.test(n.protocol))&&n.host===r.host&&l.activeElement===s&&(d.top.location.href=t.value))}},d.addEventListener(\"message\",d.wp.receiveEmbedMessage,!1),l.addEventListener(\"DOMContentLoaded\",function(){for(var e,t,s=l.querySelectorAll(\"iframe.wp-embedded-content\"),r=0;r<s.length;r++)(t=(e=s[r]).getAttribute(\"data-secret\"))||(t=Math.random().toString(36).substring(2,12),e.src+=\"#?secret=\"+t,e.setAttribute(\"data-secret\",t)),e.contentWindow.postMessage({message:\"ready\",secret:t},\"*\")},!1)))}(window,document);\n\/\/# sourceURL=https:\/\/denizcankizil.tr\/wp-includes\/js\/wp-embed.min.js\n<\/script>","description":"Antalya \u0130l M\u00fcft\u00fcs\u00fc Nazif Fethi Yal\u00e7\u0131nkaya, Antalya Anadolu \u0130mam Hatip Lisesi Konferans Salonu\u2019nda \u2018\u0130ftarda Konu\u015fal\u0131m\u2019 temas\u0131yla d\u00fczenlenen s\u00f6yle\u015fide \u00f6\u011frencilerle bir araya geldi. Yal\u00e7\u0131nkaya s\u00f6yle\u015fide, \u201cRamazan ay\u0131 ayn\u0131 zamanda bir M\u00fcsl\u00fcman\u0131n manevi geli\u015fimine de katk\u0131da bulunur. Bu ayda, ki\u015fi nefsiyle m\u00fccadele etmeyi, k\u00f6t\u00fc al\u0131\u015fkanl\u0131klardan vazge\u00e7meyi ve daha fazla ibadet etmeyi \u00f6\u011frenir\u201d dedi.\u00a0 RAMAZAN AYININ \u00d6NEM\u0130NE D\u0130KKAT \u00c7EKT\u0130 S\u00f6yle\u015fide Ramazan ay\u0131n\u0131n \u00f6nemine dikkat \u00e7eken \u0130l M\u00fcft\u00fcs\u00fc Nazif Fethi Yal\u00e7\u0131nkaya, \u201cRamazan ay\u0131, bir M\u00fcsl\u00fcman i\u00e7in bir\u00e7ok \u00f6nemli ders ve ibadet f\u0131rsat\u0131 sunar. \u00d6ncelikle, oru\u00e7 tutmak M\u00fcsl\u00fcmanlar\u0131 c\u00f6mertlik ve sab\u0131r konusunda e\u011fitir. G\u00fcnd\u00fczleri yemeden ve i\u00e7meden ge\u00e7irerek, bir ki\u015fi a\u00e7l\u0131k ve susuzluk gibi zorluklara katlanmay\u0131 \u00f6\u011frenir. Bu da ona, daha az imkana sahip olanlara yard\u0131m etme ve payla\u015fma konusunda duyarl\u0131l\u0131k kazand\u0131r\u0131r\u201d ifadelerini kulland\u0131. PAYLA\u015eMA DUYGUSUNA D\u0130KKAT \u00c7EKT\u0130 Yal\u00e7\u0131nkaya, Ramazan ay\u0131n\u0131n iftar sofralar\u0131n\u0131n payla\u015fma ve birlikte olma duygusunu art\u0131rd\u0131\u011f\u0131n\u0131 da vurgulad\u0131. Ailelerin ve kom\u015fular\u0131n bir araya gelerek bu \u00f6zel ay\u0131 birlikte ge\u00e7irmelerinin \u00f6nemine de\u011findi. Yal\u00e7\u0131nkaya, \u201cRamazan ay\u0131 ayn\u0131 zamanda bir M\u00fcsl\u00fcman\u0131n manevi geli\u015fimine de katk\u0131da bulunur. Bu ayda, ki\u015fi nefsiyle m\u00fccadele etmeyi, k\u00f6t\u00fc al\u0131\u015fkanl\u0131klardan vazge\u00e7meyi ve daha fazla ibadet etmeyi \u00f6\u011frenir. \u0130slam&#8217;\u0131n be\u015f temel ibadetinden biri olan oru\u00e7, M\u00fcsl\u00fcmanlar\u0131 sadece bedenen de\u011fil, ayn\u0131 zamanda ruhen de temizler ve g\u00fc\u00e7lendirir. Ramazan ay\u0131, toplumda birlik ve dayan\u0131\u015fma &hellip;"}