{"version":"1.0","provider_name":"Av. Deniz Can K\u0131z\u0131l","provider_url":"https:\/\/denizcankizil.tr\/en","author_name":"Antalya K\u00f6rfez","author_url":"https:\/\/denizcankizil.tr\/en\/author\/www-antalyakorfez-com\/","title":"Antalya Arkeoloji M\u00fczesi, TBMM g\u00fcndeminde","type":"rich","width":600,"height":338,"html":"<blockquote class=\"wp-embedded-content\" data-secret=\"ZmJeNY3BKH\"><a href=\"https:\/\/denizcankizil.tr\/en\/haberler\/gundem\/antalya-arkeoloji-muzesi-tbmm-gundeminde\/\">Antalya Arkeoloji M\u00fczesi, TBMM g\u00fcndeminde<\/a><\/blockquote><iframe sandbox=\"allow-scripts\" security=\"restricted\" src=\"https:\/\/denizcankizil.tr\/en\/haberler\/gundem\/antalya-arkeoloji-muzesi-tbmm-gundeminde\/embed\/#?secret=ZmJeNY3BKH\" width=\"600\" height=\"338\" title=\"&#8220;Antalya Arkeoloji M\u00fczesi, TBMM g\u00fcndeminde&#8221; &#8212; Av. Deniz Can K\u0131z\u0131l\" data-secret=\"ZmJeNY3BKH\" frameborder=\"0\" marginwidth=\"0\" marginheight=\"0\" scrolling=\"no\" class=\"wp-embedded-content\"><\/iframe><script>\n\/*! This file is auto-generated *\/\n!function(d,l){\"use strict\";l.querySelector&&d.addEventListener&&\"undefined\"!=typeof URL&&(d.wp=d.wp||{},d.wp.receiveEmbedMessage||(d.wp.receiveEmbedMessage=function(e){var t=e.data;if((t||t.secret||t.message||t.value)&&!\/[^a-zA-Z0-9]\/.test(t.secret)){for(var s,r,n,a=l.querySelectorAll('iframe[data-secret=\"'+t.secret+'\"]'),o=l.querySelectorAll('blockquote[data-secret=\"'+t.secret+'\"]'),c=new RegExp(\"^https?:$\",\"i\"),i=0;i<o.length;i++)o[i].style.display=\"none\";for(i=0;i<a.length;i++)s=a[i],e.source===s.contentWindow&&(s.removeAttribute(\"style\"),\"height\"===t.message?(1e3<(r=parseInt(t.value,10))?r=1e3:~~r<200&&(r=200),s.height=r):\"link\"===t.message&&(r=new URL(s.getAttribute(\"src\")),n=new URL(t.value),c.test(n.protocol))&&n.host===r.host&&l.activeElement===s&&(d.top.location.href=t.value))}},d.addEventListener(\"message\",d.wp.receiveEmbedMessage,!1),l.addEventListener(\"DOMContentLoaded\",function(){for(var e,t,s=l.querySelectorAll(\"iframe.wp-embedded-content\"),r=0;r<s.length;r++)(t=(e=s[r]).getAttribute(\"data-secret\"))||(t=Math.random().toString(36).substring(2,12),e.src+=\"#?secret=\"+t,e.setAttribute(\"data-secret\",t)),e.contentWindow.postMessage({message:\"ready\",secret:t},\"*\")},!1)))}(window,document);\n\/\/# sourceURL=https:\/\/denizcankizil.tr\/wp-includes\/js\/wp-embed.min.js\n<\/script>","description":"Cumhuriyet Halk Partisi Antalya Milletvekili Aliye Co\u015far, depreme dayan\u0131ks\u0131z oldu\u011fu gerek\u00e7esi ile y\u0131k\u0131lmak istenen Antalya Arkeoloji M\u00fczesi\u2019ni verdi\u011fi soru \u00f6nergesi ile TBMM g\u00fcndemine ta\u015f\u0131d\u0131. K\u00fclt\u00fcr ve Turizm Bakan\u0131 Mehmet Nuri Ersoy\u2019un yan\u0131tlamas\u0131 istemiyle soru \u00f6nergesi veren CHP\u2019li Co\u015far, Antalya Arkeoloji M\u00fczesi\u2019nin y\u0131k\u0131lma \u00e7abas\u0131n\u0131n AKP\u2019nin yine yanda\u015flar\u0131na verdi\u011fi yeni rant projelerinin devam\u0131 oldu\u011funu ifade etti. KENT\u0130N \u0130LK M\u00dcZES\u0130 Antalya Arkeoloji M\u00fczesi\u2019nin Antalya\u2019n\u0131n ilk m\u00fczesi oldu\u011funa ve mimarisi ile yurt d\u0131\u015f\u0131ndan \u00f6d\u00fcllere lay\u0131k g\u00f6r\u00fcld\u00fc\u011f\u00fcne dikkat \u00e7eken Co\u015far, \u201c\u00dclkemizin ulusal proje yar\u0131\u015fmas\u0131yla in\u015fa edilen ilk m\u00fczesi olan ve 1988\u2019de Avrupa Konseyi \u00d6zel \u00d6d\u00fcl\u00fc\u2019ne lay\u0131k g\u00f6r\u00fclen Antalya ile \u00f6zde\u015fle\u015fen, kentin simgesi olan ve hizmete girdi\u011fi g\u00fcnden g\u00fcn\u00fcm\u00fcze milyonlarca ziyaret\u00e7inin geldi\u011fi, \u00e7ok say\u0131da konferans, sergi ve etkinli\u011finde yap\u0131ld\u0131\u011f\u0131 Antalya Arkeoloji M\u00fczesi depreme dayan\u0131ks\u0131z oldu\u011fu gerek\u00e7esi ile y\u0131k\u0131laca\u011f\u0131 ve yerine yanda\u015f bir firma taraf\u0131ndan yap\u0131lan proje ile yeni m\u00fcze binas\u0131 in\u015fa edilece\u011fi iddia edilmektedir. Kentin tarihi dokusuna ve ge\u00e7mi\u015fine sahip \u00e7\u0131kan sivil toplum kurulu\u015flar\u0131ndan olan Antalya K\u00fclt\u00fcrel Miras Derne\u011fi, Antalya Arkeoloji M\u00fczesi\u2019nin k\u00fclt\u00fcr varl\u0131\u011f\u0131 olarak koruma alt\u0131na al\u0131nmas\u0131 talebiyle Antalya K\u00fclt\u00fcr Varl\u0131klar\u0131n\u0131 Koruma B\u00f6lge Kurulu\u2019na yapt\u0131\u011f\u0131 ba\u015fvurularda ne yaz\u0131k ki olumsuz sonu\u00e7lanm\u0131\u015ft\u0131r\u201d dedi. \u201cKENT\u0130N HAFIZASINA B\u0130R DARBED\u0130R\u201d Antalya Arkeoloji M\u00fczesi\u2019nin y\u0131k\u0131lmas\u0131n\u0131n kent haf\u0131zas\u0131na vuru\u015fulacak bir darbe oldu\u011funu vurgulayan Co\u015far, \u201cAntalya Arkeoloji M\u00fczesi\u2019nin \u00f6d\u00fcll\u00fc \u00f6zg\u00fcn mimarisinin korunarak &hellip;"}