{"version":"1.0","provider_name":"Av. Deniz Can K\u0131z\u0131l","provider_url":"https:\/\/denizcankizil.tr\/en","author_name":"Av. Deniz Can K\u0131z\u0131l","author_url":"https:\/\/denizcankizil.tr\/en","title":"Anne ve \u00e7ocuk Son Yolculuklar\u0131na U\u011furland\u0131","type":"rich","width":600,"height":338,"html":"<blockquote class=\"wp-embedded-content\" data-secret=\"5MsFoeW9YC\"><a href=\"https:\/\/denizcankizil.tr\/en\/haberler\/gundem\/anne-ve-cocuk-son-yolculuklarina-ugurlandi\/\">Anne ve \u00e7ocuk Son Yolculuklar\u0131na U\u011furland\u0131<\/a><\/blockquote><iframe sandbox=\"allow-scripts\" security=\"restricted\" src=\"https:\/\/denizcankizil.tr\/en\/haberler\/gundem\/anne-ve-cocuk-son-yolculuklarina-ugurlandi\/embed\/#?secret=5MsFoeW9YC\" width=\"600\" height=\"338\" title=\"&#8220;Anne ve \u00e7ocuk Son Yolculuklar\u0131na U\u011furland\u0131&#8221; &#8212; Av. Deniz Can K\u0131z\u0131l\" data-secret=\"5MsFoeW9YC\" frameborder=\"0\" marginwidth=\"0\" marginheight=\"0\" scrolling=\"no\" class=\"wp-embedded-content\"><\/iframe><script>\n\/*! This file is auto-generated *\/\n!function(d,l){\"use strict\";l.querySelector&&d.addEventListener&&\"undefined\"!=typeof URL&&(d.wp=d.wp||{},d.wp.receiveEmbedMessage||(d.wp.receiveEmbedMessage=function(e){var t=e.data;if((t||t.secret||t.message||t.value)&&!\/[^a-zA-Z0-9]\/.test(t.secret)){for(var s,r,n,a=l.querySelectorAll('iframe[data-secret=\"'+t.secret+'\"]'),o=l.querySelectorAll('blockquote[data-secret=\"'+t.secret+'\"]'),c=new RegExp(\"^https?:$\",\"i\"),i=0;i<o.length;i++)o[i].style.display=\"none\";for(i=0;i<a.length;i++)s=a[i],e.source===s.contentWindow&&(s.removeAttribute(\"style\"),\"height\"===t.message?(1e3<(r=parseInt(t.value,10))?r=1e3:~~r<200&&(r=200),s.height=r):\"link\"===t.message&&(r=new URL(s.getAttribute(\"src\")),n=new URL(t.value),c.test(n.protocol))&&n.host===r.host&&l.activeElement===s&&(d.top.location.href=t.value))}},d.addEventListener(\"message\",d.wp.receiveEmbedMessage,!1),l.addEventListener(\"DOMContentLoaded\",function(){for(var e,t,s=l.querySelectorAll(\"iframe.wp-embedded-content\"),r=0;r<s.length;r++)(t=(e=s[r]).getAttribute(\"data-secret\"))||(t=Math.random().toString(36).substring(2,12),e.src+=\"#?secret=\"+t,e.setAttribute(\"data-secret\",t)),e.contentWindow.postMessage({message:\"ready\",secret:t},\"*\")},!1)))}(window,document);\n\/\/# sourceURL=https:\/\/denizcankizil.tr\/wp-includes\/js\/wp-embed.min.js\n<\/script>","description":"Depremzedeler i\u00e7in yap\u0131lan TOK\u0130 konutlar\u0131na \u00fc\u00e7 ay \u00f6nce ta\u015f\u0131nan K\u00f6k\u00e7\u00fc ailesinin G11 Blok\u2019taki ikinci kat dairesinde 12 Aral\u0131k g\u00fcn\u00fc ya\u015fanan olayda, anne Kader K\u00f6k\u00e7\u00fc (35) ve \u00e7ocuklar\u0131 Yi\u011fit Efe (14), Elif Bilge (12) ile \u0130smail Ege hayat\u0131n\u0131 kaybetmi\u015fti. Olaydan sa\u011f kurtulan ve \u0130skenderun Devlet Hastanesi\u2019nde tedavi g\u00f6ren baba Emrah K\u00f6k\u00e7\u00fc\u2019n\u00fcn, tedavisi tamamlanarak cenaze t\u00f6renine kat\u0131lmas\u0131 sa\u011fland\u0131. \u00c7ankaya Asri Mezarl\u0131\u011f\u0131\u2019nda d\u00fczenlenen cenaze t\u00f6renine, \u0130skenderun Kaymakam\u0131 Muhammet \u00d6nder, Belediye Ba\u015fkan\u0131 Mehmet D\u00f6nmez, \u0130l\u00e7e Emniyet M\u00fcd\u00fcr\u00fc Nevzat G\u00fcne\u015f, \u0130l\u00e7e Jandarma Komutan\u0131 Binba\u015f\u0131 Mustafa A\u00e7\u0131k, aile yak\u0131nlar\u0131 ve vatanda\u015flar kat\u0131ld\u0131. Anne ve \u00fc\u00e7 \u00e7ocu\u011fun cenazesi, mezarl\u0131kta k\u0131l\u0131nan cenaze namaz\u0131n\u0131n ard\u0131ndan yan yana topra\u011fa verildi. T\u00f6rende duygusal anlar ya\u015fan\u0131rken, aile yak\u0131nlar\u0131 ve sevenleri g\u00f6zya\u015flar\u0131 i\u00e7inde dualar etti. Baba Emrah K\u00f6k\u00e7\u00fc\u2019n\u00fcn ayakta durmakta zorland\u0131\u011f\u0131 g\u00f6zlemlendi. Anne ve \u00e7ocuklar, dualar ve g\u00f6zya\u015flar\u0131 e\u015fli\u011finde son yolculuklar\u0131na u\u011furland\u0131. \u200bHatay\u2019\u0131n \u0130skenderun il\u00e7esinde, zehirlenme sonucu hayat\u0131n\u0131 kaybeden K\u00f6k\u00e7\u00fc ailesinin anne ve \u00fc\u00e7 \u00e7ocu\u011fu, bug\u00fcn \u00c7ankaya Asri Mezarl\u0131\u011f\u0131\u2019nda d\u00fczenlenen t\u00f6renle topra\u011fa verildi.\u00a0 \u200bHaberin Al\u0131nt\u0131land\u0131\u011f\u0131 Kaynak: www.iskenderun.org"}