{"version":"1.0","provider_name":"Av. Deniz Can K\u0131z\u0131l","provider_url":"https:\/\/denizcankizil.tr\/en","author_name":"admin","author_url":"https:\/\/denizcankizil.tr\/en\/author\/admin\/","title":"Ankara'da polise sald\u0131ran 12 ki\u015fi g\u00f6zalt\u0131na al\u0131nd\u0131","type":"rich","width":600,"height":338,"html":"<blockquote class=\"wp-embedded-content\" data-secret=\"HUanKCYfTw\"><a href=\"https:\/\/denizcankizil.tr\/en\/haberler\/gundem\/ankarada-polise-saldiran-12-kisi-gozaltina-alindi\/\">Ankara&#8217;da polise sald\u0131ran 12 ki\u015fi g\u00f6zalt\u0131na al\u0131nd\u0131<\/a><\/blockquote><iframe sandbox=\"allow-scripts\" security=\"restricted\" src=\"https:\/\/denizcankizil.tr\/en\/haberler\/gundem\/ankarada-polise-saldiran-12-kisi-gozaltina-alindi\/embed\/#?secret=HUanKCYfTw\" width=\"600\" height=\"338\" title=\"&#8220;Ankara&#8217;da polise sald\u0131ran 12 ki\u015fi g\u00f6zalt\u0131na al\u0131nd\u0131&#8221; &#8212; Av. Deniz Can K\u0131z\u0131l\" data-secret=\"HUanKCYfTw\" frameborder=\"0\" marginwidth=\"0\" marginheight=\"0\" scrolling=\"no\" class=\"wp-embedded-content\"><\/iframe><script>\n\/*! This file is auto-generated *\/\n!function(d,l){\"use strict\";l.querySelector&&d.addEventListener&&\"undefined\"!=typeof URL&&(d.wp=d.wp||{},d.wp.receiveEmbedMessage||(d.wp.receiveEmbedMessage=function(e){var t=e.data;if((t||t.secret||t.message||t.value)&&!\/[^a-zA-Z0-9]\/.test(t.secret)){for(var s,r,n,a=l.querySelectorAll('iframe[data-secret=\"'+t.secret+'\"]'),o=l.querySelectorAll('blockquote[data-secret=\"'+t.secret+'\"]'),c=new RegExp(\"^https?:$\",\"i\"),i=0;i<o.length;i++)o[i].style.display=\"none\";for(i=0;i<a.length;i++)s=a[i],e.source===s.contentWindow&&(s.removeAttribute(\"style\"),\"height\"===t.message?(1e3<(r=parseInt(t.value,10))?r=1e3:~~r<200&&(r=200),s.height=r):\"link\"===t.message&&(r=new URL(s.getAttribute(\"src\")),n=new URL(t.value),c.test(n.protocol))&&n.host===r.host&&l.activeElement===s&&(d.top.location.href=t.value))}},d.addEventListener(\"message\",d.wp.receiveEmbedMessage,!1),l.addEventListener(\"DOMContentLoaded\",function(){for(var e,t,s=l.querySelectorAll(\"iframe.wp-embedded-content\"),r=0;r<s.length;r++)(t=(e=s[r]).getAttribute(\"data-secret\"))||(t=Math.random().toString(36).substring(2,12),e.src+=\"#?secret=\"+t,e.setAttribute(\"data-secret\",t)),e.contentWindow.postMessage({message:\"ready\",secret:t},\"*\")},!1)))}(window,document);\n\/\/# sourceURL=https:\/\/denizcankizil.tr\/wp-includes\/js\/wp-embed.min.js\n<\/script>","description":"\u0130\u00e7i\u015fleri Bakan\u0131 Ali Yerlikaya, Ankara Ke\u00e7i\u00f6ren\u2019deki Ba\u011flum Kurban Pazar\u0131\u2019nda polise sald\u0131ran 12 ki\u015finin g\u00f6zalt\u0131na al\u0131nd\u0131\u011f\u0131n\u0131 duyurdu. Olayda 5 polis hafif yaraland\u0131.ANKARA (\u0130GFA) &#8211; \u0130\u00e7i\u015fleri Bakan\u0131 Ali Yerlikaya, Ankara\u2019n\u0131n Ke\u00e7i\u00f6ren il\u00e7esindeki Ba\u011flum Kurban Pazar\u0131\u2019nda g\u00f6revli polislere sald\u0131ran 12 ki\u015finin g\u00f6zalt\u0131na al\u0131nd\u0131\u011f\u0131n\u0131 a\u00e7\u0131klad\u0131. Sosyal medya hesab\u0131ndan yapt\u0131\u011f\u0131 payla\u015f\u0131mda, \u201cR.A., R.B., M.C.B., M.G., F.A., E.B., F.A., H.O., S.A., H.Y., S.S. ve \u00d6.K. isimli \u015fehir e\u015fk\u0131yalar\u0131 yakaland\u0131. Sald\u0131r\u0131da 5 polisimiz hafif \u015fekilde yaraland\u0131. \u015eehir e\u015fk\u0131yalar\u0131yla m\u00fccadelemizi aral\u0131ks\u0131z s\u00fcrd\u00fcrece\u011fiz\u201d dedi. GERE\u011e\u0130 YAPILDI-\u015eEH\u0130R E\u015eKIYALARI Bug\u00fcn Ankara\u2019da, Ke\u00e7i\u00f6ren Ba\u011flum Kurban Pazar\u0131\u2019nda g\u00f6revli polislerimize sald\u0131ran 12 sald\u0131rgan\u0131n; R.A., R.B., M.C.B., M.G., F.A., E.B., F.A., H.O., S.A., H.Y., S.S. ve \u00d6.K. isimli \u015fah\u0131slar oldu\u011fu tespit edilmi\u015f ve bu \u015fehir e\u015fk\u0131yalar\u0131 g\u00f6zalt\u0131na\u2026 pic.twitter.com\/tQWawQ8p6l &mdash; Ali Yerlikaya (@AliYerlikaya) May 26, 2025 Olayla ilgili soru\u015fturma devam ederken, Bakan Yerlikaya kamu d\u00fczenini bozanlara kar\u015f\u0131 kararl\u0131 m\u00fccadele vurgusu yapt\u0131. \u200b\u0130\u00e7i\u015fleri Bakan\u0131 Ali Yerlikaya, Ankara Ke\u00e7i\u00f6ren\u2019deki Ba\u011flum Kurban Pazar\u0131\u2019nda polise sald\u0131ran 12 ki\u015finin g\u00f6zalt\u0131na al\u0131nd\u0131\u011f\u0131n\u0131 duyurdu. Olayda 5 polis hafif yaraland\u0131.ANKARA (\u0130GFA) &#8211; \u0130\u00e7i\u015fleri Bakan\u0131 Ali Yerlikaya, Ankara\u2019n\u0131n Ke\u00e7i\u00f6ren il\u00e7esindeki Ba\u011flum Kurban Pazar\u0131\u2019nda g\u00f6revli polislere sald\u0131ran 12 ki\u015finin g\u00f6zalt\u0131na al\u0131nd\u0131\u011f\u0131n\u0131 a\u00e7\u0131klad\u0131. Sosyal medya hesab\u0131ndan yapt\u0131\u011f\u0131 payla\u015f\u0131mda, \u201cR.A., R.B., M.C.B., M.G., F.A., E.B., F.A., H.O., S.A., H.Y., S.S. ve \u00d6.K. isimli \u015fehir e\u015fk\u0131yalar\u0131 yakaland\u0131. Sald\u0131r\u0131da 5 &hellip;"}