{"version":"1.0","provider_name":"Av. Deniz Can K\u0131z\u0131l","provider_url":"https:\/\/denizcankizil.tr\/en","author_name":"admin","author_url":"https:\/\/denizcankizil.tr\/en\/author\/admin\/","title":"Anahtar Parti Bursa'dan M\u00dcS\u0130AD'a ziyaret!","type":"rich","width":600,"height":338,"html":"<blockquote class=\"wp-embedded-content\" data-secret=\"2JBmZkmCqP\"><a href=\"https:\/\/denizcankizil.tr\/en\/haberler\/gundem\/anahtar-parti-bursadan-musiada-ziyaret\/\">Anahtar Parti Bursa&#8217;dan M\u00dcS\u0130AD&#8217;a ziyaret!<\/a><\/blockquote><iframe sandbox=\"allow-scripts\" security=\"restricted\" src=\"https:\/\/denizcankizil.tr\/en\/haberler\/gundem\/anahtar-parti-bursadan-musiada-ziyaret\/embed\/#?secret=2JBmZkmCqP\" width=\"600\" height=\"338\" title=\"&#8220;Anahtar Parti Bursa&#8217;dan M\u00dcS\u0130AD&#8217;a ziyaret!&#8221; &#8212; Av. Deniz Can K\u0131z\u0131l\" data-secret=\"2JBmZkmCqP\" frameborder=\"0\" marginwidth=\"0\" marginheight=\"0\" scrolling=\"no\" class=\"wp-embedded-content\"><\/iframe><script>\n\/*! This file is auto-generated *\/\n!function(d,l){\"use strict\";l.querySelector&&d.addEventListener&&\"undefined\"!=typeof URL&&(d.wp=d.wp||{},d.wp.receiveEmbedMessage||(d.wp.receiveEmbedMessage=function(e){var t=e.data;if((t||t.secret||t.message||t.value)&&!\/[^a-zA-Z0-9]\/.test(t.secret)){for(var s,r,n,a=l.querySelectorAll('iframe[data-secret=\"'+t.secret+'\"]'),o=l.querySelectorAll('blockquote[data-secret=\"'+t.secret+'\"]'),c=new RegExp(\"^https?:$\",\"i\"),i=0;i<o.length;i++)o[i].style.display=\"none\";for(i=0;i<a.length;i++)s=a[i],e.source===s.contentWindow&&(s.removeAttribute(\"style\"),\"height\"===t.message?(1e3<(r=parseInt(t.value,10))?r=1e3:~~r<200&&(r=200),s.height=r):\"link\"===t.message&&(r=new URL(s.getAttribute(\"src\")),n=new URL(t.value),c.test(n.protocol))&&n.host===r.host&&l.activeElement===s&&(d.top.location.href=t.value))}},d.addEventListener(\"message\",d.wp.receiveEmbedMessage,!1),l.addEventListener(\"DOMContentLoaded\",function(){for(var e,t,s=l.querySelectorAll(\"iframe.wp-embedded-content\"),r=0;r<s.length;r++)(t=(e=s[r]).getAttribute(\"data-secret\"))||(t=Math.random().toString(36).substring(2,12),e.src+=\"#?secret=\"+t,e.setAttribute(\"data-secret\",t)),e.contentWindow.postMessage({message:\"ready\",secret:t},\"*\")},!1)))}(window,document);\n\/\/# sourceURL=https:\/\/denizcankizil.tr\/wp-includes\/js\/wp-embed.min.js\n<\/script>","description":"Anahtar Parti Bursa \u0130l Ba\u015fkan\u0131 Fikret Aslan ile i\u015f insanlar\u0131ndan olu\u015fan y\u00f6netim kurulu heyeti, M\u00dcS\u0130AD Bursa \u015eubesi&#8217;ni ziyaret etti.BURSA (\u0130GFA) &#8211; Anahtar Parti Bursa \u0130l Ba\u015fkanl\u0131\u011f\u0131 toplumun t\u00fcm kesimlerine y\u00f6nelik \u00e7al\u0131\u015fmalar\u0131n\u0131 art\u0131rarak devam ediyor. Bursa \u00f6zelinde yap\u0131lan anketlerde y\u00fczde 5&#8217;lere dayanan oy oran\u0131 ile dikkatleri \u00fczerine \u00e7eken ve 14 Haziran&#8217;da Genel Ba\u015fkan Yavuz A\u011f\u0131ralio\u011flu&#8217;nun yer ald\u0131\u011f\u0131 yakla\u015f\u0131k 5 bin ki\u015finin kat\u0131l\u0131m\u0131yla mitinge d\u00f6n\u00fc\u015fen il binas\u0131 a\u00e7\u0131l\u0131\u015f\u0131n\u0131n ard\u0131ndan vakit kaybetmeyen Bursa \u0130l Ba\u015fkanl\u0131\u011f\u0131, M\u00dcS\u0130AD&#8217;\u0131 ziyaret etti. &#8220;T\u00dcM EKONOM\u0130K PARAMETRELER BOZULDU&#8221; M\u00dcS\u0130AD&#8217;\u0131n T\u00fcrkiye&#8217;nin en \u00f6nemli i\u015f insanlar\u0131 topluluklar\u0131 aras\u0131nda yer ald\u0131\u011f\u0131na dikkat \u00e7eken \u0130l Ba\u015fkan\u0131 Fikret Aslan, t\u00fcm ekonomi parametrelerinin bozuldu\u011fu, millet\u00e7e zora d\u00fc\u015f\u00fclen zamanda M\u00dcS\u0130AD&#8217;\u0131n \u00fcretim ve istihdama sundu\u011fu katk\u0131y\u0131 takdir ile kar\u015f\u0131lad\u0131klar\u0131n\u0131 dile getirdi. &#8220;ANAHTAR PART\u0130 \u00dcRET\u0130M\u0130 VE \u0130ST\u0130HDAMI DESTEKLEYECEK&#8221; Adaletin ve g\u00fcvenin oldu\u011fu yere yat\u0131r\u0131m\u0131n gelece\u011fine i\u015faret eden Aslan, 23 y\u0131ll\u0131k iktidar\u0131n \u00e7\u0131rakl\u0131k d\u00f6neminde ba\u015far\u0131l\u0131 hizmetleri bulunmas\u0131na kar\u015f\u0131n ustal\u0131k diye tabir ettikleri d\u00f6nemde ekonomik buhran ile milleti bulu\u015fturdu\u011funu belirtti. Anahtar Parti&#8217;nin iktidarl\u0131\u011f\u0131 d\u00f6neminde M\u00dcS\u0130AD gibi yerli ve milli sermayenin dinamiklerini, \u00fcretim ve istihdam\u0131 destekleyerek, d\u00fczg\u00fcn kamu maliyesi ile devletin y\u00fck\u00fcn\u00fc hafifleterek \u00fclkeyi hak etti\u011fi refah seviyesine kavu\u015fturacaklar\u0131n\u0131 ifade etti. ORTAK HASSAS\u0130YET VURGUSU M\u00fcstakil Sanayici ve \u0130\u015f \u0130nsanlar\u0131 Derne\u011fi (M\u00dcS\u0130AD) Bursa \u015eube Ba\u015fkan\u0131 Alparslan \u015eenocak ise ziyaretten duyulan memnuniyeti ileterek, &hellip;"}