{"version":"1.0","provider_name":"Av. Deniz Can K\u0131z\u0131l","provider_url":"https:\/\/denizcankizil.tr\/en","author_name":"admin","author_url":"https:\/\/denizcankizil.tr\/en\/author\/admin\/","title":"Almanya Cumhurba\u015fkan\u0131 Ankara\u2019da","type":"rich","width":600,"height":338,"html":"<blockquote class=\"wp-embedded-content\" data-secret=\"wJMNcq9BBV\"><a href=\"https:\/\/denizcankizil.tr\/en\/haberler\/gundem\/almanya-cumhurbaskani-ankarada\/\">Almanya Cumhurba\u015fkan\u0131 Ankara\u2019da<\/a><\/blockquote><iframe sandbox=\"allow-scripts\" security=\"restricted\" src=\"https:\/\/denizcankizil.tr\/en\/haberler\/gundem\/almanya-cumhurbaskani-ankarada\/embed\/#?secret=wJMNcq9BBV\" width=\"600\" height=\"338\" title=\"&#8220;Almanya Cumhurba\u015fkan\u0131 Ankara\u2019da&#8221; &#8212; Av. Deniz Can K\u0131z\u0131l\" data-secret=\"wJMNcq9BBV\" frameborder=\"0\" marginwidth=\"0\" marginheight=\"0\" scrolling=\"no\" class=\"wp-embedded-content\"><\/iframe><script>\n\/*! This file is auto-generated *\/\n!function(d,l){\"use strict\";l.querySelector&&d.addEventListener&&\"undefined\"!=typeof URL&&(d.wp=d.wp||{},d.wp.receiveEmbedMessage||(d.wp.receiveEmbedMessage=function(e){var t=e.data;if((t||t.secret||t.message||t.value)&&!\/[^a-zA-Z0-9]\/.test(t.secret)){for(var s,r,n,a=l.querySelectorAll('iframe[data-secret=\"'+t.secret+'\"]'),o=l.querySelectorAll('blockquote[data-secret=\"'+t.secret+'\"]'),c=new RegExp(\"^https?:$\",\"i\"),i=0;i<o.length;i++)o[i].style.display=\"none\";for(i=0;i<a.length;i++)s=a[i],e.source===s.contentWindow&&(s.removeAttribute(\"style\"),\"height\"===t.message?(1e3<(r=parseInt(t.value,10))?r=1e3:~~r<200&&(r=200),s.height=r):\"link\"===t.message&&(r=new URL(s.getAttribute(\"src\")),n=new URL(t.value),c.test(n.protocol))&&n.host===r.host&&l.activeElement===s&&(d.top.location.href=t.value))}},d.addEventListener(\"message\",d.wp.receiveEmbedMessage,!1),l.addEventListener(\"DOMContentLoaded\",function(){for(var e,t,s=l.querySelectorAll(\"iframe.wp-embedded-content\"),r=0;r<s.length;r++)(t=(e=s[r]).getAttribute(\"data-secret\"))||(t=Math.random().toString(36).substring(2,12),e.src+=\"#?secret=\"+t,e.setAttribute(\"data-secret\",t)),e.contentWindow.postMessage({message:\"ready\",secret:t},\"*\")},!1)))}(window,document);\n\/\/# sourceURL=https:\/\/denizcankizil.tr\/wp-includes\/js\/wp-embed.min.js\n<\/script>","description":"Cumhurba\u015fkan\u0131 Recep Tayyip Erdo\u011fan, T\u00fcrkiye\u2019ye ziyarette bulunan Almanya Federal Cumhuriyeti Cumhurba\u015fkan\u0131 Frank-Walter Steinmeier ile Cumhurba\u015fkanl\u0131\u011f\u0131 K\u00fclliyesi&#8217;nde bir araya geldi.ANKARA (\u0130GFA) &#8211; Cumhurba\u015fkan\u0131 Recep Tayyip Erdo\u011fan, Almanya Cumhurba\u015fkan\u0131 Frank-Walter Steinmeier ile g\u00f6r\u00fc\u015ft\u00fc. Cumhurba\u015fkan\u0131 Erdo\u011fan, Steinmeier&#8217;i, Cumhurba\u015fkanl\u0131\u011f\u0131 K\u00fclliyesi&#8217;nin giri\u015f kap\u0131s\u0131nda kar\u015f\u0131lad\u0131. \u0130ki lider T\u00fcrkiye ve Almanya bayraklar\u0131 \u00f6n\u00fcnde foto\u011fraf \u00e7ektirdi. \u0130kili g\u00f6r\u00fc\u015fme ve heyetler aras\u0131 \u00e7al\u0131\u015fma yeme\u011finin ard\u0131ndan Cumhurba\u015fkan\u0131 Erdo\u011fan ve Steinmeier, ortak bas\u0131n toplant\u0131s\u0131 d\u00fczenledi. Almanya Federal Cumhuriyeti Cumhurba\u015fkan\u0131 Frank-Walter Steinmeier ile Ortak Bas\u0131n Toplant\u0131s\u0131 https:\/\/t.co\/vqwOOxK5pI\u2014 Recep Tayyip Erdo\u011fan (@RTErdogan) February 5, 2025 Ge\u00e7en y\u0131l Nisan ay\u0131nda ger\u00e7ekle\u015ftirilen ziyaret sonras\u0131nda Steinmeier&#8217;i yeniden a\u011f\u0131rlaman\u0131n memnuniyet duydu\u011funu ifade eden Cumhurba\u015fkan\u0131 Erdo\u011fan, &#8220;Son d\u00f6nemde ger\u00e7eekle\u015fen \u00fcst d\u00fczey ziyaretler ve g\u00f6r\u00fc\u015fmelerimiz iki \u00fclke aras\u0131ndaki diyalo\u011fun en a\u00e7\u0131k tezah\u00fcr\u00fcd\u00fcr. \u0130kili i\u015f birli\u011fimizi derinle\u015ftirmenin yan\u0131 s\u0131ra b\u00f6lgesel geli\u015fmeleri de ele ald\u0131k. Yat\u0131r\u0131mlar\u0131 kar\u015f\u0131l\u0131kl\u0131 olarak te\u015fvik etmeye devam ediyoruz. Avrupa genelinde \u0131rk\u00e7\u0131l\u0131k eylem ve s\u00f6ylemlerin artt\u0131\u011f\u0131n\u0131 m\u00fc\u015fahade ediyoruz. Alman dostlar\u0131m\u0131zla birlikte \u00e7al\u0131\u015fmaya devam edece\u011fiz&#8221; mesaj\u0131 verdi. \u200bCumhurba\u015fkan\u0131 Recep Tayyip Erdo\u011fan, T\u00fcrkiye\u2019ye ziyarette bulunan Almanya Federal Cumhuriyeti Cumhurba\u015fkan\u0131 Frank-Walter Steinmeier ile Cumhurba\u015fkanl\u0131\u011f\u0131 K\u00fclliyesi&#8217;nde bir araya geldi.ANKARA (\u0130GFA) &#8211; Cumhurba\u015fkan\u0131 Recep Tayyip Erdo\u011fan, Almanya Cumhurba\u015fkan\u0131 Frank-Walter Steinmeier ile g\u00f6r\u00fc\u015ft\u00fc. Cumhurba\u015fkan\u0131 Erdo\u011fan, Steinmeier&#8217;i, Cumhurba\u015fkanl\u0131\u011f\u0131 K\u00fclliyesi&#8217;nin giri\u015f kap\u0131s\u0131nda kar\u015f\u0131lad\u0131. \u0130ki lider T\u00fcrkiye ve Almanya bayraklar\u0131 \u00f6n\u00fcnde foto\u011fraf \u00e7ektirdi. \u0130kili g\u00f6r\u00fc\u015fme ve heyetler &hellip;"}