{"version":"1.0","provider_name":"Av. Deniz Can K\u0131z\u0131l","provider_url":"https:\/\/denizcankizil.tr\/en","author_name":"Antalya K\u00f6rfez","author_url":"https:\/\/denizcankizil.tr\/en\/author\/www-antalyakorfez-com\/","title":"Alanyal\u0131lar, 19 May\u0131s\u2019\u0131 G\u00f6khan \u00d6zen ile kutlad\u0131","type":"rich","width":600,"height":338,"html":"<blockquote class=\"wp-embedded-content\" data-secret=\"OT9YCimlhD\"><a href=\"https:\/\/denizcankizil.tr\/en\/haberler\/gundem\/alanyalilar-19-mayisi-gokhan-ozen-ile-kutladi\/\">Alanyal\u0131lar, 19 May\u0131s\u2019\u0131 G\u00f6khan \u00d6zen ile kutlad\u0131<\/a><\/blockquote><iframe sandbox=\"allow-scripts\" security=\"restricted\" src=\"https:\/\/denizcankizil.tr\/en\/haberler\/gundem\/alanyalilar-19-mayisi-gokhan-ozen-ile-kutladi\/embed\/#?secret=OT9YCimlhD\" width=\"600\" height=\"338\" title=\"&#8220;Alanyal\u0131lar, 19 May\u0131s\u2019\u0131 G\u00f6khan \u00d6zen ile kutlad\u0131&#8221; &#8212; Av. Deniz Can K\u0131z\u0131l\" data-secret=\"OT9YCimlhD\" frameborder=\"0\" marginwidth=\"0\" marginheight=\"0\" scrolling=\"no\" class=\"wp-embedded-content\"><\/iframe><script>\n\/*! This file is auto-generated *\/\n!function(d,l){\"use strict\";l.querySelector&&d.addEventListener&&\"undefined\"!=typeof URL&&(d.wp=d.wp||{},d.wp.receiveEmbedMessage||(d.wp.receiveEmbedMessage=function(e){var t=e.data;if((t||t.secret||t.message||t.value)&&!\/[^a-zA-Z0-9]\/.test(t.secret)){for(var s,r,n,a=l.querySelectorAll('iframe[data-secret=\"'+t.secret+'\"]'),o=l.querySelectorAll('blockquote[data-secret=\"'+t.secret+'\"]'),c=new RegExp(\"^https?:$\",\"i\"),i=0;i<o.length;i++)o[i].style.display=\"none\";for(i=0;i<a.length;i++)s=a[i],e.source===s.contentWindow&&(s.removeAttribute(\"style\"),\"height\"===t.message?(1e3<(r=parseInt(t.value,10))?r=1e3:~~r<200&&(r=200),s.height=r):\"link\"===t.message&&(r=new URL(s.getAttribute(\"src\")),n=new URL(t.value),c.test(n.protocol))&&n.host===r.host&&l.activeElement===s&&(d.top.location.href=t.value))}},d.addEventListener(\"message\",d.wp.receiveEmbedMessage,!1),l.addEventListener(\"DOMContentLoaded\",function(){for(var e,t,s=l.querySelectorAll(\"iframe.wp-embedded-content\"),r=0;r<s.length;r++)(t=(e=s[r]).getAttribute(\"data-secret\"))||(t=Math.random().toString(36).substring(2,12),e.src+=\"#?secret=\"+t,e.setAttribute(\"data-secret\",t)),e.contentWindow.postMessage({message:\"ready\",secret:t},\"*\")},!1)))}(window,document);\n\/\/# sourceURL=https:\/\/denizcankizil.tr\/wp-includes\/js\/wp-embed.min.js\n<\/script>","description":"Antalya\u2019n\u0131n Alanya il\u00e7esinde ger\u00e7ekle\u015fen 19 May\u0131s Atat\u00fcrk&#8217;\u00fc Anma Gen\u00e7lik ve Spor Bayram\u0131 kutlamas\u0131; Alanya Kaymakaml\u0131\u011f\u0131, Alanya Belediyesi ve Alanya Kent Konseyi i\u015f birli\u011finde d\u00fczenlenen kortejle ba\u015flad\u0131. Atat\u00fcrk An\u0131t\u0131 \u00f6n\u00fcnden ba\u015flayan korteje Kaymakam Fatih \u00dcrkmezer, Belediye Ba\u015fkan\u0131 Osman Tar\u0131k \u00d6z\u00e7elik, Kent Konseyi Ba\u015fkan\u0131 Nurhan \u00d6zcan protokol \u00fcyeleri ve vatanda\u015flar kat\u0131ld\u0131. Protokol \u00fcyelerinin me\u015fale yakmas\u0131n\u0131n ard\u0131ndan kat\u0131l\u0131mc\u0131lar T\u00fcrk bayraklar\u0131 ve mar\u015flar e\u015fli\u011finde y\u00fcr\u00fcd\u00fc. Atat\u00fcrk Caddesi ve \u0130skele Caddesi g\u00fczergah\u0131nda yap\u0131lan y\u00fcr\u00fcy\u00fc\u015f, Eski Belediye Binas\u0131 arkas\u0131nda son buldu. ALANYA\u2019DA BAYRAM CO\u015eKUSU Burada Alanya Kent Konseyi Gen\u00e7lik Meclisi taraf\u0131ndan Atat\u00fcrk&#8217;\u00fcn Gen\u00e7li\u011fe Hitabesi ve Gen\u00e7li\u011fin Ata&#8217;ya Cevab\u0131 okundu. Alan\u0131 dolduran kalabal\u0131\u011fa seslenen Belediye Ba\u015fkan\u0131 Osman Tar\u0131k \u00d6z\u00e7elik, &#8220;Bug\u00fcn s\u0131radan bir g\u00fcn de\u011fil. Bug\u00fcn, bir milletin kaderini de\u011fi\u015ftiren b\u00fcy\u00fck uyan\u0131\u015f\u0131n y\u0131ld\u00f6n\u00fcm\u00fc. Tam 106 y\u0131l \u00f6nce, Samsun&#8217;da yak\u0131lan ilk k\u0131v\u0131lc\u0131mla, T\u00fcrk milleti, ba\u011f\u0131ms\u0131zl\u0131k me\u015falesini eline ald\u0131 ve o k\u0131v\u0131lc\u0131m koskoca bir milleti aya\u011fa kald\u0131rd\u0131. 19 May\u0131s, bir tarihten \u00e7ok daha fazlas\u0131d\u0131r. Karanl\u0131\u011fa at\u0131lan ilk ad\u0131m, umutsuzlu\u011fa inat bir uyan\u0131\u015f, esarete kar\u015f\u0131 dimdik duran bir duru\u015ftur. Bug\u00fcn tam da burada, Alanya sokaklar\u0131nda yank\u0131lanan her mar\u015fta, gen\u00e7lerimizin g\u00f6zlerindeki \u0131\u015f\u0131kta, Atat\u00fcrk&#8217;\u00fcn emanetine sahip \u00e7\u0131kan milletimizin sesi var ve biz o sesi ne ge\u00e7mi\u015fte susturduk ne bug\u00fcn sustururuz ne de yar\u0131n susturulmas\u0131na izin veririz. Ulu \u00d6nder Gazi Mustafa Atat\u00fcrk diyor ki &hellip;"}