{"version":"1.0","provider_name":"Av. Deniz Can K\u0131z\u0131l","provider_url":"https:\/\/denizcankizil.tr\/en","author_name":"Av. Deniz Can K\u0131z\u0131l","author_url":"https:\/\/denizcankizil.tr\/en","title":"Alanya\u2019da Bozkurt gerilimi art\u0131yor!","type":"rich","width":600,"height":338,"html":"<blockquote class=\"wp-embedded-content\" data-secret=\"2LUnmZYUaF\"><a href=\"https:\/\/denizcankizil.tr\/en\/haberler\/gundem\/alanyada-bozkurt-gerilimi-artiyor\/\">Alanya\u2019da Bozkurt gerilimi art\u0131yor!<\/a><\/blockquote><iframe sandbox=\"allow-scripts\" security=\"restricted\" src=\"https:\/\/denizcankizil.tr\/en\/haberler\/gundem\/alanyada-bozkurt-gerilimi-artiyor\/embed\/#?secret=2LUnmZYUaF\" width=\"600\" height=\"338\" title=\"&#8220;Alanya\u2019da Bozkurt gerilimi art\u0131yor!&#8221; &#8212; Av. Deniz Can K\u0131z\u0131l\" data-secret=\"2LUnmZYUaF\" frameborder=\"0\" marginwidth=\"0\" marginheight=\"0\" scrolling=\"no\" class=\"wp-embedded-content\"><\/iframe><script>\n\/*! This file is auto-generated *\/\n!function(d,l){\"use strict\";l.querySelector&&d.addEventListener&&\"undefined\"!=typeof URL&&(d.wp=d.wp||{},d.wp.receiveEmbedMessage||(d.wp.receiveEmbedMessage=function(e){var t=e.data;if((t||t.secret||t.message||t.value)&&!\/[^a-zA-Z0-9]\/.test(t.secret)){for(var s,r,n,a=l.querySelectorAll('iframe[data-secret=\"'+t.secret+'\"]'),o=l.querySelectorAll('blockquote[data-secret=\"'+t.secret+'\"]'),c=new RegExp(\"^https?:$\",\"i\"),i=0;i<o.length;i++)o[i].style.display=\"none\";for(i=0;i<a.length;i++)s=a[i],e.source===s.contentWindow&&(s.removeAttribute(\"style\"),\"height\"===t.message?(1e3<(r=parseInt(t.value,10))?r=1e3:~~r<200&&(r=200),s.height=r):\"link\"===t.message&&(r=new URL(s.getAttribute(\"src\")),n=new URL(t.value),c.test(n.protocol))&&n.host===r.host&&l.activeElement===s&&(d.top.location.href=t.value))}},d.addEventListener(\"message\",d.wp.receiveEmbedMessage,!1),l.addEventListener(\"DOMContentLoaded\",function(){for(var e,t,s=l.querySelectorAll(\"iframe.wp-embedded-content\"),r=0;r<s.length;r++)(t=(e=s[r]).getAttribute(\"data-secret\"))||(t=Math.random().toString(36).substring(2,12),e.src+=\"#?secret=\"+t,e.setAttribute(\"data-secret\",t)),e.contentWindow.postMessage({message:\"ready\",secret:t},\"*\")},!1)))}(window,document);\n\/\/# sourceURL=https:\/\/denizcankizil.tr\/wp-includes\/js\/wp-embed.min.js\n<\/script>","description":"Antalya\u2019n\u0131n Alanya il\u00e7esinin giri\u015fine Cumhuriyet\u2019in 100\u2019\u00fcnc\u00fc y\u0131l\u0131 an\u0131s\u0131na \u00f6nceki belediye ba\u015fkan\u0131 MHP&#8217;li Adem Murat Y\u00fccel taraf\u0131ndan yerle\u015ftirilen ve Gazi Mustafa Kemal Atat\u00fcrk\u2019\u00fcn 1936\u2019da Kahramanmara\u015f Kalesi\u2019ne yapt\u0131rd\u0131\u011f\u0131 \u2018Bayrak Tutan Bozkurt Heykeli\u2019nin CHP\u2019li Alanya Belediye Ba\u015fkan\u0131 Osman Tar\u0131k \u00d6z\u00e7elik taraf\u0131ndan kald\u0131r\u0131lmas\u0131 MHP&#8217;de tepkiyle kar\u015f\u0131land\u0131. MHP Antalya \u0130l Ba\u015fkan\u0131 Onur Temel\u2019in ard\u0131ndan bir tepki de MHP Antalya Milletvekili Abdurrahman Ba\u015fkan\u2019dan geldi.\u00a0 MHP\u2019L\u0130 BA\u015eKAN\u2019DAN SERT TEPK\u0130! Milletvekili Ba\u015fkan,\u00a0 \u201cCHP\u2019li Belediye Ba\u015fkan\u0131\u2019n\u0131n bu d\u00fc\u015fmanca tutumu, Alanya\u2019n\u0131n milli ve manevi de\u011ferlerine sald\u0131r\u0131n\u0131n \u00f6tesine ge\u00e7ip, T\u00fcrk milletinin tamam\u0131na meydan okuma anlam\u0131 ta\u015f\u0131maktad\u0131r. Alanya gibi k\u00f6kl\u00fc bir T\u00fcrk yurduna b\u00f6yle bir ihanetin kabul g\u00f6rmesi asla m\u00fcmk\u00fcn de\u011fildir. Antalya ve Alanya de\u011ferlerine d\u00fc\u015fmanl\u0131k edenlere gereken cevab\u0131 her zaman vermi\u015ftir. Bundan sonra da verecektir\u201d dedi.\u00a0 KUTSAL DE\u011eERLERE SALDIRI Sadece bozkurt heykelinin de\u011fil MHP Genel Ba\u015fkan\u0131 Devlet Bah\u00e7eli\u2019nin ad\u0131n\u0131n verildi\u011fi park\u0131n da ad\u0131n\u0131n de\u011fi\u015ftirilmesine dikkat \u00e7eken Ba\u015fkan, \u201cBozkurt, T\u00fcrk milletinin \u00f6zg\u00fcrl\u00fck, ba\u011f\u0131ms\u0131zl\u0131k ve direni\u015f ruhunun sembol\u00fcd\u00fcr. Bu sembole d\u00fc\u015fmanl\u0131k edenler, asl\u0131nda T\u00fcrk milletinin binlerce y\u0131ll\u0131k \u015fanl\u0131 tarihine ve bu milletin birlik ve beraberlik m\u00fccadelesine d\u00fc\u015fmanl\u0131k ekmektedir. Ayn\u0131 \u015fekilde, Devlet Bah\u00e7eli ad\u0131, sadece Milliyet\u00e7i Hareket Partisi\u2019nin de\u011fil, T\u00fcrk milletinin bekas\u0131 i\u00e7in verilen onurlu bir ad\u0131d\u0131r. Bu isimlere ve de\u011ferlere sald\u0131rmak, T\u00fcrk milletine olan nefretin somut bir g\u00f6stergesidir\u201d \u015feklinde konu\u015ftu.\u00a0 T\u00dcRK M\u0130LLET\u0130NE MEYDAN &hellip;"}