{"version":"1.0","provider_name":"Av. Deniz Can K\u0131z\u0131l","provider_url":"https:\/\/denizcankizil.tr\/en","author_name":"Av. Deniz Can K\u0131z\u0131l","author_url":"https:\/\/denizcankizil.tr\/en","title":"Alanya \u00dcniversitesi Atat\u00fcrk\u2019\u00fc and\u0131","type":"rich","width":600,"height":338,"html":"<blockquote class=\"wp-embedded-content\" data-secret=\"ghplK7PW98\"><a href=\"https:\/\/denizcankizil.tr\/en\/haberler\/gundem\/alanya-universitesi-ataturku-andi\/\">Alanya \u00dcniversitesi Atat\u00fcrk\u2019\u00fc and\u0131<\/a><\/blockquote><iframe sandbox=\"allow-scripts\" security=\"restricted\" src=\"https:\/\/denizcankizil.tr\/en\/haberler\/gundem\/alanya-universitesi-ataturku-andi\/embed\/#?secret=ghplK7PW98\" width=\"600\" height=\"338\" title=\"&#8220;Alanya \u00dcniversitesi Atat\u00fcrk\u2019\u00fc and\u0131&#8221; &#8212; Av. Deniz Can K\u0131z\u0131l\" data-secret=\"ghplK7PW98\" frameborder=\"0\" marginwidth=\"0\" marginheight=\"0\" scrolling=\"no\" class=\"wp-embedded-content\"><\/iframe><script>\n\/*! This file is auto-generated *\/\n!function(d,l){\"use strict\";l.querySelector&&d.addEventListener&&\"undefined\"!=typeof URL&&(d.wp=d.wp||{},d.wp.receiveEmbedMessage||(d.wp.receiveEmbedMessage=function(e){var t=e.data;if((t||t.secret||t.message||t.value)&&!\/[^a-zA-Z0-9]\/.test(t.secret)){for(var s,r,n,a=l.querySelectorAll('iframe[data-secret=\"'+t.secret+'\"]'),o=l.querySelectorAll('blockquote[data-secret=\"'+t.secret+'\"]'),c=new RegExp(\"^https?:$\",\"i\"),i=0;i<o.length;i++)o[i].style.display=\"none\";for(i=0;i<a.length;i++)s=a[i],e.source===s.contentWindow&&(s.removeAttribute(\"style\"),\"height\"===t.message?(1e3<(r=parseInt(t.value,10))?r=1e3:~~r<200&&(r=200),s.height=r):\"link\"===t.message&&(r=new URL(s.getAttribute(\"src\")),n=new URL(t.value),c.test(n.protocol))&&n.host===r.host&&l.activeElement===s&&(d.top.location.href=t.value))}},d.addEventListener(\"message\",d.wp.receiveEmbedMessage,!1),l.addEventListener(\"DOMContentLoaded\",function(){for(var e,t,s=l.querySelectorAll(\"iframe.wp-embedded-content\"),r=0;r<s.length;r++)(t=(e=s[r]).getAttribute(\"data-secret\"))||(t=Math.random().toString(36).substring(2,12),e.src+=\"#?secret=\"+t,e.setAttribute(\"data-secret\",t)),e.contentWindow.postMessage({message:\"ready\",secret:t},\"*\")},!1)))}(window,document);\n\/\/# sourceURL=https:\/\/denizcankizil.tr\/wp-includes\/js\/wp-embed.min.js\n<\/script>","description":"Alanya \u00dcniversitesi \u015eebnem K\u00f6seo\u011flu Konferans Salonu\u2019nda Atat\u00fcrk i\u00e7in anma t\u00f6reni d\u00fczenlendi. T\u00f6rende, Atat\u00fcrk\u2019\u00fcn miras\u0131, devrimleri ve T\u00fcrkiye\u2019ye kazand\u0131rd\u0131\u011f\u0131 \u00e7a\u011fda\u015f de\u011ferler \u00fczerine konu\u015fmalar ger\u00e7ekle\u015ftirildi. Program\u0131n a\u00e7\u0131l\u0131\u015f konu\u015fmas\u0131n\u0131 yapan Alanya \u00dcniversitesi Rekt\u00f6r Yard\u0131mc\u0131s\u0131 Prof. Dr. Mehmet Yaz\u0131c\u0131, &#8220;Bug\u00fcn, Cumhuriyetimizin kurucusu, Gazi Mustafa Kemal Atat\u00fcrk\u2019\u00fcn aram\u0131zdan ayr\u0131l\u0131\u015f\u0131n\u0131n 86. y\u0131l d\u00f6n\u00fcm\u00fcnde, onu bir kez daha sevgi, sayg\u0131, minnet ve \u00f6zlemle an\u0131yoruz\u201d dedi. \u00c7A\u011eDA\u015e, B\u0130L\u0130MSEL E\u011e\u0130T\u0130M Yaz\u0131c\u0131, konu\u015fmas\u0131n\u0131n devam\u0131nda, \u201cAtat\u00fcrk, sadece T\u00fcrk milletinin kurtar\u0131c\u0131s\u0131 ve Cumhuriyetimizin lideri de\u011fil, ayn\u0131 zamanda e\u011fitimde, bilimde, \u00e7a\u011fda\u015fla\u015fmada, kad\u0131n\u0131n toplumdaki yerinde ve hukukta getirdi\u011fi reformlar ile de d\u00fcnya \u00e7ap\u0131nda da b\u00fcy\u00fck bir liderdir. Bu liderlik perspektifi ile Atat\u00fcrk\u2019\u00fcn \u00e7izdi\u011fi yolda \u00fcniversitemizde, Atat\u00fcrk&#8217;\u00fcn fikirlerinden ilham alarak gen\u00e7lerimizi \u00e7a\u011fda\u015f, bilimin \u0131\u015f\u0131\u011f\u0131nda b\u00fcy\u00fcyen, Cumhuriyetimizin de\u011ferlerini ve Atat\u00fcrk\u2019\u00fcn ilkelerini benimsemi\u015f bireyler olarak yeti\u015ftirmek ve amac\u0131na s\u0131k\u0131 s\u0131k\u0131ya ba\u011fl\u0131y\u0131z. Onun, &#8216;D\u00fcnyada her \u015fey i\u00e7in, medeniyet i\u00e7in, hayat i\u00e7in, muvaffakiyet i\u00e7in en hakiki m\u00fcr\u015fit ilimdir, fendir. \u0130lim ve fennin haricinde m\u00fcr\u015fit aramak gaflettir, cehalettir, dalalettir&#8217; s\u00f6z\u00fcnden hareketle, bilimi, akl\u0131 ve \u00f6zg\u00fcr d\u00fc\u015f\u00fcnmeyi her zaman \u00f6n planda tutaca\u011f\u0131m\u0131za bir kez daha ant i\u00e7iyoruz. Atat\u00fcrk, bilim ve e\u011fitim alan\u0131nda ger\u00e7ekle\u015ftirdi\u011fi devrimlerle sadece T\u00fcrkiye\u2019ye de\u011fil, t\u00fcm insanl\u0131\u011fa y\u00f6n vermi\u015ftir\u201d dedi. EN \u00d6NEML\u0130 M\u0130RAS Yaz\u0131c\u0131 konu\u015fmas\u0131n\u0131 \u015f\u00f6yle bitirdi: \u201cOnun bize b\u0131rakt\u0131\u011f\u0131 en \u00f6nemli miraslardan birisi de, e\u011fitimde f\u0131rsat e\u015fitli\u011fi, bilimsel &hellip;"}