{"version":"1.0","provider_name":"Av. Deniz Can K\u0131z\u0131l","provider_url":"https:\/\/denizcankizil.tr\/en","author_name":"Av. Deniz Can K\u0131z\u0131l","author_url":"https:\/\/denizcankizil.tr\/en","title":"Ad\u0131yaman\u2019da uyu\u015fturucu operasyonu: 16 g\u00f6zalt\u0131","type":"rich","width":600,"height":338,"html":"<blockquote class=\"wp-embedded-content\" data-secret=\"oyQKfXfgdu\"><a href=\"https:\/\/denizcankizil.tr\/en\/haberler\/gundem\/adiyamanda-uyusturucu-operasyonu-16-gozalti\/\">Ad\u0131yaman\u2019da uyu\u015fturucu operasyonu: 16 g\u00f6zalt\u0131<\/a><\/blockquote><iframe sandbox=\"allow-scripts\" security=\"restricted\" src=\"https:\/\/denizcankizil.tr\/en\/haberler\/gundem\/adiyamanda-uyusturucu-operasyonu-16-gozalti\/embed\/#?secret=oyQKfXfgdu\" width=\"600\" height=\"338\" title=\"&#8220;Ad\u0131yaman\u2019da uyu\u015fturucu operasyonu: 16 g\u00f6zalt\u0131&#8221; &#8212; Av. Deniz Can K\u0131z\u0131l\" data-secret=\"oyQKfXfgdu\" frameborder=\"0\" marginwidth=\"0\" marginheight=\"0\" scrolling=\"no\" class=\"wp-embedded-content\"><\/iframe><script>\n\/*! This file is auto-generated *\/\n!function(d,l){\"use strict\";l.querySelector&&d.addEventListener&&\"undefined\"!=typeof URL&&(d.wp=d.wp||{},d.wp.receiveEmbedMessage||(d.wp.receiveEmbedMessage=function(e){var t=e.data;if((t||t.secret||t.message||t.value)&&!\/[^a-zA-Z0-9]\/.test(t.secret)){for(var s,r,n,a=l.querySelectorAll('iframe[data-secret=\"'+t.secret+'\"]'),o=l.querySelectorAll('blockquote[data-secret=\"'+t.secret+'\"]'),c=new RegExp(\"^https?:$\",\"i\"),i=0;i<o.length;i++)o[i].style.display=\"none\";for(i=0;i<a.length;i++)s=a[i],e.source===s.contentWindow&&(s.removeAttribute(\"style\"),\"height\"===t.message?(1e3<(r=parseInt(t.value,10))?r=1e3:~~r<200&&(r=200),s.height=r):\"link\"===t.message&&(r=new URL(s.getAttribute(\"src\")),n=new URL(t.value),c.test(n.protocol))&&n.host===r.host&&l.activeElement===s&&(d.top.location.href=t.value))}},d.addEventListener(\"message\",d.wp.receiveEmbedMessage,!1),l.addEventListener(\"DOMContentLoaded\",function(){for(var e,t,s=l.querySelectorAll(\"iframe.wp-embedded-content\"),r=0;r<s.length;r++)(t=(e=s[r]).getAttribute(\"data-secret\"))||(t=Math.random().toString(36).substring(2,12),e.src+=\"#?secret=\"+t,e.setAttribute(\"data-secret\",t)),e.contentWindow.postMessage({message:\"ready\",secret:t},\"*\")},!1)))}(window,document);\n\/\/# sourceURL=https:\/\/denizcankizil.tr\/wp-includes\/js\/wp-embed.min.js\n<\/script>","description":"Ad\u0131yaman \u0130l Jandarma Komutanl\u0131\u011f\u0131 taraf\u0131ndan 6 Ocak 2025 tarihinde Ad\u0131yaman il merkezi ve il\u00e7elerinde uyu\u015fturucu sat\u0131c\u0131lar\u0131 ve kullan\u0131c\u0131lar\u0131na y\u00f6nelik operasyonlar d\u00fczenlendi.ADIYAMAN (\u0130GFA) &#8211;\u00a0Ad\u0131yaman \u0130l Jandarma Komutanl\u0131\u011f\u0131 taraf\u0131ndan operasyonlar kapsam\u0131nda yap\u0131lan aramalarda,\u00a0 \u2022 5 gram kubar esrar, \u2022 4 gram bonzai, \u2022 3 gram skunk, \u2022 2 gram metamfetamin, \u2022 1 adet aparat ele ge\u00e7irildi. Operasyonlarda toplam 16 \u015f\u00fcpheli yakalanarak g\u00f6zalt\u0131na al\u0131nd\u0131. \u015e\u00fcpheliler hakk\u0131nda adli i\u015flemlerin ba\u015flat\u0131ld\u0131\u011f\u0131 bildirildi. Ad\u0131yaman \u0130l Jandarma Komutanl\u0131\u011f\u0131, uyu\u015fturucuyla m\u00fccadelenin kararl\u0131l\u0131kla devam edece\u011fini a\u00e7\u0131klad\u0131. \u200bAd\u0131yaman \u0130l Jandarma Komutanl\u0131\u011f\u0131 taraf\u0131ndan 6 Ocak 2025 tarihinde Ad\u0131yaman il merkezi ve il\u00e7elerinde uyu\u015fturucu sat\u0131c\u0131lar\u0131 ve kullan\u0131c\u0131lar\u0131na y\u00f6nelik operasyonlar d\u00fczenlendi.ADIYAMAN (\u0130GFA) &#8211;\u00a0Ad\u0131yaman \u0130l Jandarma Komutanl\u0131\u011f\u0131 taraf\u0131ndan operasyonlar kapsam\u0131nda yap\u0131lan aramalarda,\u00a0 \u2022 5 gram kubar esrar, \u2022 4 gram bonzai, \u2022 3 gram skunk, \u2022 2 gram metamfetamin, \u2022 1 adet aparat ele ge\u00e7irildi. Operasyonlarda toplam 16 \u015f\u00fcpheli yakalanarak g\u00f6zalt\u0131na al\u0131nd\u0131. \u015e\u00fcpheliler hakk\u0131nda adli i\u015flemlerin ba\u015flat\u0131ld\u0131\u011f\u0131 bildirildi. Ad\u0131yaman \u0130l Jandarma Komutanl\u0131\u011f\u0131, uyu\u015fturucuyla m\u00fccadelenin kararl\u0131l\u0131kla devam edece\u011fini a\u00e7\u0131klad\u0131.\u00a0 \u200bHaberin Al\u0131nt\u0131land\u0131\u011f\u0131 Kaynak: www.iskenderun.org"}