{"version":"1.0","provider_name":"Av. Deniz Can K\u0131z\u0131l","provider_url":"https:\/\/denizcankizil.tr\/en","author_name":"Av. Deniz Can K\u0131z\u0131l","author_url":"https:\/\/denizcankizil.tr\/en","title":"8 Bakan g\u00f6ren Sivas'taki t\u00fcnel, 11 y\u0131ld\u0131r bitirilemedi!","type":"rich","width":600,"height":338,"html":"<blockquote class=\"wp-embedded-content\" data-secret=\"gIUoXnbcl5\"><a href=\"https:\/\/denizcankizil.tr\/en\/haberler\/gundem\/8-bakan-goren-sivastaki-tunel-11-yildir-bitirilemedi\/\">8 Bakan g\u00f6ren Sivas&#8217;taki t\u00fcnel, 11 y\u0131ld\u0131r bitirilemedi!<\/a><\/blockquote><iframe sandbox=\"allow-scripts\" security=\"restricted\" src=\"https:\/\/denizcankizil.tr\/en\/haberler\/gundem\/8-bakan-goren-sivastaki-tunel-11-yildir-bitirilemedi\/embed\/#?secret=gIUoXnbcl5\" width=\"600\" height=\"338\" title=\"&#8220;8 Bakan g\u00f6ren Sivas&#8217;taki t\u00fcnel, 11 y\u0131ld\u0131r bitirilemedi!&#8221; &#8212; Av. Deniz Can K\u0131z\u0131l\" data-secret=\"gIUoXnbcl5\" frameborder=\"0\" marginwidth=\"0\" marginheight=\"0\" scrolling=\"no\" class=\"wp-embedded-content\"><\/iframe><script>\n\/*! This file is auto-generated *\/\n!function(d,l){\"use strict\";l.querySelector&&d.addEventListener&&\"undefined\"!=typeof URL&&(d.wp=d.wp||{},d.wp.receiveEmbedMessage||(d.wp.receiveEmbedMessage=function(e){var t=e.data;if((t||t.secret||t.message||t.value)&&!\/[^a-zA-Z0-9]\/.test(t.secret)){for(var s,r,n,a=l.querySelectorAll('iframe[data-secret=\"'+t.secret+'\"]'),o=l.querySelectorAll('blockquote[data-secret=\"'+t.secret+'\"]'),c=new RegExp(\"^https?:$\",\"i\"),i=0;i<o.length;i++)o[i].style.display=\"none\";for(i=0;i<a.length;i++)s=a[i],e.source===s.contentWindow&&(s.removeAttribute(\"style\"),\"height\"===t.message?(1e3<(r=parseInt(t.value,10))?r=1e3:~~r<200&&(r=200),s.height=r):\"link\"===t.message&&(r=new URL(s.getAttribute(\"src\")),n=new URL(t.value),c.test(n.protocol))&&n.host===r.host&&l.activeElement===s&&(d.top.location.href=t.value))}},d.addEventListener(\"message\",d.wp.receiveEmbedMessage,!1),l.addEventListener(\"DOMContentLoaded\",function(){for(var e,t,s=l.querySelectorAll(\"iframe.wp-embedded-content\"),r=0;r<s.length;r++)(t=(e=s[r]).getAttribute(\"data-secret\"))||(t=Math.random().toString(36).substring(2,12),e.src+=\"#?secret=\"+t,e.setAttribute(\"data-secret\",t)),e.contentWindow.postMessage({message:\"ready\",secret:t},\"*\")},!1)))}(window,document);\n\/\/# sourceURL=https:\/\/denizcankizil.tr\/wp-includes\/js\/wp-embed.min.js\n<\/script>","description":"Karadeniz B\u00f6lgesi&#8217;ni Sivas \u00fczerinden Akdeniz B\u00f6lgesi&#8217;ne ba\u011flayacak ve ad\u0131n\u0131 Geminbeli Ge\u00e7idinden alan\u0131 ve toplamda 8 bin 600 metre \u00e7ift t\u00fcpten olu\u015facak Geminbeli T\u00fcneli 8 bakan eskitti, 11 y\u0131lda bitirilemedi.ANKARA (\u0130GFA) &#8211; Karadeniz\u2019i Sivas \u00fczerinden Akdeniz\u2019e ba\u011flayacak olan Geminbeli t\u00fcneli, 8 bakan g\u00f6rd\u00fc ve tam 11 y\u0131ld\u0131r bitirilemedi. Ge\u00e7en y\u0131l \u201cUcunda \u0131\u015f\u0131\u011f\u0131 g\u00f6rd\u00fck\u201d diyen Ula\u015ft\u0131rma ve Altyap\u0131 Bakan\u0131 Abdulkadir Uralo\u011flu, bu kez t\u00fcnelin bitimi i\u00e7in 205 y\u0131l\u0131n\u0131 i\u015faret etti. \u0130halesi 2013 y\u0131l\u0131nda d\u00f6nemin Ula\u015ft\u0131rma Bakan\u0131 Binali Y\u0131ld\u0131m taraf\u0131ndan ger\u00e7ekle\u015ftirilen t\u00fcnel in\u015faat\u0131 y\u0131lan hikayesine d\u00f6nd\u00fc. Her biri 4 bin 300 metre olmak \u00fczere toplam 8 bin 600 metrelik \u00e7ift t\u00fcpten olu\u015fan Geminbeli T\u00fcneli\u2019nin a\u00e7\u0131l\u0131\u015f\u0131 2025 y\u0131l\u0131na kald\u0131. Konuyu defalarca TBMM g\u00fcndemine getiren, soru \u00f6nergeleri verip a\u00e7\u0131klamalar yapan CHP Genel Ba\u015fkan Yard\u0131mc\u0131s\u0131 ve Sivas Milletvekili Ula\u015f Karasu, m\u0131\u015f \u015fartlar\u0131n\u0131n \u00e7etin ge\u00e7ti\u011fi b\u00f6lgede t\u00fcnelle ula\u015f\u0131m\u0131n daha \u00e7ok g\u00fcvenlik sa\u011flanacak olant\u00fcneli bir kez daha g\u00fcndem yapt\u0131. Ge\u00e7en y\u0131l, bakanl\u0131\u011f\u0131n b\u00fct\u00e7e g\u00f6r\u00fc\u015fmeleri s\u0131ras\u0131nda t\u00fcnelin ne zaman bitirilece\u011fini Bakan Uralo\u011flu\u2019na soran ve \u201cI\u015f\u0131\u011f\u0131 g\u00f6rd\u00fck, devam\u0131n\u0131 da g\u00f6rece\u011fiz in\u015fallah\u201d yan\u0131t\u0131n\u0131 alan Karasu, bu y\u0131l da bir kez daha bakana verdi\u011fi s\u00f6z\u00fc hat\u0131rlatt\u0131. Bakan bu kez gelecek y\u0131l\u0131 i\u015faret ederek \u201c2025 y\u0131l\u0131nda bitirilecek\u201d s\u00f6z\u00fcn\u00fc verdi. Ancak t\u00fcnelin \u00f6n\u00fcm\u00fczdeki y\u0131l a\u00e7\u0131l\u0131p a\u00e7\u0131lmayaca\u011f\u0131 da belli de\u011fil. B\u0130T\u0130R\u0130LEMEYEN T\u00dcNEL T\u00fcnelin ihalesi ger\u00e7ekle\u015fti\u011finde &hellip;"}