{"version":"1.0","provider_name":"Av. Deniz Can K\u0131z\u0131l","provider_url":"https:\/\/denizcankizil.tr\/en","author_name":"Av. Deniz Can K\u0131z\u0131l","author_url":"https:\/\/denizcankizil.tr\/en","title":"3. Nev\u015fehir Tar\u0131m ve G\u0131da Fuar\u0131 Kap\u0131lar\u0131n\u0131 A\u00e7t\u0131","type":"rich","width":600,"height":338,"html":"<blockquote class=\"wp-embedded-content\" data-secret=\"aibhwakfgz\"><a href=\"https:\/\/denizcankizil.tr\/en\/haberler\/gundem\/3-nevsehir-tarim-ve-gida-fuari-kapilarini-acti\/\">3. Nev\u015fehir Tar\u0131m ve G\u0131da Fuar\u0131 Kap\u0131lar\u0131n\u0131 A\u00e7t\u0131<\/a><\/blockquote><iframe sandbox=\"allow-scripts\" security=\"restricted\" src=\"https:\/\/denizcankizil.tr\/en\/haberler\/gundem\/3-nevsehir-tarim-ve-gida-fuari-kapilarini-acti\/embed\/#?secret=aibhwakfgz\" width=\"600\" height=\"338\" title=\"&#8220;3. Nev\u015fehir Tar\u0131m ve G\u0131da Fuar\u0131 Kap\u0131lar\u0131n\u0131 A\u00e7t\u0131&#8221; &#8212; Av. Deniz Can K\u0131z\u0131l\" data-secret=\"aibhwakfgz\" frameborder=\"0\" marginwidth=\"0\" marginheight=\"0\" scrolling=\"no\" class=\"wp-embedded-content\"><\/iframe><script>\n\/*! This file is auto-generated *\/\n!function(d,l){\"use strict\";l.querySelector&&d.addEventListener&&\"undefined\"!=typeof URL&&(d.wp=d.wp||{},d.wp.receiveEmbedMessage||(d.wp.receiveEmbedMessage=function(e){var t=e.data;if((t||t.secret||t.message||t.value)&&!\/[^a-zA-Z0-9]\/.test(t.secret)){for(var s,r,n,a=l.querySelectorAll('iframe[data-secret=\"'+t.secret+'\"]'),o=l.querySelectorAll('blockquote[data-secret=\"'+t.secret+'\"]'),c=new RegExp(\"^https?:$\",\"i\"),i=0;i<o.length;i++)o[i].style.display=\"none\";for(i=0;i<a.length;i++)s=a[i],e.source===s.contentWindow&&(s.removeAttribute(\"style\"),\"height\"===t.message?(1e3<(r=parseInt(t.value,10))?r=1e3:~~r<200&&(r=200),s.height=r):\"link\"===t.message&&(r=new URL(s.getAttribute(\"src\")),n=new URL(t.value),c.test(n.protocol))&&n.host===r.host&&l.activeElement===s&&(d.top.location.href=t.value))}},d.addEventListener(\"message\",d.wp.receiveEmbedMessage,!1),l.addEventListener(\"DOMContentLoaded\",function(){for(var e,t,s=l.querySelectorAll(\"iframe.wp-embedded-content\"),r=0;r<s.length;r++)(t=(e=s[r]).getAttribute(\"data-secret\"))||(t=Math.random().toString(36).substring(2,12),e.src+=\"#?secret=\"+t,e.setAttribute(\"data-secret\",t)),e.contentWindow.postMessage({message:\"ready\",secret:t},\"*\")},!1)))}(window,document);\n\/\/# sourceURL=https:\/\/denizcankizil.tr\/wp-includes\/js\/wp-embed.min.js\n<\/script>","description":"3. Nev\u015fehir Kapadokya Tar\u0131m G\u0131da Fuar\u0131 b\u00fcy\u00fck bir kat\u0131l\u0131mla misafirlerine kap\u0131lar\u0131n\u0131 a\u00e7t\u0131. Nev\u015fehir Ticaret Borsas\u0131 \u00f6nc\u00fcl\u00fc\u011f\u00fcnde, Tar\u0131m ve Orman Bakanl\u0131\u011f\u0131n\u0131n katk\u0131lar\u0131,\u00a0T\u00fcrkiye Odalar ve Borsalar Birli\u011fi (TOBB) denetimi Nev\u015fehir Valili\u011fi ve Nev\u015fehir Belediyesi\u2019nin destekleriyle Z\u00fcmr\u00fct Fuarc\u0131l\u0131k firmas\u0131 taraf\u0131ndan d\u00fczenlenen Fuar, T\u00fcrkiye&#8217;nin farkl\u0131 yerlerinden bir\u00e7ok yerli yabanc\u0131 firma ve ziyaret\u00e7iyi bulu\u015fturuyor. \u200b3. Nev\u015fehir Kapadokya Tar\u0131m G\u0131da Fuar\u0131 b\u00fcy\u00fck bir kat\u0131l\u0131mla misafirlerine kap\u0131lar\u0131n\u0131 a\u00e7t\u0131. Nev\u015fehir Ticaret Borsas\u0131 \u00f6nc\u00fcl\u00fc\u011f\u00fcnde, Tar\u0131m ve Orman Bakanl\u0131\u011f\u0131n\u0131n katk\u0131lar\u0131,\u00a0T\u00fcrkiye Odalar ve Borsalar Birli\u011fi (TOBB) denetimi Nev\u015fehir Valili\u011fi ve Nev\u015fehir Belediyesi\u2019nin destekleriyle Z\u00fcmr\u00fct Fuarc\u0131l\u0131k firmas\u0131 taraf\u0131ndan d\u00fczenlenen Fuar, T\u00fcrkiye&#8217;nin farkl\u0131 yerlerinden bir\u00e7ok yerli yabanc\u0131 firma ve ziyaret\u00e7iyi bulu\u015fturuyor.\u00a0 \u200bHaberin Al\u0131nt\u0131land\u0131\u011f\u0131 Kaynak: www.iskenderun.org"}