{"version":"1.0","provider_name":"Av. Deniz Can K\u0131z\u0131l","provider_url":"https:\/\/denizcankizil.tr\/en","author_name":"Av. Deniz Can K\u0131z\u0131l","author_url":"https:\/\/denizcankizil.tr\/en\/author\/denizcankizil\/","title":"Yurtta kar ya\u011f\u0131\u015f\u0131, Antalya'da g\u00fcne\u015f","type":"rich","width":600,"height":338,"html":"<blockquote class=\"wp-embedded-content\" data-secret=\"kGsy6HXgr6\"><a href=\"https:\/\/denizcankizil.tr\/en\/haberler\/antalya\/yurtta-kar-yagisi-antalyada-gunes\/\">Yurtta kar ya\u011f\u0131\u015f\u0131, Antalya&#8217;da g\u00fcne\u015f<\/a><\/blockquote><iframe sandbox=\"allow-scripts\" security=\"restricted\" src=\"https:\/\/denizcankizil.tr\/en\/haberler\/antalya\/yurtta-kar-yagisi-antalyada-gunes\/embed\/#?secret=kGsy6HXgr6\" width=\"600\" height=\"338\" title=\"&#8220;Yurtta kar ya\u011f\u0131\u015f\u0131, Antalya&#8217;da g\u00fcne\u015f&#8221; &#8212; Av. Deniz Can K\u0131z\u0131l\" data-secret=\"kGsy6HXgr6\" frameborder=\"0\" marginwidth=\"0\" marginheight=\"0\" scrolling=\"no\" class=\"wp-embedded-content\"><\/iframe><script>\n\/*! This file is auto-generated *\/\n!function(d,l){\"use strict\";l.querySelector&&d.addEventListener&&\"undefined\"!=typeof URL&&(d.wp=d.wp||{},d.wp.receiveEmbedMessage||(d.wp.receiveEmbedMessage=function(e){var t=e.data;if((t||t.secret||t.message||t.value)&&!\/[^a-zA-Z0-9]\/.test(t.secret)){for(var s,r,n,a=l.querySelectorAll('iframe[data-secret=\"'+t.secret+'\"]'),o=l.querySelectorAll('blockquote[data-secret=\"'+t.secret+'\"]'),c=new RegExp(\"^https?:$\",\"i\"),i=0;i<o.length;i++)o[i].style.display=\"none\";for(i=0;i<a.length;i++)s=a[i],e.source===s.contentWindow&&(s.removeAttribute(\"style\"),\"height\"===t.message?(1e3<(r=parseInt(t.value,10))?r=1e3:~~r<200&&(r=200),s.height=r):\"link\"===t.message&&(r=new URL(s.getAttribute(\"src\")),n=new URL(t.value),c.test(n.protocol))&&n.host===r.host&&l.activeElement===s&&(d.top.location.href=t.value))}},d.addEventListener(\"message\",d.wp.receiveEmbedMessage,!1),l.addEventListener(\"DOMContentLoaded\",function(){for(var e,t,s=l.querySelectorAll(\"iframe.wp-embedded-content\"),r=0;r<s.length;r++)(t=(e=s[r]).getAttribute(\"data-secret\"))||(t=Math.random().toString(36).substring(2,12),e.src+=\"#?secret=\"+t,e.setAttribute(\"data-secret\",t)),e.contentWindow.postMessage({message:\"ready\",secret:t},\"*\")},!1)))}(window,document);\n\/\/# sourceURL=https:\/\/denizcankizil.tr\/wp-includes\/js\/wp-embed.min.js\n<\/script>","thumbnail_url":"http:\/\/denizcankizil.tr\/wp-content\/uploads\/2025\/02\/5085-01-IYfgmH.jpeg","thumbnail_width":1280,"thumbnail_height":720,"description":"Meteoroloji Genel M\u00fcd\u00fcrl\u00fc\u011f\u00fc, ge\u00e7en g\u00fcnlerde yapt\u0131\u011f\u0131 uyar\u0131 ile \u00fclkenin so\u011fuk ve ya\u011f\u0131\u015fl\u0131 havan\u0131n etkisine girece\u011fini, s\u0131cakl\u0131klar\u0131n 8 ila 12 derece azalaca\u011f\u0131n\u0131, so\u011fuk havan\u0131n 1 hafta etkili olmas\u0131n\u0131n beklendi\u011fini duyurdu. Uyar\u0131n\u0131n ard\u0131ndan \u00fclkenin b\u00fcy\u00fck b\u00f6l\u00fcm\u00fcnde kar ya\u011f\u0131\u015f\u0131 ve so\u011fuk etkili olurken, Antalya&#8217;da d\u00fc\u015fen s\u0131cakl\u0131\u011fa ra\u011fmen g\u00fcne\u015f kendisini g\u00f6sterdi. R\u00fczgar\u0131n etkili oldu\u011fu kentte s\u0131cakl\u0131k, \u00f6\u011fle saatlerinde 11 dereceye kadar y\u00fckseldi. G\u00fcne\u015fli havay\u0131 f\u0131rsat bilenler, solu\u011fu Konyaalt\u0131 Sahili&#8217;nde ald\u0131. Kimileri kumlar\u0131n \u00fczerine oturup denizi izlerken, kimileri sahil band\u0131nda y\u00fcr\u00fcy\u00fc\u015f yapt\u0131. Sahile bebe\u011fiyle gelen bir kad\u0131n kumlar\u0131n \u00fczerinde \u00e7ocu\u011fuyla oynarken, r\u00fczgarl\u0131 havaya ald\u0131r\u0131\u015f etmeyen bir ki\u015fi de denize girerek y\u00fczd\u00fc. Kaynak: www.kanalv.com.tr Haber Sitesinden Al\u0131nm\u0131\u015ft\u0131r."}