{"version":"1.0","provider_name":"Av. Deniz Can K\u0131z\u0131l","provider_url":"https:\/\/denizcankizil.tr\/en","author_name":"Av. Deniz Can K\u0131z\u0131l","author_url":"https:\/\/denizcankizil.tr\/en\/author\/denizcankizil\/","title":"Y\u00f6r\u00fck T\u00fcrkmen Festivali\u2019nde ilk g\u00fcn co\u015fkusu","type":"rich","width":600,"height":338,"html":"<blockquote class=\"wp-embedded-content\" data-secret=\"a5zqcq7wfy\"><a href=\"https:\/\/denizcankizil.tr\/en\/haberler\/antalya\/yoruk-turkmen-festivalinde-ilk-gun-coskusu\/\">Y\u00f6r\u00fck T\u00fcrkmen Festivali\u2019nde ilk g\u00fcn co\u015fkusu<\/a><\/blockquote><iframe sandbox=\"allow-scripts\" security=\"restricted\" src=\"https:\/\/denizcankizil.tr\/en\/haberler\/antalya\/yoruk-turkmen-festivalinde-ilk-gun-coskusu\/embed\/#?secret=a5zqcq7wfy\" width=\"600\" height=\"338\" title=\"&#8220;Y\u00f6r\u00fck T\u00fcrkmen Festivali\u2019nde ilk g\u00fcn co\u015fkusu&#8221; &#8212; Av. Deniz Can K\u0131z\u0131l\" data-secret=\"a5zqcq7wfy\" frameborder=\"0\" marginwidth=\"0\" marginheight=\"0\" scrolling=\"no\" class=\"wp-embedded-content\"><\/iframe><script>\n\/*! This file is auto-generated *\/\n!function(d,l){\"use strict\";l.querySelector&&d.addEventListener&&\"undefined\"!=typeof URL&&(d.wp=d.wp||{},d.wp.receiveEmbedMessage||(d.wp.receiveEmbedMessage=function(e){var t=e.data;if((t||t.secret||t.message||t.value)&&!\/[^a-zA-Z0-9]\/.test(t.secret)){for(var s,r,n,a=l.querySelectorAll('iframe[data-secret=\"'+t.secret+'\"]'),o=l.querySelectorAll('blockquote[data-secret=\"'+t.secret+'\"]'),c=new RegExp(\"^https?:$\",\"i\"),i=0;i<o.length;i++)o[i].style.display=\"none\";for(i=0;i<a.length;i++)s=a[i],e.source===s.contentWindow&&(s.removeAttribute(\"style\"),\"height\"===t.message?(1e3<(r=parseInt(t.value,10))?r=1e3:~~r<200&&(r=200),s.height=r):\"link\"===t.message&&(r=new URL(s.getAttribute(\"src\")),n=new URL(t.value),c.test(n.protocol))&&n.host===r.host&&l.activeElement===s&&(d.top.location.href=t.value))}},d.addEventListener(\"message\",d.wp.receiveEmbedMessage,!1),l.addEventListener(\"DOMContentLoaded\",function(){for(var e,t,s=l.querySelectorAll(\"iframe.wp-embedded-content\"),r=0;r<s.length;r++)(t=(e=s[r]).getAttribute(\"data-secret\"))||(t=Math.random().toString(36).substring(2,12),e.src+=\"#?secret=\"+t,e.setAttribute(\"data-secret\",t)),e.contentWindow.postMessage({message:\"ready\",secret:t},\"*\")},!1)))}(window,document);\n\/\/# sourceURL=https:\/\/denizcankizil.tr\/wp-includes\/js\/wp-embed.min.js\n<\/script>","thumbnail_url":"https:\/\/denizcankizil.tr\/wp-content\/uploads\/2025\/05\/6634-01-RiwiAS.jpg","thumbnail_width":1280,"thumbnail_height":720,"description":"Cumhuriyet Meydan\u0131-Karaalio\u011flu Park\u0131 aras\u0131nda yap\u0131lan temsili Y\u00f6r\u00fck g\u00f6\u00e7\u00fcyle ba\u015flayan Antalya B\u00fcy\u00fck\u015fehir Belediyesi 4. Uluslararas\u0131 Antalya Y\u00f6r\u00fck T\u00fcrkmen Festivali co\u015fkulu etkinliklerle ba\u015flad\u0131. \u0130lk g\u00fcn co\u015fkusu D\u00f6\u015femealt\u0131 D\u00fczler\u00e7am\u0131 Karaman Piknik Alan\u0131&#8217;ndaki birbirinden renkli g\u00f6sterilerle devam etti. Y\u00f6r\u00fck k\u00fclt\u00fcr\u00fc ya\u015fat\u0131l\u0131yor Y\u00f6r\u00fck k\u00fclt\u00fcr\u00fcn\u00fcn t\u00fcm y\u00f6nleriyle tan\u0131t\u0131ld\u0131\u011f\u0131 festivalde kurulan \u00e7ad\u0131rlarda Y\u00f6r\u00fck dernekleri y\u00f6resel k\u0131yafetler, hal\u0131 ve kilim dokuma, y\u00fcn e\u011firme gibi geleneksel el sanatlar\u0131n\u0131 tan\u0131tt\u0131. Y\u00f6r\u00fckler geleneksel yemeklerini de ziyaret\u00e7ilere ikram etti. Konuk \u00fclkelerin \u00e7ad\u0131rlar\u0131 ise yo\u011fun ilgi g\u00f6rd\u00fc. Geleneksel k\u0131yafetleri ile \u00fclke \u00e7ad\u0131rlar\u0131nda misafirlerini a\u011f\u0131rlayan konuk \u00fclkeler, kendilerine has yemekleri de ziyaret\u00e7ilere ikram etti. Festival alan\u0131 i\u00e7erisinde yer alan stantlar ve yeme i\u00e7me \u00fcniteleri de hizmet vermeye ba\u015flad\u0131. Renkli sahne g\u00f6sterileri Festivalin ilk g\u00fcn\u00fcnde Y\u00f6r\u00fck T\u00fcrkmen k\u00fclt\u00fcr\u00fcn\u00fcn ayr\u0131lmaz par\u00e7as\u0131 olan m\u00fczik ve danslar da yo\u011fun ilgi g\u00f6rd\u00fc. Alanda kurulan etkinlik sahnesinde misafir \u00fclkeler halk dans g\u00f6sterilerini sahneledi. Ankara Ke\u00e7i\u00f6ren Belediyesi Seymenler Ekibi g\u00f6sterisi, \u00d6zbekistan &#8211; \u00d6z\u2019be\u011fim Derne\u011fi, Kazakistan Halk Oyunlar\u0131 g\u00f6sterisi, K\u0131br\u0131s T\u00fcrk K\u00fclt\u00fcr\u00fc Derne\u011fi Antalya \u015eubesi, Antalya Uygurlar Derne\u011fi Halk g\u00f6sterileri ile b\u00fcy\u00fck be\u011feni toplad\u0131. T\u00fcrkiye d\u0131\u015f\u0131ndan 25 farkl\u0131 T\u00fcrk Devlet ve toplulu\u011fundan gelen heyet ve kat\u0131l\u0131mc\u0131lar, T\u00fcrk d\u00fcnyas\u0131ndan ba\u011f\u0131ms\u0131z 7 T\u00fcrk devleti, \u00f6zerk cumhuriyetler ve T\u00fcrklerin yo\u011fun olarak ya\u015fad\u0131\u011f\u0131 \u00fclkelerden misafirlerin kat\u0131l\u0131m\u0131n oldu\u011fu 4. Uluslararas\u0131 Antalya Y\u00f6r\u00fck T\u00fcrkmen Festivali ilk g\u00fcn\u00fcnden yo\u011fun &hellip;"}