{"version":"1.0","provider_name":"Av. Deniz Can K\u0131z\u0131l","provider_url":"https:\/\/denizcankizil.tr\/en","author_name":"Av. Deniz Can K\u0131z\u0131l","author_url":"https:\/\/denizcankizil.tr\/en\/author\/denizcankizil\/","title":"Yol projesinin iptali i\u00e7in 3 dava","type":"rich","width":600,"height":338,"html":"<blockquote class=\"wp-embedded-content\" data-secret=\"4bc0FaovaS\"><a href=\"https:\/\/denizcankizil.tr\/en\/haberler\/antalya\/yol-projesinin-iptali-icin-3-dava\/\">Yol projesinin iptali i\u00e7in 3 dava<\/a><\/blockquote><iframe sandbox=\"allow-scripts\" security=\"restricted\" src=\"https:\/\/denizcankizil.tr\/en\/haberler\/antalya\/yol-projesinin-iptali-icin-3-dava\/embed\/#?secret=4bc0FaovaS\" width=\"600\" height=\"338\" title=\"&#8220;Yol projesinin iptali i\u00e7in 3 dava&#8221; &#8212; Av. Deniz Can K\u0131z\u0131l\" data-secret=\"4bc0FaovaS\" frameborder=\"0\" marginwidth=\"0\" marginheight=\"0\" scrolling=\"no\" class=\"wp-embedded-content\"><\/iframe><script>\n\/*! This file is auto-generated *\/\n!function(d,l){\"use strict\";l.querySelector&&d.addEventListener&&\"undefined\"!=typeof URL&&(d.wp=d.wp||{},d.wp.receiveEmbedMessage||(d.wp.receiveEmbedMessage=function(e){var t=e.data;if((t||t.secret||t.message||t.value)&&!\/[^a-zA-Z0-9]\/.test(t.secret)){for(var s,r,n,a=l.querySelectorAll('iframe[data-secret=\"'+t.secret+'\"]'),o=l.querySelectorAll('blockquote[data-secret=\"'+t.secret+'\"]'),c=new RegExp(\"^https?:$\",\"i\"),i=0;i<o.length;i++)o[i].style.display=\"none\";for(i=0;i<a.length;i++)s=a[i],e.source===s.contentWindow&&(s.removeAttribute(\"style\"),\"height\"===t.message?(1e3<(r=parseInt(t.value,10))?r=1e3:~~r<200&&(r=200),s.height=r):\"link\"===t.message&&(r=new URL(s.getAttribute(\"src\")),n=new URL(t.value),c.test(n.protocol))&&n.host===r.host&&l.activeElement===s&&(d.top.location.href=t.value))}},d.addEventListener(\"message\",d.wp.receiveEmbedMessage,!1),l.addEventListener(\"DOMContentLoaded\",function(){for(var e,t,s=l.querySelectorAll(\"iframe.wp-embedded-content\"),r=0;r<s.length;r++)(t=(e=s[r]).getAttribute(\"data-secret\"))||(t=Math.random().toString(36).substring(2,12),e.src+=\"#?secret=\"+t,e.setAttribute(\"data-secret\",t)),e.contentWindow.postMessage({message:\"ready\",secret:t},\"*\")},!1)))}(window,document);\n\/\/# sourceURL=https:\/\/denizcankizil.tr\/wp-includes\/js\/wp-embed.min.js\n<\/script>","thumbnail_url":"https:\/\/denizcankizil.tr\/wp-content\/uploads\/2025\/02\/5210-01-P1FPxp.jpeg","thumbnail_width":1280,"thumbnail_height":720,"description":"Antalya&#8217;n\u0131n bat\u0131 il\u00e7elerinde planlanan 74 kilometrelik, 60 metre geni\u015fli\u011finde, gidi\u015f- geli\u015f 4 \u015feritli, 11 k\u00f6pr\u00fc ve viyad\u00fck, 6 t\u00fcnel ile 12 alt ve \u00fcst ge\u00e7itten olu\u015fan Finike- Demre- Ka\u015f- Kalkan B\u00f6l\u00fcnm\u00fc\u015f Yol Projesi&#8217;nin iptali i\u00e7in Ka\u015f \u00c7evre ve K\u00fclt\u00fcr Derne\u011fi, Mimarlar Odas\u0131 Antalya \u015eubesi, Do\u011fa Derne\u011fi, Finike TORA\u00c7DER, Peyzaj Mimarlar\u0131 Odas\u0131 ve 127 vatanda\u015f dava a\u00e7t\u0131. Ayr\u0131ca TEMA Vakf\u0131 ba\u015fka bir iptal davas\u0131 a\u00e7t\u0131. \u00dc\u00e7\u00fcnc\u00fc dava ise Demre ve Finikeli vatanda\u015flar taraf\u0131ndan Tabiat Varl\u0131klar\u0131 Koruma Kurulu&#8217;nun S\u0130T alanlar\u0131 \u00fczerinden yolun ge\u00e7irilmesine verdikleri &#8216;\u00c7ED olumlu&#8217; karar\u0131n\u0131n iptali i\u00e7in a\u00e7\u0131ld\u0131. Ka\u015f \u00c7evre ve K\u00fclt\u00fcr Derne\u011fi, Mimarlar Odas\u0131 Antalya \u015eubesi, Do\u011fa Derne\u011fi, Finike TORA\u00c7DER, Peyzaj Mimarlar\u0131 Odas\u0131 ve 127 vatanda\u015f ad\u0131na a\u00e7\u0131lan davan\u0131n dilek\u00e7esini haz\u0131rlayan Avukat Tuncay Ko\u00e7, proje ve dava s\u00fcrecine ili\u015fkin a\u00e7\u0131klamalarda bulundu. Avukat Ko\u00e7, planlanan otoyolun, mevcut k\u0131y\u0131 yolu ile temel fark\u0131n\u0131n Demre ile Kalkan aras\u0131ndaki yolu 15 dakika k\u0131saltacak olmas\u0131 oldu\u011funu belirterek, \u201cBu da yap\u0131lmak istenen yolun \u00e7ift \u015feritli olmas\u0131ndan dolay\u0131 saatlik h\u0131z\u0131 art\u0131racak olmas\u0131ndan dolay\u0131d\u0131r&#8221; dedi. \u2018TARIM ALANLARI VE ZEYT\u0130NL\u0130KLER ZARAR G\u00d6RECEK\u2019 Alanda yakla\u015f\u0131k 1600 d\u00f6n\u00fcm tar\u0131m ve zeytinlik arazinin kamula\u015ft\u0131r\u0131l\u0131p, yok olaca\u011f\u0131n\u0131 ifade eden Ko\u00e7, &#8220;Arazisi kamula\u015ft\u0131r\u0131lacak k\u00f6yl\u00fclerle ilgili \u00c7ED raporunda tek sat\u0131r &#8216;Kamula\u015ft\u0131rma bedeliyle ekonominin canlanaca\u011f\u0131&#8217; ifadesidir. Otoyolun ge\u00e7ece\u011fi sahada 7 bin hektar orman arazisi Karayollar\u0131&#8217;na &hellip;"}