{"version":"1.0","provider_name":"Av. Deniz Can K\u0131z\u0131l","provider_url":"https:\/\/denizcankizil.tr\/en","author_name":"Av. Deniz Can K\u0131z\u0131l","author_url":"https:\/\/denizcankizil.tr\/en\/author\/denizcankizil\/","title":"'Yeni Alanyal\u0131lar' iftar sofras\u0131nda bulu\u015ftu","type":"rich","width":600,"height":338,"html":"<blockquote class=\"wp-embedded-content\" data-secret=\"qXb7xa7jdq\"><a href=\"https:\/\/denizcankizil.tr\/en\/haberler\/antalya\/yeni-alanyalilar-iftar-sofrasinda-bulustu\/\">&#8216;Yeni Alanyal\u0131lar&#8217; iftar sofras\u0131nda bulu\u015ftu<\/a><\/blockquote><iframe sandbox=\"allow-scripts\" security=\"restricted\" src=\"https:\/\/denizcankizil.tr\/en\/haberler\/antalya\/yeni-alanyalilar-iftar-sofrasinda-bulustu\/embed\/#?secret=qXb7xa7jdq\" width=\"600\" height=\"338\" title=\"&#8220;&#8216;Yeni Alanyal\u0131lar&#8217; iftar sofras\u0131nda bulu\u015ftu&#8221; &#8212; Av. Deniz Can K\u0131z\u0131l\" data-secret=\"qXb7xa7jdq\" frameborder=\"0\" marginwidth=\"0\" marginheight=\"0\" scrolling=\"no\" class=\"wp-embedded-content\"><\/iframe><script>\n\/*! This file is auto-generated *\/\n!function(d,l){\"use strict\";l.querySelector&&d.addEventListener&&\"undefined\"!=typeof URL&&(d.wp=d.wp||{},d.wp.receiveEmbedMessage||(d.wp.receiveEmbedMessage=function(e){var t=e.data;if((t||t.secret||t.message||t.value)&&!\/[^a-zA-Z0-9]\/.test(t.secret)){for(var s,r,n,a=l.querySelectorAll('iframe[data-secret=\"'+t.secret+'\"]'),o=l.querySelectorAll('blockquote[data-secret=\"'+t.secret+'\"]'),c=new RegExp(\"^https?:$\",\"i\"),i=0;i<o.length;i++)o[i].style.display=\"none\";for(i=0;i<a.length;i++)s=a[i],e.source===s.contentWindow&&(s.removeAttribute(\"style\"),\"height\"===t.message?(1e3<(r=parseInt(t.value,10))?r=1e3:~~r<200&&(r=200),s.height=r):\"link\"===t.message&&(r=new URL(s.getAttribute(\"src\")),n=new URL(t.value),c.test(n.protocol))&&n.host===r.host&&l.activeElement===s&&(d.top.location.href=t.value))}},d.addEventListener(\"message\",d.wp.receiveEmbedMessage,!1),l.addEventListener(\"DOMContentLoaded\",function(){for(var e,t,s=l.querySelectorAll(\"iframe.wp-embedded-content\"),r=0;r<s.length;r++)(t=(e=s[r]).getAttribute(\"data-secret\"))||(t=Math.random().toString(36).substring(2,12),e.src+=\"#?secret=\"+t,e.setAttribute(\"data-secret\",t)),e.contentWindow.postMessage({message:\"ready\",secret:t},\"*\")},!1)))}(window,document);\n\/\/# sourceURL=https:\/\/denizcankizil.tr\/wp-includes\/js\/wp-embed.min.js\n<\/script>","thumbnail_url":"https:\/\/denizcankizil.tr\/wp-content\/uploads\/2025\/03\/5634-01-33kKw1.jpeg","thumbnail_width":1280,"thumbnail_height":720,"description":"Alanya Belediyesi taraf\u0131ndan daha kapsaml\u0131 ve yasal prosed\u00fcrler i\u00e7erisinde, K\u00fclt\u00fcr ve Turizm Komisyonu \u00e7at\u0131s\u0131 alt\u0131nda yeniden yap\u0131land\u0131r\u0131lan Yeni Alanyal\u0131lar Platformu \u00fcyeleri iftarda bir araya geldi. Eski Belediye Binas\u0131 yan\u0131ndaki Ramazan Meydan\u0131&#8217;nda d\u00fczenlenen programa, Alanya Belediye Ba\u015fkan\u0131 Osman Tar\u0131k \u00d6z\u00e7elik, \u0130l\u00e7e M\u00fcft\u00fcs\u00fc \u0130hsan \u0130lhan, Belediye Ba\u015fkan Dan\u0131\u015fman\u0131 Abdurrahman A\u00e7\u0131kal\u0131n, Yeni Alanyal\u0131lar Platformu Koordinat\u00f6r\u00fc Yasin K\u0131nay ve 34 \u00fclkeden 450&#8217;yi a\u015fk\u0131n yerle\u015fik yabanc\u0131 kat\u0131ld\u0131. Yerle\u015fik yabanc\u0131lara ramazan k\u00fclt\u00fcr\u00fcn\u00fc tan\u0131tmak, farkl\u0131 milletlerden vatanda\u015flar\u0131n Alanya \u00e7at\u0131s\u0131 alt\u0131nda birlik ve beraberlik i\u00e7erisinde ya\u015famas\u0131na katk\u0131 sunmak amac\u0131n\u0131 ta\u015f\u0131yan iftar program\u0131nda onlarca yeni Alanyal\u0131, kendi k\u00fclt\u00fcrlerini yans\u0131tan k\u0131yafetler ve \u00fclkelerinin bayraklar\u0131yla yer ald\u0131. KINAY: DOSTLU\u011eUMUZU VE HO\u015eG\u00d6R\u00dcY\u00dc PAYLA\u015eIYORUZ Renkli bir ortamda ge\u00e7en iftar program\u0131n\u0131n a\u00e7\u0131l\u0131\u015f konu\u015fmas\u0131n\u0131 ger\u00e7ekle\u015ftiren Yeni Alanyal\u0131lar Platformu Koordinat\u00f6r\u00fc Yasin K\u0131nay, &#8220;Sizlerle bu ak\u015fam, kutlu iftar sofram\u0131z\u0131 payla\u015fmak, bizleri b\u00fcy\u00fck bir aile haline getiriyor ve bu g\u00fczel \u015fehirde s\u00fcrd\u00fcrd\u00fc\u011f\u00fcm\u00fcz ya\u015fam hepimize b\u00fcy\u00fck bir zenginlik kat\u0131yor. Ramazan ay\u0131nda tutulan oru\u00e7, yaln\u0131zca bedenin de\u011fil, kalbin, ruhun ve vicdan\u0131n da ar\u0131nmas\u0131n\u0131 sa\u011flar. Yard\u0131mla\u015fma ve dayan\u0131\u015fma gibi en de\u011ferli insani duygular\u0131 peki\u015ftirir. \u015eu anda sizlerle payla\u015ft\u0131\u011f\u0131m\u0131z iftar sofram\u0131z da bu durumun en g\u00fczel yans\u0131mas\u0131d\u0131r. Bu ak\u015fam ayn\u0131 zamanda sevgimizi, sayg\u0131m\u0131z\u0131, dostlu\u011fumuzu ve ho\u015fg\u00f6r\u00fcy\u00fc payla\u015f\u0131yoruz. \u0130nsanl\u0131k i\u00e7in \u00e7ok k\u0131ymetli olan bu de\u011ferlerle, Belediye Ba\u015fkan\u0131m\u0131z Say\u0131n Osman Tar\u0131k \u00d6z\u00e7elik&#8217;in \u00f6nderli\u011finde yeniden &hellip;"}