{"version":"1.0","provider_name":"Av. Deniz Can K\u0131z\u0131l","provider_url":"https:\/\/denizcankizil.tr\/en","author_name":"Av. Deniz Can K\u0131z\u0131l","author_url":"https:\/\/denizcankizil.tr\/en\/author\/denizcankizil\/","title":"Vali \u015eahin'den 23 Nisan mesaj\u0131","type":"rich","width":600,"height":338,"html":"<blockquote class=\"wp-embedded-content\" data-secret=\"i7gS5iBmoz\"><a href=\"https:\/\/denizcankizil.tr\/en\/haberler\/antalya\/vali-sahinden-23-nisan-mesaji\/\">Vali \u015eahin&#8217;den 23 Nisan mesaj\u0131<\/a><\/blockquote><iframe sandbox=\"allow-scripts\" security=\"restricted\" src=\"https:\/\/denizcankizil.tr\/en\/haberler\/antalya\/vali-sahinden-23-nisan-mesaji\/embed\/#?secret=i7gS5iBmoz\" width=\"600\" height=\"338\" title=\"&#8220;Vali \u015eahin&#8217;den 23 Nisan mesaj\u0131&#8221; &#8212; Av. Deniz Can K\u0131z\u0131l\" data-secret=\"i7gS5iBmoz\" frameborder=\"0\" marginwidth=\"0\" marginheight=\"0\" scrolling=\"no\" class=\"wp-embedded-content\"><\/iframe><script>\n\/*! This file is auto-generated *\/\n!function(d,l){\"use strict\";l.querySelector&&d.addEventListener&&\"undefined\"!=typeof URL&&(d.wp=d.wp||{},d.wp.receiveEmbedMessage||(d.wp.receiveEmbedMessage=function(e){var t=e.data;if((t||t.secret||t.message||t.value)&&!\/[^a-zA-Z0-9]\/.test(t.secret)){for(var s,r,n,a=l.querySelectorAll('iframe[data-secret=\"'+t.secret+'\"]'),o=l.querySelectorAll('blockquote[data-secret=\"'+t.secret+'\"]'),c=new RegExp(\"^https?:$\",\"i\"),i=0;i<o.length;i++)o[i].style.display=\"none\";for(i=0;i<a.length;i++)s=a[i],e.source===s.contentWindow&&(s.removeAttribute(\"style\"),\"height\"===t.message?(1e3<(r=parseInt(t.value,10))?r=1e3:~~r<200&&(r=200),s.height=r):\"link\"===t.message&&(r=new URL(s.getAttribute(\"src\")),n=new URL(t.value),c.test(n.protocol))&&n.host===r.host&&l.activeElement===s&&(d.top.location.href=t.value))}},d.addEventListener(\"message\",d.wp.receiveEmbedMessage,!1),l.addEventListener(\"DOMContentLoaded\",function(){for(var e,t,s=l.querySelectorAll(\"iframe.wp-embedded-content\"),r=0;r<s.length;r++)(t=(e=s[r]).getAttribute(\"data-secret\"))||(t=Math.random().toString(36).substring(2,12),e.src+=\"#?secret=\"+t,e.setAttribute(\"data-secret\",t)),e.contentWindow.postMessage({message:\"ready\",secret:t},\"*\")},!1)))}(window,document);\n\/\/# sourceURL=https:\/\/denizcankizil.tr\/wp-includes\/js\/wp-embed.min.js\n<\/script>","thumbnail_url":"https:\/\/denizcankizil.tr\/wp-content\/uploads\/2025\/04\/5924-01-N6MzLx.jpg","thumbnail_width":1280,"thumbnail_height":720,"description":"Vali \u015eahin&#8217;in mesaj\u0131nda \u015fu ifadeler yer ald\u0131; &#8220;T\u00fcrkiye B\u00fcy\u00fck Millet Meclisi&#8217;mizin 105&#8217;inci kurulu\u015f y\u0131l d\u00f6n\u00fcm\u00fc ve 23 Nisan Ulusal Egemenlik ve \u00c7ocuk Bayram\u0131&#8217;n\u0131 kutlaman\u0131n gurur ve co\u015fkusunu ya\u015f\u0131yoruz. 23 Nisan 1920, \u015fanl\u0131 tarihimizin d\u00f6n\u00fcm noktalar\u0131ndan biridir. Aziz Milletimiz, T\u00fcrkiye B\u00fcy\u00fck Millet Meclisinin a\u00e7\u0131l\u0131\u015f\u0131yla, bir kere daha, &#8220;Ben ezelden beridir h\u00fcr ya\u015fad\u0131m, h\u00fcr ya\u015far\u0131m&#8221; diyerek ba\u011f\u0131ms\u0131zl\u0131k iradesini t\u00fcm d\u00fcnyaya kararl\u0131 ve g\u00fc\u00e7l\u00fc bir \u015fekilde duyurmu\u015ftur. Aziz Milletimizin g\u00f6nl\u00fcnde umut, heyecan ve co\u015fkuya d\u00f6n\u00fc\u015fen bu ses, Anadoluda yank\u0131lanarak T\u00fcrkiye Cumhuriyeti&#8217;nin kurulu\u015funu haz\u0131rlam\u0131\u015ft\u0131r. 105 y\u0131ld\u0131r millet iradesinin tecellisi ve tezah\u00fcr\u00fc olarak yank\u0131lanmaktad\u0131r. 23 Nisan, ayn\u0131 zamanda \u00e7ocuklara adanm\u0131\u015f bir gelece\u011fin de simgesidir. Gazi Mustafa Kemal Atat\u00fcrk&#8217;\u00fcn &#8216;Bir milletin \u00e7ocuklar\u0131, o milletin gelece\u011fidir&#8217; s\u00f6zleriyle emanet etti\u011fi yar\u0131nlar\u0131m\u0131z, \u00e7ocuklar\u0131m\u0131z\u0131n g\u00f6zlerinde ve y\u00fcreklerinde b\u00fcy\u00fcmektedir. \u0130nan\u0131yoruz ki, d\u00fcnyan\u0131n d\u00f6rt bir yan\u0131nda t\u00fcm \u00e7ocuklar\u0131n co\u015fkuyla kat\u0131ld\u0131klar\u0131 23 Nisan, daha adil, daha \u00f6zg\u00fcr ve daha huzurlu bir d\u00fcnyan\u0131n kap\u0131s\u0131n\u0131 er ge\u00e7 aralayacakt\u0131r. Ve inan\u0131yoruz ki, yar\u0131nlar, i\u015fte bu inan\u00e7la b\u00fcy\u00fcyen nesillerin ellerinde \u015fekillenecektir. Bizler de bu inan\u00e7la, b\u00fct\u00fcn d\u00fcnya \u00e7ocuklar\u0131n\u0131n mutlu, adil ve m\u00fcreffeh bir d\u00fcnyada b\u00fcy\u00fcmesi i\u00e7in var g\u00fcc\u00fcm\u00fczle \u00e7al\u0131\u015faca\u011f\u0131z. Bu anlaml\u0131 g\u00fcn vesilesiyle, ba\u015fta Gazi Mustafa Kemal Atat\u00fcrk ve silah arkada\u015flar\u0131 olmak \u00fczere, istikbalimiz u\u011fruna m\u00fccadele veren t\u00fcm kahramanlar\u0131m\u0131z\u0131 rahmet ve \u015f\u00fckranla an\u0131yor; milletimizin ve gelece\u011fimizin g\u00fcvencesi &hellip;"}