{"version":"1.0","provider_name":"Av. Deniz Can K\u0131z\u0131l","provider_url":"https:\/\/denizcankizil.tr\/en","author_name":"Av. Deniz Can K\u0131z\u0131l","author_url":"https:\/\/denizcankizil.tr\/en\/author\/denizcankizil\/","title":"'T\u00fcrk\u00fcler Sevdam\u0131zd\u0131r' konseri","type":"rich","width":600,"height":338,"html":"<blockquote class=\"wp-embedded-content\" data-secret=\"EsYwktTtsT\"><a href=\"https:\/\/denizcankizil.tr\/en\/haberler\/antalya\/turkuler-sevdamizdir-konseri\/\">&#8216;T\u00fcrk\u00fcler Sevdam\u0131zd\u0131r&#8217; konseri<\/a><\/blockquote><iframe sandbox=\"allow-scripts\" security=\"restricted\" src=\"https:\/\/denizcankizil.tr\/en\/haberler\/antalya\/turkuler-sevdamizdir-konseri\/embed\/#?secret=EsYwktTtsT\" width=\"600\" height=\"338\" title=\"&#8220;&#8216;T\u00fcrk\u00fcler Sevdam\u0131zd\u0131r&#8217; konseri&#8221; &#8212; Av. Deniz Can K\u0131z\u0131l\" data-secret=\"EsYwktTtsT\" frameborder=\"0\" marginwidth=\"0\" marginheight=\"0\" scrolling=\"no\" class=\"wp-embedded-content\"><\/iframe><script>\n\/*! This file is auto-generated *\/\n!function(d,l){\"use strict\";l.querySelector&&d.addEventListener&&\"undefined\"!=typeof URL&&(d.wp=d.wp||{},d.wp.receiveEmbedMessage||(d.wp.receiveEmbedMessage=function(e){var t=e.data;if((t||t.secret||t.message||t.value)&&!\/[^a-zA-Z0-9]\/.test(t.secret)){for(var s,r,n,a=l.querySelectorAll('iframe[data-secret=\"'+t.secret+'\"]'),o=l.querySelectorAll('blockquote[data-secret=\"'+t.secret+'\"]'),c=new RegExp(\"^https?:$\",\"i\"),i=0;i<o.length;i++)o[i].style.display=\"none\";for(i=0;i<a.length;i++)s=a[i],e.source===s.contentWindow&&(s.removeAttribute(\"style\"),\"height\"===t.message?(1e3<(r=parseInt(t.value,10))?r=1e3:~~r<200&&(r=200),s.height=r):\"link\"===t.message&&(r=new URL(s.getAttribute(\"src\")),n=new URL(t.value),c.test(n.protocol))&&n.host===r.host&&l.activeElement===s&&(d.top.location.href=t.value))}},d.addEventListener(\"message\",d.wp.receiveEmbedMessage,!1),l.addEventListener(\"DOMContentLoaded\",function(){for(var e,t,s=l.querySelectorAll(\"iframe.wp-embedded-content\"),r=0;r<s.length;r++)(t=(e=s[r]).getAttribute(\"data-secret\"))||(t=Math.random().toString(36).substring(2,12),e.src+=\"#?secret=\"+t,e.setAttribute(\"data-secret\",t)),e.contentWindow.postMessage({message:\"ready\",secret:t},\"*\")},!1)))}(window,document);\n\/\/# sourceURL=https:\/\/denizcankizil.tr\/wp-includes\/js\/wp-embed.min.js\n<\/script>","description":"Kepez Belediyesi Erdem Bayaz\u0131t K\u00fclt\u00fcr Merkezi&#8217;nde ger\u00e7ekle\u015fen &#8216;T\u00fcrk\u00fclerimiz ve K\u00fclt\u00fcr\u00fcm\u00fcz Sevdam\u0131zd\u0131r&#8217; temal\u0131 konserde \u015fef Tu\u011frul Tezer&#8217;in y\u00f6netimindeki saz ve koro \u00fcyeleri sahne ald\u0131. Bahar Can&#8217;\u0131n sunumunu, Yavuz Balc\u0131&#8217;n\u0131n koro y\u00f6neticili\u011fini, L\u00fctfiye O\u011fuz \u00d6rde&#8217;nin koordinat\u00f6rl\u00fc\u011f\u00fcn\u00fc, Serdar K\u00f6seo\u011flu&#8217;nun da afi\u015f tasar\u0131mlar\u0131n\u0131 \u00fcstlendi\u011fi konsere m\u00fczik severlerin ilgisi yo\u011fun oldu. Baz\u0131 siyasi parti temsilcileri ile sivil toplum kurulu\u015flar\u0131 y\u00f6netici ve \u00fcyeleri de konseri izledi. UNUTULMAYAN T\u00dcRK\u00dcLER Konser, koronun seslendirdi\u011fi Erzurum y\u00f6resine ait &#8216;De\u011firmen Ba\u015f\u0131nda&#8217; adl\u0131 t\u00fcrk\u00fc ile ba\u015flad\u0131. Konser s\u00fcresince A\u011fr\u0131, Silifke, K\u0131r\u015fehir, Van, Devrek, Ankara, Yozgat, Samsun, Tokat y\u00f6relerine ait &#8216;Kan \u00c7i\u00e7ekleri&#8217;, &#8216;Ahle Yar Yar&#8217;, &#8216;Yan\u0131yor Y\u00fcre\u011fim&#8217;, &#8216;Bah\u00e7a Duvar\u0131n\u0131 A\u015ft\u0131m&#8217;, &#8216;Kalenin Bedenleri&#8217;, &#8216;Tello Gider&#8217;, &#8216;Huzurum Kalmad\u0131&#8217;, &#8216;Kova Kova \u0130ndirdiler&#8217;, &#8216;Ela G\u00f6zl\u00fcm&#8217;, &#8216;Hat\u0131ran Yeter&#8217;, &#8216;Mihriban&#8217;, &#8216;O Zalim&#8217;, &#8216;Arpa Bu\u011fday Taneler&#8217; gibi bir\u00e7ok t\u00fcrk\u00fc seslendirildi. T\u00fcrk\u00fc severlere ne\u015feli, keyifli dakikalar ya\u015fatan konser, &#8216;Bom Bilibili Bom&#8217; adl\u0131 eserle sonland\u0131. Koro \u015fefi Tu\u011frul Tezer, koro \u00fcyeleri alk\u0131\u015f ya\u011fmuruna tutuldu, \u00e7i\u00e7ekle te\u015fekk\u00fcr edildi. Kaynak: www.kanalv.com.tr Haber Sitesinden Al\u0131nm\u0131\u015ft\u0131r."}