{"version":"1.0","provider_name":"Av. Deniz Can K\u0131z\u0131l","provider_url":"https:\/\/denizcankizil.tr\/en","author_name":"Av. Deniz Can K\u0131z\u0131l","author_url":"https:\/\/denizcankizil.tr\/en\/author\/denizcankizil\/","title":"Trafik kazas\u0131nda metrelerce s\u00fcr\u00fcklendiler","type":"rich","width":600,"height":338,"html":"<blockquote class=\"wp-embedded-content\" data-secret=\"9oB9yDASQb\"><a href=\"https:\/\/denizcankizil.tr\/en\/haberler\/antalya\/trafik-kazasinda-metrelerce-suruklendiler\/\">Trafik kazas\u0131nda metrelerce s\u00fcr\u00fcklendiler<\/a><\/blockquote><iframe sandbox=\"allow-scripts\" security=\"restricted\" src=\"https:\/\/denizcankizil.tr\/en\/haberler\/antalya\/trafik-kazasinda-metrelerce-suruklendiler\/embed\/#?secret=9oB9yDASQb\" width=\"600\" height=\"338\" title=\"&#8220;Trafik kazas\u0131nda metrelerce s\u00fcr\u00fcklendiler&#8221; &#8212; Av. Deniz Can K\u0131z\u0131l\" data-secret=\"9oB9yDASQb\" frameborder=\"0\" marginwidth=\"0\" marginheight=\"0\" scrolling=\"no\" class=\"wp-embedded-content\"><\/iframe><script>\n\/*! This file is auto-generated *\/\n!function(d,l){\"use strict\";l.querySelector&&d.addEventListener&&\"undefined\"!=typeof URL&&(d.wp=d.wp||{},d.wp.receiveEmbedMessage||(d.wp.receiveEmbedMessage=function(e){var t=e.data;if((t||t.secret||t.message||t.value)&&!\/[^a-zA-Z0-9]\/.test(t.secret)){for(var s,r,n,a=l.querySelectorAll('iframe[data-secret=\"'+t.secret+'\"]'),o=l.querySelectorAll('blockquote[data-secret=\"'+t.secret+'\"]'),c=new RegExp(\"^https?:$\",\"i\"),i=0;i<o.length;i++)o[i].style.display=\"none\";for(i=0;i<a.length;i++)s=a[i],e.source===s.contentWindow&&(s.removeAttribute(\"style\"),\"height\"===t.message?(1e3<(r=parseInt(t.value,10))?r=1e3:~~r<200&&(r=200),s.height=r):\"link\"===t.message&&(r=new URL(s.getAttribute(\"src\")),n=new URL(t.value),c.test(n.protocol))&&n.host===r.host&&l.activeElement===s&&(d.top.location.href=t.value))}},d.addEventListener(\"message\",d.wp.receiveEmbedMessage,!1),l.addEventListener(\"DOMContentLoaded\",function(){for(var e,t,s=l.querySelectorAll(\"iframe.wp-embedded-content\"),r=0;r<s.length;r++)(t=(e=s[r]).getAttribute(\"data-secret\"))||(t=Math.random().toString(36).substring(2,12),e.src+=\"#?secret=\"+t,e.setAttribute(\"data-secret\",t)),e.contentWindow.postMessage({message:\"ready\",secret:t},\"*\")},!1)))}(window,document);\n\/\/# sourceURL=https:\/\/denizcankizil.tr\/wp-includes\/js\/wp-embed.min.js\n<\/script>","thumbnail_url":"https:\/\/denizcankizil.tr\/wp-content\/uploads\/2025\/03\/5762-01-eGvSzC.jpeg","thumbnail_width":1280,"thumbnail_height":720,"description":"Kaza, \u0130brahim S\u00f6zen Caddesi&#8217;nde meydana geldi. Edinilen bilgiye g\u00f6re, Fikret E.E.&#8217;nin kulland\u0131\u011f\u0131 07 BLM 141 plakal\u0131 motosikletin, AKM kav\u015fa\u011f\u0131na geldi\u011finde AKM istikametinden gelip 1005 Sokak istikametine gitmekte olan Yener G.&#8217;nin kulland\u0131\u011f\u0131 07 VHJ 19 plakal\u0131 otomobille kav\u015fakta \u00e7arp\u0131\u015ft\u0131. S\u00fcr\u00fcc\u00fc Kazada, \u00e7arpman\u0131n \u015fiddetiyle otomobilin \u00fczerinden yola f\u0131rlayan motosiklet s\u00fcr\u00fcc\u00fcs\u00fc Fikret E.E. ve motosiklette yolcu olarak bulunan Mustafa \u00d6. yaraland\u0131. 112 Sa\u011fl\u0131k ekiplerinin olay yerindeki m\u00fcdahalesinin ard\u0131ndan ambulansla hastaneye kald\u0131r\u0131lan motosiklet s\u00fcr\u00fcc\u00fcs\u00fcn\u00fcn hayati tehlikesinin bulundu\u011fu bildirildi. Kaza an\u0131 kamerada \u00d6te yandan kaza an\u0131ysa g\u00fcvenlik kameras\u0131na anbean yans\u0131d\u0131. Kazada otomobil ile motosikletin \u00e7arp\u0131\u015fmas\u0131 sonucu, motosikletteki s\u00fcr\u00fcc\u00fc ile yolcu konumundaki ki\u015finin yola f\u0131rlay\u0131p metrelerce s\u00fcr\u00fcklendi\u011fi anlar yer ald\u0131. Kaynak: www.kanalv.com.tr Haber Sitesinden Al\u0131nm\u0131\u015ft\u0131r."}