{"version":"1.0","provider_name":"Av. Deniz Can K\u0131z\u0131l","provider_url":"https:\/\/denizcankizil.tr\/en","author_name":"Av. Deniz Can K\u0131z\u0131l","author_url":"https:\/\/denizcankizil.tr\/en\/author\/denizcankizil\/","title":"Tekstil \u00fcr\u00fcnleri tezgah\u0131 k\u00fcle d\u00f6nd\u00fc","type":"rich","width":600,"height":338,"html":"<blockquote class=\"wp-embedded-content\" data-secret=\"tt2IP6k4Nm\"><a href=\"https:\/\/denizcankizil.tr\/en\/haberler\/antalya\/tekstil-urunleri-tezgahi-kule-dondu\/\">Tekstil \u00fcr\u00fcnleri tezgah\u0131 k\u00fcle d\u00f6nd\u00fc<\/a><\/blockquote><iframe sandbox=\"allow-scripts\" security=\"restricted\" src=\"https:\/\/denizcankizil.tr\/en\/haberler\/antalya\/tekstil-urunleri-tezgahi-kule-dondu\/embed\/#?secret=tt2IP6k4Nm\" width=\"600\" height=\"338\" title=\"&#8220;Tekstil \u00fcr\u00fcnleri tezgah\u0131 k\u00fcle d\u00f6nd\u00fc&#8221; &#8212; Av. Deniz Can K\u0131z\u0131l\" data-secret=\"tt2IP6k4Nm\" frameborder=\"0\" marginwidth=\"0\" marginheight=\"0\" scrolling=\"no\" class=\"wp-embedded-content\"><\/iframe><script>\n\/*! This file is auto-generated *\/\n!function(d,l){\"use strict\";l.querySelector&&d.addEventListener&&\"undefined\"!=typeof URL&&(d.wp=d.wp||{},d.wp.receiveEmbedMessage||(d.wp.receiveEmbedMessage=function(e){var t=e.data;if((t||t.secret||t.message||t.value)&&!\/[^a-zA-Z0-9]\/.test(t.secret)){for(var s,r,n,a=l.querySelectorAll('iframe[data-secret=\"'+t.secret+'\"]'),o=l.querySelectorAll('blockquote[data-secret=\"'+t.secret+'\"]'),c=new RegExp(\"^https?:$\",\"i\"),i=0;i<o.length;i++)o[i].style.display=\"none\";for(i=0;i<a.length;i++)s=a[i],e.source===s.contentWindow&&(s.removeAttribute(\"style\"),\"height\"===t.message?(1e3<(r=parseInt(t.value,10))?r=1e3:~~r<200&&(r=200),s.height=r):\"link\"===t.message&&(r=new URL(s.getAttribute(\"src\")),n=new URL(t.value),c.test(n.protocol))&&n.host===r.host&&l.activeElement===s&&(d.top.location.href=t.value))}},d.addEventListener(\"message\",d.wp.receiveEmbedMessage,!1),l.addEventListener(\"DOMContentLoaded\",function(){for(var e,t,s=l.querySelectorAll(\"iframe.wp-embedded-content\"),r=0;r<s.length;r++)(t=(e=s[r]).getAttribute(\"data-secret\"))||(t=Math.random().toString(36).substring(2,12),e.src+=\"#?secret=\"+t,e.setAttribute(\"data-secret\",t)),e.contentWindow.postMessage({message:\"ready\",secret:t},\"*\")},!1)))}(window,document);\n\/\/# sourceURL=https:\/\/denizcankizil.tr\/wp-includes\/js\/wp-embed.min.js\n<\/script>","description":"Olay, Kepez il\u00e7esi Esentepe Mahallesi&#8217;nde sabah saatlerinde meydana geldi. Mehmet S\u00f6nmez&#8217;in (46) evinin \u00f6n\u00fcne park etti\u011fi el arabas\u0131ndaki tekstil \u00fcr\u00fcnleri hen\u00fcz belirlenemeyen bir nedenle yanmaya ba\u015flad\u0131. Yang\u0131n\u0131 fark eden apartman sakinleri, saat 07.15 s\u0131ralar\u0131nda kendi imk\u00e2nlar\u0131yla alevlere m\u00fcdahale etti. Ancak giysilerden ve karton kutulardan olu\u015fan malzemenin b\u00fcy\u00fck b\u00f6l\u00fcm\u00fc k\u0131sa s\u00fcrede k\u00fcle d\u00f6nd\u00fc. Yang\u0131n\u0131n ard\u0131ndan apartman duvarlar\u0131nda yo\u011fun is tabakas\u0131 olu\u015furken, \u00fcr\u00fcnlerin yer ald\u0131\u011f\u0131 el arabas\u0131 neredeyse tamamen yand\u0131. Apartman sakinlerinin ihbar\u0131 \u00fczerine olay yerine itfaiye ve polis ekipleri sevk edildi. &#8220;\u0130lk izlenim izmaritti ama sabotaj da olabilir&#8221; Yang\u0131na ilk m\u00fcdahaleyi yapan apartman sakinlerinden Cahit \u00d6zvar\u0131\u015f olay an\u0131n\u0131 \u015f\u00f6yle anlatt\u0131: &#8220;Sabah 07.15&#8217;te bir anda ate\u015f \u00e7\u0131kt\u0131. F\u0131rlay\u0131p a\u015fa\u011f\u0131 indik, elimizden geldi\u011fince s\u00f6nd\u00fcrmeye \u00e7al\u0131\u015ft\u0131k ama yeti\u015femedik. Her \u015fey k\u00fcl oldu. \u00d6nce yere at\u0131lan bir sigara izmariti sand\u0131k ama sonras\u0131nda birilerinin kasten yapm\u0131\u015f olabilece\u011fi ihtimali konu\u015fuldu. Biz de art\u0131k \u015f\u00fcphelenmeye ba\u015flad\u0131k.&#8221; Yang\u0131n haberini i\u015f \u00e7\u0131k\u0131\u015f\u0131nda \u00e7ocuklar\u0131ndan ald\u0131\u011f\u0131n\u0131 anlatan Mehmet S\u00f6nmez, ailesine katk\u0131 sa\u011flamak i\u00e7in y\u0131llard\u0131r ek i\u015f yapt\u0131\u011f\u0131n\u0131 belirterek, &#8220;\u00dcr\u00fcnler yand\u0131 ya da yakt\u0131lar&#8221; dedi. Yang\u0131n\u0131n \u00e7\u0131k\u0131\u015f nedeniyle ilgili inceleme ba\u015flat\u0131ld\u0131. Kaynak: www.kanalv.com.tr Haber Sitesinden Al\u0131nm\u0131\u015ft\u0131r."}