{"version":"1.0","provider_name":"Av. Deniz Can K\u0131z\u0131l","provider_url":"https:\/\/denizcankizil.tr\/en","author_name":"Av. Deniz Can K\u0131z\u0131l","author_url":"https:\/\/denizcankizil.tr\/en\/author\/denizcankizil\/","title":"Taklalar atan s\u00fcr\u00fcc\u00fc s\u0131yr\u0131k bile almadan kurtuldu","type":"rich","width":600,"height":338,"html":"<blockquote class=\"wp-embedded-content\" data-secret=\"bUaOHeB9Zq\"><a href=\"https:\/\/denizcankizil.tr\/en\/haberler\/antalya\/taklalar-atan-surucu-siyrik-bile-almadan-kurtuldu\/\">Taklalar atan s\u00fcr\u00fcc\u00fc s\u0131yr\u0131k bile almadan kurtuldu<\/a><\/blockquote><iframe sandbox=\"allow-scripts\" security=\"restricted\" src=\"https:\/\/denizcankizil.tr\/en\/haberler\/antalya\/taklalar-atan-surucu-siyrik-bile-almadan-kurtuldu\/embed\/#?secret=bUaOHeB9Zq\" width=\"600\" height=\"338\" title=\"&#8220;Taklalar atan s\u00fcr\u00fcc\u00fc s\u0131yr\u0131k bile almadan kurtuldu&#8221; &#8212; Av. Deniz Can K\u0131z\u0131l\" data-secret=\"bUaOHeB9Zq\" frameborder=\"0\" marginwidth=\"0\" marginheight=\"0\" scrolling=\"no\" class=\"wp-embedded-content\"><\/iframe><script>\n\/*! This file is auto-generated *\/\n!function(d,l){\"use strict\";l.querySelector&&d.addEventListener&&\"undefined\"!=typeof URL&&(d.wp=d.wp||{},d.wp.receiveEmbedMessage||(d.wp.receiveEmbedMessage=function(e){var t=e.data;if((t||t.secret||t.message||t.value)&&!\/[^a-zA-Z0-9]\/.test(t.secret)){for(var s,r,n,a=l.querySelectorAll('iframe[data-secret=\"'+t.secret+'\"]'),o=l.querySelectorAll('blockquote[data-secret=\"'+t.secret+'\"]'),c=new RegExp(\"^https?:$\",\"i\"),i=0;i<o.length;i++)o[i].style.display=\"none\";for(i=0;i<a.length;i++)s=a[i],e.source===s.contentWindow&&(s.removeAttribute(\"style\"),\"height\"===t.message?(1e3<(r=parseInt(t.value,10))?r=1e3:~~r<200&&(r=200),s.height=r):\"link\"===t.message&&(r=new URL(s.getAttribute(\"src\")),n=new URL(t.value),c.test(n.protocol))&&n.host===r.host&&l.activeElement===s&&(d.top.location.href=t.value))}},d.addEventListener(\"message\",d.wp.receiveEmbedMessage,!1),l.addEventListener(\"DOMContentLoaded\",function(){for(var e,t,s=l.querySelectorAll(\"iframe.wp-embedded-content\"),r=0;r<s.length;r++)(t=(e=s[r]).getAttribute(\"data-secret\"))||(t=Math.random().toString(36).substring(2,12),e.src+=\"#?secret=\"+t,e.setAttribute(\"data-secret\",t)),e.contentWindow.postMessage({message:\"ready\",secret:t},\"*\")},!1)))}(window,document);\n\/\/# sourceURL=https:\/\/denizcankizil.tr\/wp-includes\/js\/wp-embed.min.js\n<\/script>","description":"Kaza, saat 22.30 s\u0131ralar\u0131nda Zerdalilik Mahallesi Burhanettin Onat Caddesi&#8217;nden Mevl\u00e2n\u00e2 Caddesi istikametine seyir halinde olan Ey\u00fcp S. idaresindeki 07 BPV 865 plakal\u0131 ticari arac\u0131n direksiyon h\u00e2kimiyetini kaybetmesiyle meydana geldi. Kontrolden \u00e7\u0131kan ara\u00e7 \u00f6nce ref\u00fcje, ard\u0131ndan ref\u00fcjdeki demir \u00e7itlere \u00e7arpt\u0131. \u00c7itleri k\u0131rarak taklalar atan ara\u00e7, ilk olarak ayn\u0131 istikamette seyreden \u00c7a\u011fla E.&#8217;nin kulland\u0131\u011f\u0131 07 GYF 57 plakal\u0131 Hyundai marka otomobile \u00e7arpt\u0131. \u00c7arpman\u0131n etkisiyle savrulan ara\u00e7, bu kez tali yoldan \u00e7\u0131kan yabanc\u0131 uykulu Ramazan D. idaresindeki 07 MC 8061 plakal\u0131 Hyundai marka minib\u00fcse \u00e7arpt\u0131. \u0130hbar \u00fczerine olay yerine 112 Acil \u00c7a\u011fr\u0131 Merkezi ekipleri sevk edildi. \u0130tfaiye ve ambulans ekiplerinin yapt\u0131\u011f\u0131 kontrolde \u015fans eseri kimsenin yaralanmad\u0131\u011f\u0131 \u00f6\u011frenildi. Ara\u00e7larda maddi hasar meydana gelirken, yola savrulan \u00e7itler nedeniyle trafik zaman zaman durma noktas\u0131na geldi. Kazayla ilgili inceleme ba\u015flat\u0131ld\u0131. Kaynak: www.kanalv.com.tr Haber Sitesinden Al\u0131nm\u0131\u015ft\u0131r."}