{"version":"1.0","provider_name":"Av. Deniz Can K\u0131z\u0131l","provider_url":"https:\/\/denizcankizil.tr\/en","author_name":"Av. Deniz Can K\u0131z\u0131l","author_url":"https:\/\/denizcankizil.tr\/en\/author\/denizcankizil\/","title":"S\u00fcr\u00fcc\u00fc alkoll\u00fc \u00e7\u0131kt\u0131, polise mukavemetten tutukland\u0131","type":"rich","width":600,"height":338,"html":"<blockquote class=\"wp-embedded-content\" data-secret=\"InMrUmlxVg\"><a href=\"https:\/\/denizcankizil.tr\/en\/haberler\/antalya\/surucu-alkollu-cikti-polise-mukavemetten-tutuklandi\/\">S\u00fcr\u00fcc\u00fc alkoll\u00fc \u00e7\u0131kt\u0131, polise mukavemetten tutukland\u0131<\/a><\/blockquote><iframe sandbox=\"allow-scripts\" security=\"restricted\" src=\"https:\/\/denizcankizil.tr\/en\/haberler\/antalya\/surucu-alkollu-cikti-polise-mukavemetten-tutuklandi\/embed\/#?secret=InMrUmlxVg\" width=\"600\" height=\"338\" title=\"&#8220;S\u00fcr\u00fcc\u00fc alkoll\u00fc \u00e7\u0131kt\u0131, polise mukavemetten tutukland\u0131&#8221; &#8212; Av. Deniz Can K\u0131z\u0131l\" data-secret=\"InMrUmlxVg\" frameborder=\"0\" marginwidth=\"0\" marginheight=\"0\" scrolling=\"no\" class=\"wp-embedded-content\"><\/iframe><script>\n\/*! This file is auto-generated *\/\n!function(d,l){\"use strict\";l.querySelector&&d.addEventListener&&\"undefined\"!=typeof URL&&(d.wp=d.wp||{},d.wp.receiveEmbedMessage||(d.wp.receiveEmbedMessage=function(e){var t=e.data;if((t||t.secret||t.message||t.value)&&!\/[^a-zA-Z0-9]\/.test(t.secret)){for(var s,r,n,a=l.querySelectorAll('iframe[data-secret=\"'+t.secret+'\"]'),o=l.querySelectorAll('blockquote[data-secret=\"'+t.secret+'\"]'),c=new RegExp(\"^https?:$\",\"i\"),i=0;i<o.length;i++)o[i].style.display=\"none\";for(i=0;i<a.length;i++)s=a[i],e.source===s.contentWindow&&(s.removeAttribute(\"style\"),\"height\"===t.message?(1e3<(r=parseInt(t.value,10))?r=1e3:~~r<200&&(r=200),s.height=r):\"link\"===t.message&&(r=new URL(s.getAttribute(\"src\")),n=new URL(t.value),c.test(n.protocol))&&n.host===r.host&&l.activeElement===s&&(d.top.location.href=t.value))}},d.addEventListener(\"message\",d.wp.receiveEmbedMessage,!1),l.addEventListener(\"DOMContentLoaded\",function(){for(var e,t,s=l.querySelectorAll(\"iframe.wp-embedded-content\"),r=0;r<s.length;r++)(t=(e=s[r]).getAttribute(\"data-secret\"))||(t=Math.random().toString(36).substring(2,12),e.src+=\"#?secret=\"+t,e.setAttribute(\"data-secret\",t)),e.contentWindow.postMessage({message:\"ready\",secret:t},\"*\")},!1)))}(window,document);\n\/\/# sourceURL=https:\/\/denizcankizil.tr\/wp-includes\/js\/wp-embed.min.js\n<\/script>","thumbnail_url":"https:\/\/denizcankizil.tr\/wp-content\/uploads\/2025\/05\/6448-01-BnGHAq.jpg","thumbnail_width":1280,"thumbnail_height":720,"description":"Alanya-Manavgat D-400 Karayolu Aksaz \u0131\u015f\u0131kl\u0131 kav\u015fa\u011f\u0131nda k\u0131rm\u0131z\u0131 \u0131\u015f\u0131kta bekleyen otomobile arkadan \u00e7arparak hurdaya \u00e7eviren kamyonun s\u00fcr\u00fcc\u00fcs\u00fc G\u00f6khan \u00d6., hastaneye g\u00f6t\u00fcr\u00fclmek \u00fczere bindirildi\u011fi ambulansta sa\u011fl\u0131k\u00e7\u0131lara \u2018kimseye bir \u015fey oldu mu, ben 12 ya\u015f\u0131nda bir k\u0131z babas\u0131y\u0131m, l\u00fctfen bana do\u011fruyu s\u00f6yleyin&#8217; diyerek ellerini ba\u015f\u0131n\u0131n aras\u0131na alarak a\u011flam\u0131\u015ft\u0131. 3 ki\u015finin yaraland\u0131\u011f\u0131 kazada olay yerinde yap\u0131lan m\u00fcdahalenin ard\u0131ndan Manavgat&#8217;ta bulunan bir \u00f6zel hastaneye g\u00f6t\u00fcr\u00fclen ve yap\u0131lan alkol kontrol\u00fcnde 2,88 promil alkoll\u00fc oldu\u011fu belirlenen kamyon s\u00fcr\u00fcc\u00fcs\u00fc G\u00f6khan \u00d6., g\u00f6revli trafik polisine mukavemette bulunmaktan g\u00f6zalt\u0131na al\u0131nd\u0131. G\u00f6khan \u00d6, emniyetteki i\u015flemlerinin ard\u0131ndan \u00e7\u0131kar\u0131ld\u0131\u011f\u0131 mahkeme taraf\u0131ndan \u2018G\u00f6revli memura mukavemette bulunmak&#8217; su\u00e7undan tutuklanarak Il\u0131ca Mahallesinde bulunan Manavgat S Tipi Kapal\u0131 ve A\u00e7\u0131k Ceza \u0130nfaz Kurumuna teslim edildi. Ayr\u0131ca; B\u00f6lge Trafik \u0130stasyon Amirli\u011fi ekiplerince kamyon s\u00fcr\u00fcc\u00fcs\u00fcne alkoll\u00fc ara\u00e7 kullanmak, yetki belgesi, SRC ve kamyonun takograf\u0131n\u0131n olmamas\u0131ndan yakla\u015f\u0131k 46 bin TL para cezas\u0131 uyguland\u0131. \u00c7ok say\u0131da su\u00e7 kayd\u0131n\u0131n bulundu\u011fu belirlenen G\u00f6khan \u00d6&#8217;n\u00fcn k\u0131sa s\u00fcre \u00f6nce babas\u0131na ait bir ba\u015fka kamyonla kaza yapt\u0131\u011f\u0131, babas\u0131n\u0131n iddias\u0131na g\u00f6re Manavgat&#8217;ta kaza yapt\u0131\u011f\u0131 kamyonu babas\u0131n\u0131n haberi olmaks\u0131z\u0131n ald\u0131\u011f\u0131 bildirildi. Kazan\u0131n ard\u0131ndan otomobile arkadan \u00e7arpan kamyon, trafik ekiplerince trafikten men edilerek yediemin otopark\u0131na\u00a0\u00e7ekildi. Kaynak: www.kanalv.com.tr Haber Sitesinden Al\u0131nm\u0131\u015ft\u0131r."}